{"id":6613,"date":"2023-01-16T09:58:07","date_gmt":"2023-01-16T14:58:07","guid":{"rendered":"https:\/\/www.fsa.ulaval.ca\/?page_id=6613"},"modified":"2025-04-15T11:15:09","modified_gmt":"2025-04-15T15:15:09","slug":"faq","status":"publish","type":"page","link":"https:\/\/www.fsa.ulaval.ca\/en\/faq\/","title":{"rendered":"Frequently Asked Questions (FAQ)"},"content":{"rendered":"\n<div class=\"wp-block-baseul-block-select-nav\"><nav role=\"tablist\" class=\"baseul-dropdown-nav\"><label for=\"choix-choices\" class=\"baseul-dropdown-label\"><\/label><select class=\"baseul-dropdown baseul-dropdown-yellow\" id=\"choix-choices\" aria-controls=\"choices\"><option id=\"choices_1_label\" value=\"choices_1\" selected>&#8212; Select an option &#8212;<\/option><option id=\"choices_2_label\" value=\"choices_2\">MBA \u2013 Global Business<\/option><option id=\"choices_3_label\" value=\"choices_3\">Other programs<\/option><\/select><\/nav><div id=\"choices\">\n<div id=\"choices_1\" aria-labelledby=\"choices_1_label\" class=\"baseul-dropdown-nav-item\">\n<p><\/p>\n<\/div>\n\n\n\n<div id=\"choices_2\" aria-labelledby=\"choices_2_label\" hidden class=\"baseul-dropdown-nav-item\">\n<p>The MBA Global Business, which can be completed entirely in English, aims to train high-level managers by providing them with both general training in business administration and more specialized training in international business management.<\/p>\n\n\n\n<h4 class=\"wp-block-heading\" id=\"mba-global-business\">Admission<\/h4>\n\n\n\n<div class=\"wp-block-baseul-block-accordeon baseul-accordeon-yellow\"><h2 class=\"toggler-title-wrap\"><button aria-expanded=\"false\" class=\"toggler-button\" aria-controls=\"What-aretheadmissionrequirementsfortheMBA-GlobalBusiness\" id=\"What-aretheadmissionrequirementsfortheMBA-GlobalBusiness_label\"><span class=\"toggler-title\">What are the admission requirements for the MBA &#8211; Global Business?<\/span><\/button><\/h2><div id=\"What-aretheadmissionrequirementsfortheMBA-GlobalBusiness\" role=\"region\" aria-labelledby=\"What-aretheadmissionrequirementsfortheMBA-GlobalBusiness_label\" class=\"toggler-panel\" hidden>\n<p>Click on the <strong>Admission Requirements<\/strong> tab for all the details.<\/p>\n\n\n<ul class=\"fsa-remontee-programmes fsa-programmes-yellow\"><li class=\"fsa-remontee-programmes-item\">\r\n            <a href=\"https:\/\/www.fsa.ulaval.ca\/en\/program\/M-ADM_GLB\/\">\r\n            <div class=\"fsa-remontee-programmes-item-desc\">\r\n                <p class=\"fsa-remontee-programmes-cycle\">2nd Cycle<\/p>\r\n                <h3>Ma\u00eetrise en administration des affaires &#8211; Global Business<\/h3>\r\n                <div class=\"fsa-remontee-programmes-features\">\r\n                    <div class=\"fsa-remontee-programmes-temps\">\r\n                            <p><i class=\"fsa-i-fulltime\"><\/i> Full-time<\/p><p><i class=\"fsa-i-parttime\"><\/i> Part-time<\/p>\r\n                        <\/div><\/div>\r\n            <\/div>\t\r\n            <p class=\"fsa-remontee-programmes-admission\">Admission: Fall &#8211; Winter<\/p>\r\n            <p class=\"fsa-remontee-programmes-credits\">45 credits<\/p>\r\n            <\/a>\r\n        <\/li><\/ul><\/div><\/div>\n\n\n\n<div class=\"wp-block-baseul-block-accordeon baseul-accordeon-yellow\"><h2 class=\"toggler-title-wrap\"><button aria-expanded=\"false\" class=\"toggler-button\" aria-controls=\"When-doIhavetosubmitmyadmissionapplication\" id=\"When-doIhavetosubmitmyadmissionapplication_label\"><span class=\"toggler-title\">When do I have to submit my admission application?<\/span><\/button><\/h2><div id=\"When-doIhavetosubmitmyadmissionapplication\" role=\"region\" aria-labelledby=\"When-doIhavetosubmitmyadmissionapplication_label\" class=\"toggler-panel\" hidden>\n<p>The deadline to submit an admission application varies according to university semester (fall and winter) and your place of residence (Qu\u00e9bec, elsewhere in Canada or another country).<\/p>\n\n\n\n<div class=\"wp-block-buttons is-layout-flex wp-block-buttons-is-layout-flex\">\n<div class=\"wp-block-button\"><a class=\"wp-block-button__link has-yellow-background-color has-background wp-element-button\" href=\"https:\/\/www.fsa.ulaval.ca\/en\/academics\/admission-application\/\">Deadlines to submit your admission application<\/a><\/div>\n<\/div>\n<\/div><\/div>\n\n\n\n<div class=\"wp-block-baseul-block-accordeon baseul-accordeon-yellow\"><h2 class=\"toggler-title-wrap\"><button aria-expanded=\"false\" class=\"toggler-button\" aria-controls=\"What-doIhavetoincludeinmyadmissionapplication\" id=\"What-doIhavetoincludeinmyadmissionapplication_label\"><span class=\"toggler-title\">What do I have to include in my admission application?<\/span><\/button><\/h2><div id=\"What-doIhavetoincludeinmyadmissionapplication\" role=\"region\" aria-labelledby=\"What-doIhavetoincludeinmyadmissionapplication_label\" class=\"toggler-panel\" hidden>\n<p>The Universit\u00e9 Laval website lists all of the documents to submit based on your situation.<\/p>\n\n\n\n<div class=\"wp-block-group is-style-group-notif-red is-layout-constrained wp-block-group-is-layout-constrained\">\n<p>Contrary to what is indicated on the Universit\u00e9 Laval website,<strong> you do not have to provide a draft research<\/strong> project or the 3 copies of the Report on the Applicant.<\/p>\n<\/div>\n\n\n\n<p><a href=\"https:\/\/www.ulaval.ca\/en\/admission\/prepare-your-application\/applicants-for-undergraduate-programs\">Documents to submit with an admission application<\/a><\/p>\n\n\n\n<p>Read our checklists for tips on drafting your r\u00e9sum\u00e9 and cover letter.<\/p>\n<\/div><\/div>\n\n\n\n<div class=\"wp-block-baseul-block-accordeon baseul-accordeon-yellow\"><h2 class=\"toggler-title-wrap\"><button aria-expanded=\"false\" class=\"toggler-button\" aria-controls=\"Can-Isubmitmorethanoneadmissionapplication\" id=\"Can-Isubmitmorethanoneadmissionapplication_label\"><span class=\"toggler-title\">Can I submit more than one admission application?<\/span><\/button><\/h2><div id=\"Can-Isubmitmorethanoneadmissionapplication\" role=\"region\" aria-labelledby=\"Can-Isubmitmorethanoneadmissionapplication_label\" class=\"toggler-panel\" hidden>\n<p>Yes, you may submit more than one admission application. If your applications are for the same academic level and semester, you will not be charged any additional fees.<\/p>\n<\/div><\/div>\n\n\n\n<div class=\"wp-block-baseul-block-accordeon baseul-accordeon-yellow\"><h2 class=\"toggler-title-wrap\"><button aria-expanded=\"false\" class=\"toggler-button\" aria-controls=\"When-canIexpecttogetareplyconcerningmyadmissionapplication\" id=\"When-canIexpecttogetareplyconcerningmyadmissionapplication_label\"><span class=\"toggler-title\">When can I expect to get a reply concerning my admission application?<\/span><\/button><\/h2><div id=\"When-canIexpecttogetareplyconcerningmyadmissionapplication\" role=\"region\" aria-labelledby=\"When-canIexpecttogetareplyconcerningmyadmissionapplication_label\" class=\"toggler-panel\" hidden>\n<p>You should receive a reply within 4 to 8 weeks after receipt of the documents required to process your admission application.<\/p>\n\n\n\n<h4 class=\"wp-block-heading\" id=\"h-if-you-receive-a-positive-reply-click-accept\">If you receive a positive reply, click \u201cACCEPT\u201d!<\/h4>\n\n\n\n<p>Whether the offer of admission is conditional or definitive, it is important to accept it for you to be officially enrolled in your new program of study.<\/p>\n<\/div><\/div>\n\n\n\n<h4 class=\"wp-block-heading\" id=\"h-english-and-french-proficiency\">English and French Proficiency<\/h4>\n\n\n\n<div class=\"wp-block-baseul-block-accordeon baseul-accordeon-yellow\"><h2 class=\"toggler-title-wrap\"><button aria-expanded=\"false\" class=\"toggler-button\" aria-controls=\"Do-IhavetobefluentinEnglish\" id=\"Do-IhavetobefluentinEnglish_label\"><span class=\"toggler-title\">Do I have to be fluent in English?<\/span><\/button><\/h2><div id=\"Do-IhavetobefluentinEnglish\" role=\"region\" aria-labelledby=\"Do-IhavetobefluentinEnglish_label\" class=\"toggler-panel\" hidden>\n<p>If you are not a native English speaker, you must provide proof of English proficiency along with your admission application. Refer to the section titled <strong>\u201cLanguage Requirements\u201d <\/strong>under the <strong>\u201cAdmission Requirements\u201d<\/strong> tab.<\/p>\n\n\n<ul class=\"fsa-remontee-programmes fsa-programmes-yellow\"><li class=\"fsa-remontee-programmes-item\">\r\n            <a href=\"https:\/\/www.fsa.ulaval.ca\/en\/program\/M-ADM_GLB\/\">\r\n            <div class=\"fsa-remontee-programmes-item-desc\">\r\n                <p class=\"fsa-remontee-programmes-cycle\">2nd Cycle<\/p>\r\n                <h3>Ma\u00eetrise en administration des affaires &#8211; Global Business<\/h3>\r\n                <div class=\"fsa-remontee-programmes-features\">\r\n                    <div class=\"fsa-remontee-programmes-temps\">\r\n                            <p><i class=\"fsa-i-fulltime\"><\/i> Full-time<\/p><p><i class=\"fsa-i-parttime\"><\/i> Part-time<\/p>\r\n                        <\/div><\/div>\r\n            <\/div>\t\r\n            <p class=\"fsa-remontee-programmes-admission\">Admission: Fall &#8211; Winter<\/p>\r\n            <p class=\"fsa-remontee-programmes-credits\">45 credits<\/p>\r\n            <\/a>\r\n        <\/li><\/ul><\/div><\/div>\n\n\n\n<div class=\"wp-block-baseul-block-accordeon baseul-accordeon-yellow\"><h2 class=\"toggler-title-wrap\"><button aria-expanded=\"false\" class=\"toggler-button\" aria-controls=\"Do-IhavetoknowFrench\" id=\"Do-IhavetoknowFrench_label\"><span class=\"toggler-title\">Do I have to know French?<\/span><\/button><\/h2><div id=\"Do-IhavetoknowFrench\" role=\"region\" aria-labelledby=\"Do-IhavetoknowFrench_label\" class=\"toggler-panel\" hidden>\n<p>The MBA \u2013 Global Business is accessible to all non-Francophones. However, you must achieve intermediate-level French proficiency to graduate.<\/p>\n<\/div><\/div>\n\n\n\n<div class=\"wp-block-baseul-block-accordeon baseul-accordeon-yellow\"><h2 class=\"toggler-title-wrap\"><button aria-expanded=\"false\" class=\"toggler-button\" aria-controls=\"Can-ItakecoursesgiveninFrench\" id=\"Can-ItakecoursesgiveninFrench_label\"><span class=\"toggler-title\">Can I take courses given in French?<\/span><\/button><\/h2><div id=\"Can-ItakecoursesgiveninFrench\" role=\"region\" aria-labelledby=\"Can-ItakecoursesgiveninFrench_label\" class=\"toggler-panel\" hidden>\n<p>Although the program can be completed entirely in English, you can take up to 6 courses (18 credits) in French. If French is not your native language, make sure your French skills are strong enough to successfully complete your courses.<\/p>\n<\/div><\/div>\n\n\n\n<div class=\"wp-block-baseul-block-accordeon baseul-accordeon-yellow\"><h2 class=\"toggler-title-wrap\"><button aria-expanded=\"false\" class=\"toggler-button\" aria-controls=\"As-anAnglophonecanIbenefitfromsupportprovidedentirelyinEnglish\" id=\"As-anAnglophonecanIbenefitfromsupportprovidedentirelyinEnglish_label\"><span class=\"toggler-title\">As an Anglophone, can I benefit from support provided entirely in English?<\/span><\/button><\/h2><div id=\"As-anAnglophonecanIbenefitfromsupportprovidedentirelyinEnglish\" role=\"region\" aria-labelledby=\"As-anAnglophonecanIbenefitfromsupportprovidedentirelyinEnglish_label\" class=\"toggler-panel\" hidden>\n<p>Although some services on campus are only offered in French, you can rely on our Faculty\u2019s bilingual staff to provide you with information, support and advice in English throughout your studies.<\/p>\n<\/div><\/div>\n\n\n\n<h4 class=\"wp-block-heading\" id=\"h-student-life\">Student Life<\/h4>\n\n\n\n<div class=\"wp-block-baseul-block-accordeon baseul-accordeon-yellow\"><h2 class=\"toggler-title-wrap\"><button aria-expanded=\"false\" class=\"toggler-button\" aria-controls=\"What-integrationactivitiesareofferedtostudentsintheMBAGlobalBusinessprogram\" id=\"What-integrationactivitiesareofferedtostudentsintheMBAGlobalBusinessprogram_label\"><span class=\"toggler-title\">What integration activities are offered to students in the MBA \u2013 Global Business program?<\/span><\/button><\/h2><div id=\"What-integrationactivitiesareofferedtostudentsintheMBAGlobalBusinessprogram\" role=\"region\" aria-labelledby=\"What-integrationactivitiesareofferedtostudentsintheMBAGlobalBusinessprogram_label\" class=\"toggler-panel\" hidden>\n<p>At the beginning of the semester, you are invited to participate in a welcome session held by the people in charge of the program! You will be given a lot of information. Your participation is essential.<\/p>\n\n\n\n<p>In addition, in the week before the start of the semester (fall or winter), you can take part in the <strong>Welcome Days<\/strong>, which are a unique opportunity to meet the international students and get to know your new Faculty.<\/p>\n<\/div><\/div>\n\n\n\n<div class=\"wp-block-baseul-block-accordeon baseul-accordeon-yellow\"><h2 class=\"toggler-title-wrap\"><button aria-expanded=\"false\" class=\"toggler-button\" aria-controls=\"Where-canIgetinvolvedduringmystudies\" id=\"Where-canIgetinvolvedduringmystudies_label\"><span class=\"toggler-title\">Where can I get involved during my studies?<\/span><\/button><\/h2><div id=\"Where-canIgetinvolvedduringmystudies\" role=\"region\" aria-labelledby=\"Where-canIgetinvolvedduringmystudies_label\" class=\"toggler-panel\" hidden>\n<p>Refer to the page titled \u201c<a href=\"https:\/\/www.fsa.ulaval.ca\/en\/faculty\/services\/student-life\/\">Associations, Committess and Competitions<\/a>\u201d to learn about all of the organizations in which you can participate for meaningful and truly memorable experiences during your studies.<\/p>\n<\/div><\/div>\n\n\n\n<h4 class=\"wp-block-heading\" id=\"h-immigration\">Immigration<\/h4>\n\n\n\n<div class=\"wp-block-baseul-block-accordeon baseul-accordeon-yellow\"><h2 class=\"toggler-title-wrap\"><button aria-expanded=\"false\" class=\"toggler-button\" aria-controls=\"I-havetoextendmyCAQandormystudypermitHowcanIobtainthelettredecheminementIneed\" id=\"I-havetoextendmyCAQandormystudypermitHowcanIobtainthelettredecheminementIneed_label\"><span class=\"toggler-title\">I have to extend my CAQ and\/or my study permit. How can I obtain the \u201clettre de cheminement\u201d I need?<\/span><\/button><\/h2><div id=\"I-havetoextendmyCAQandormystudypermitHowcanIobtainthelettredecheminementIneed\" role=\"region\" aria-labelledby=\"I-havetoextendmyCAQandormystudypermitHowcanIobtainthelettredecheminementIneed_label\" class=\"toggler-panel\" hidden>\n<p>Please contact the <a href=\"mailto:etudes@ulaval.ca\">Program Directorate<\/a> to obtain this document by specifying the date on which your studies are scheduled to be completed.<\/p>\n<\/div><\/div>\n\n\n\n<div class=\"wp-block-baseul-block-accordeon baseul-accordeon-yellow\"><h2 class=\"toggler-title-wrap\"><button aria-expanded=\"false\" class=\"toggler-button\" aria-controls=\"If-IamfromanothercountryandIhaveastudypermitamIallowedtoworkduringmystudies\" id=\"If-IamfromanothercountryandIhaveastudypermitamIallowedtoworkduringmystudies_label\"><span class=\"toggler-title\">If I am from another country and I have a study permit, am I allowed to work during my studies?<\/span><\/button><\/h2><div id=\"If-IamfromanothercountryandIhaveastudypermitamIallowedtoworkduringmystudies\" role=\"region\" aria-labelledby=\"If-IamfromanothercountryandIhaveastudypermitamIallowedtoworkduringmystudies_label\" class=\"toggler-panel\" hidden>\n<p>Holding paid employment during your studies is allowed under certain conditions. Refer to the page titled <a href=\"https:\/\/www.ulaval.ca\/en\/international\/immigration\/working-in-canada\/working-during-your-studies\">Working during your studies<\/a> for all the details.<\/p>\n<\/div><\/div>\n\n\n\n<h4 class=\"wp-block-heading\" id=\"h-tuition\">Tuition<\/h4>\n\n\n\n<div class=\"wp-block-baseul-block-accordeon baseul-accordeon-yellow\"><h2 class=\"toggler-title-wrap\"><button aria-expanded=\"false\" class=\"toggler-button\" aria-controls=\"Am-Ieligibleforscholarshipsandfunding\" id=\"Am-Ieligibleforscholarshipsandfunding_label\"><span class=\"toggler-title\">Am I eligible for scholarships and funding?<\/span><\/button><\/h2><div id=\"Am-Ieligibleforscholarshipsandfunding\" role=\"region\" aria-labelledby=\"Am-Ieligibleforscholarshipsandfunding_label\" class=\"toggler-panel\" hidden>\n<p>The website of <a href=\"https:\/\/www.bbaf.ulaval.ca\/prets-et-bourses\/gouvernement-du-quebec\/presentation-programme-de-prets-bourses\/\">Universit\u00e9 Laval\u2019s Bureau des bourses et de l&#8217;aide financi\u00e8re<\/a> presents the various sources of financing available based on your situation.<\/p>\n<\/div><\/div>\n\n\n\n<div class=\"wp-block-baseul-block-accordeon baseul-accordeon-yellow\"><h2 class=\"toggler-title-wrap\"><button aria-expanded=\"false\" class=\"toggler-button\" aria-controls=\"What-arethetuitionfees\" id=\"What-arethetuitionfees_label\"><span class=\"toggler-title\">What are the tuition fees?<\/span><\/button><\/h2><div id=\"What-arethetuitionfees\" role=\"region\" aria-labelledby=\"What-arethetuitionfees_label\" class=\"toggler-panel\" hidden>\n<p>Tuition is calculated on the basis of your place of residence (Qu\u00e9bec, elsewhere in Canada or another country) and the number of credits for which you are enrolled per semester. Refer to the <a href=\"https:\/\/www.ulaval.ca\/en\/academics\/tuition\">Tuition page<\/a> on the Universit\u00e9 Laval website for the amounts that apply to your situation.<\/p>\n<\/div><\/div>\n\n\n\n<div class=\"wp-block-baseul-block-accordeon baseul-accordeon-yellow\"><h2 class=\"toggler-title-wrap\"><button aria-expanded=\"false\" class=\"toggler-button\" aria-controls=\"When-doestuitionhavetobepaid\" id=\"When-doestuitionhavetobepaid_label\"><span class=\"toggler-title\">When does tuition have to be paid?<\/span><\/button><\/h2><div id=\"When-doestuitionhavetobepaid\" role=\"region\" aria-labelledby=\"When-doestuitionhavetobepaid_label\" class=\"toggler-panel\" hidden>\n<p>You will receive an invoice every semester based on the number of credits for which you are enrolled. To find out the dates on which the invoices are produced and terms of payment, refer to the <a href=\"https:\/\/www.ulaval.ca\/en\/academics\/tuition\/tuition-payment\">Tuition payment page<\/a> on the Universit\u00e9 Laval website.<\/p>\n<\/div><\/div>\n\n\n\n<div class=\"wp-block-baseul-block-accordeon baseul-accordeon-yellow\"><h2 class=\"toggler-title-wrap\"><button aria-expanded=\"false\" class=\"toggler-button\" aria-controls=\"Is-adepositrequired\" id=\"Is-adepositrequired_label\"><span class=\"toggler-title\">Is a deposit required?<\/span><\/button><\/h2><div id=\"Is-adepositrequired\" role=\"region\" aria-labelledby=\"Is-adepositrequired_label\" class=\"toggler-panel\" hidden>\n<p>Universit\u00e9 Laval does not require a deposit to reserve your place in the MBA \u2013 Global Business program. However, you must accept the offer of admission and select your courses before the start of the semester.<\/p>\n<\/div><\/div>\n\n\n\n<h4 class=\"wp-block-heading\" id=\"h-program-details\">Program Details<\/h4>\n\n\n\n<div class=\"wp-block-baseul-block-accordeon baseul-accordeon-yellow\"><h2 class=\"toggler-title-wrap\"><button aria-expanded=\"false\" class=\"toggler-button\" aria-controls=\"What-isthelengthofmyMBA\" id=\"What-isthelengthofmyMBA_label\"><span class=\"toggler-title\">What is the length of my MBA?<\/span><\/button><\/h2><div id=\"What-isthelengthofmyMBA\" role=\"region\" aria-labelledby=\"What-isthelengthofmyMBA_label\" class=\"toggler-panel\" hidden>\n<p>The MBA \u2013 Global Business is a <strong>45-credit <\/strong>program.<\/p>\n\n\n\n<ul class=\"wp-block-list\">\n<li>13 courses worth 3 credits each<\/li>\n\n\n\n<li>1 capstone activity worth 6 credits<\/li>\n<\/ul>\n\n\n\n<p>It takes 2 years on average to complete the program on a full-time basis. If you are required to complete preparatory coursework, it is added to the 45 credits of the MBA \u2013Global Business.<\/p>\n\n\n\n<p>There is no deadline to complete your program. You can do so at your own pace. However, for your file to remain active, you must take at least 1 course per year. If you have not enrolled in any courses for 3 consecutive semesters (including the summer semester), you will be deemed to have withdrawn from your program. You will then have to submit a new admission application to resume your studies.<\/p>\n<\/div><\/div>\n\n\n\n<div class=\"wp-block-baseul-block-accordeon baseul-accordeon-yellow\"><h2 class=\"toggler-title-wrap\"><button aria-expanded=\"false\" class=\"toggler-button\" aria-controls=\"How-doestheacademiccalendarwork\" id=\"How-doestheacademiccalendarwork_label\"><span class=\"toggler-title\">How does the academic calendar work?<\/span><\/button><\/h2><div id=\"How-doestheacademiccalendarwork\" role=\"region\" aria-labelledby=\"How-doestheacademiccalendarwork_label\" class=\"toggler-panel\" hidden>\n<p>Courses are usually 15 weeks long in the fall (September to December) and winter (January to April) semesters. In the summer (May to July) semester, most courses are offered in an 11-week condensed mode. Note that the summer semester is optional.<\/p>\n<\/div><\/div>\n\n\n\n<div class=\"wp-block-baseul-block-accordeon baseul-accordeon-yellow\"><h2 class=\"toggler-title-wrap\"><button aria-expanded=\"false\" class=\"toggler-button\" aria-controls=\"Can-IcompletemyMBAGlobalBusinessonapart-timebasis\" id=\"Can-IcompletemyMBAGlobalBusinessonapart-timebasis_label\"><span class=\"toggler-title\">Can I complete my MBA \u2013 Global Business on a part-time basis?<\/span><\/button><\/h2><div id=\"Can-IcompletemyMBAGlobalBusinessonapart-timebasis\" role=\"region\" aria-labelledby=\"Can-IcompletemyMBAGlobalBusinessonapart-timebasis_label\" class=\"toggler-panel\" hidden>\n<p>Yes, you can complete the MBA \u2013 Global Business on a part-time basis. However, if you have a study permit, you must be a full-time student in the fall and winter semesters.<\/p>\n<\/div><\/div>\n\n\n\n<div class=\"wp-block-baseul-block-accordeon baseul-accordeon-yellow\"><h2 class=\"toggler-title-wrap\"><button aria-expanded=\"false\" class=\"toggler-button\" aria-controls=\"Can-Itakedistancelearningcourses\" id=\"Can-Itakedistancelearningcourses_label\"><span class=\"toggler-title\">Can I take distance learning courses?<\/span><\/button><\/h2><div id=\"Can-Itakedistancelearningcourses\" role=\"region\" aria-labelledby=\"Can-Itakedistancelearningcourses_label\" class=\"toggler-panel\" hidden>\n<p>The MBA \u2013 Global Business program cannot be completed entirely in distance delivery mode. Only certain courses can be taken online. Refer to the <strong>program structure<\/strong> for the distance learning course offering.<\/p>\n\n\n<ul class=\"fsa-remontee-programmes fsa-programmes-yellow\"><li class=\"fsa-remontee-programmes-item\">\r\n            <a href=\"https:\/\/www.fsa.ulaval.ca\/en\/program\/M-ADM_GLB\/\">\r\n            <div class=\"fsa-remontee-programmes-item-desc\">\r\n                <p class=\"fsa-remontee-programmes-cycle\">2nd Cycle<\/p>\r\n                <h3>Ma\u00eetrise en administration des affaires &#8211; Global Business<\/h3>\r\n                <div class=\"fsa-remontee-programmes-features\">\r\n                    <div class=\"fsa-remontee-programmes-temps\">\r\n                            <p><i class=\"fsa-i-fulltime\"><\/i> Full-time<\/p><p><i class=\"fsa-i-parttime\"><\/i> Part-time<\/p>\r\n                        <\/div><\/div>\r\n            <\/div>\t\r\n            <p class=\"fsa-remontee-programmes-admission\">Admission: Fall &#8211; Winter<\/p>\r\n            <p class=\"fsa-remontee-programmes-credits\">45 credits<\/p>\r\n            <\/a>\r\n        <\/li><\/ul><\/div><\/div>\n\n\n\n<div class=\"wp-block-baseul-block-accordeon baseul-accordeon-yellow\"><h2 class=\"toggler-title-wrap\"><button aria-expanded=\"false\" class=\"toggler-button\" aria-controls=\"Is-thereaparticularpathwaytofollow\" id=\"Is-thereaparticularpathwaytofollow_label\"><span class=\"toggler-title\">Is there a particular pathway to follow?<\/span><\/button><\/h2><div id=\"Is-thereaparticularpathwaytofollow\" role=\"region\" aria-labelledby=\"Is-thereaparticularpathwaytofollow_label\" class=\"toggler-panel\" hidden>\n<p>There is no specific pathway to follow in the MBA \u2013 Global Business program. However, we invite you to read the section titled <strong>Course Selection Tips<\/strong> for help in planning your course enrolment.<\/p>\n<\/div><\/div>\n\n\n\n<div class=\"wp-block-baseul-block-accordeon baseul-accordeon-yellow\"><h2 class=\"toggler-title-wrap\"><button aria-expanded=\"false\" class=\"toggler-button\" aria-controls=\"What-istheworkloadpercourse\" id=\"What-istheworkloadpercourse_label\"><span class=\"toggler-title\">What is the workload per course?<\/span><\/button><\/h2><div id=\"What-istheworkloadpercourse\" role=\"region\" aria-labelledby=\"What-istheworkloadpercourse_label\" class=\"toggler-panel\" hidden>\n<p>Most university 3-credit courses require an average of 9 hours of work per week: 3 hours of classroom or online attendance and 6 hours of homework (individual and team assignments, readings, evaluations, etc.).<\/p>\n\n\n\n<p>If you choose to enrol in the summer semester, keep in mind that it is shorter and more intensive (11 weeks instead of 15). You should therefore expect to work at a faster pace.<\/p>\n<\/div><\/div>\n\n\n\n<div class=\"wp-block-baseul-block-accordeon baseul-accordeon-yellow\"><h2 class=\"toggler-title-wrap\"><button aria-expanded=\"false\" class=\"toggler-button\" aria-controls=\"What-aretheconditionsforcontinuingmyMBAstudies\" id=\"What-aretheconditionsforcontinuingmyMBAstudies_label\"><span class=\"toggler-title\">What are the conditions for continuing my MBA studies?<\/span><\/button><\/h2><div id=\"What-aretheconditionsforcontinuingmyMBAstudies\" role=\"region\" aria-labelledby=\"What-aretheconditionsforcontinuingmyMBAstudies_label\" class=\"toggler-panel\" hidden>\n<p>You must maintain a program average of B- (2.67 out of 4.33) as soon as you have earned 12 credits.<\/p>\n\n\n\n<p>Subsequently, if your program average drops to below 2.67, you will find yourself in a program exclusion situation.<\/p>\n<\/div><\/div>\n\n\n\n<h4 class=\"wp-block-heading\" id=\"h-study-stays-abroad-and-internships\">Study Stays Abroad and Internships<\/h4>\n\n\n\n<div class=\"wp-block-baseul-block-accordeon baseul-accordeon-yellow\"><h2 class=\"toggler-title-wrap\"><button aria-expanded=\"false\" class=\"toggler-button\" aria-controls=\"Can-Iundertakeastudystayabroadduringmystudies\" id=\"Can-Iundertakeastudystayabroadduringmystudies_label\"><span class=\"toggler-title\">Can I undertake a study stay abroad during my studies?<\/span><\/button><\/h2><div id=\"Can-Iundertakeastudystayabroadduringmystudies\" role=\"region\" aria-labelledby=\"Can-Iundertakeastudystayabroadduringmystudies_label\" class=\"toggler-panel\" hidden>\n<p>Yes. Thanks to agreements entered into with around a hundred partner universities, you can undertake a mobility stay (study semester abroad, a short for-credit stay or a double degree) or the Trade Missions program.<\/p>\n<\/div><\/div>\n\n\n\n<div class=\"wp-block-baseul-block-accordeon baseul-accordeon-yellow\"><h2 class=\"toggler-title-wrap\"><button aria-expanded=\"false\" class=\"toggler-button\" aria-controls=\"Can-IundertakeaninternshipaspartoftheMBAGlobalBusiness\" id=\"Can-IundertakeaninternshipaspartoftheMBAGlobalBusiness_label\"><span class=\"toggler-title\">Can I undertake an internship as part of the MBA \u2013 Global Business?<\/span><\/button><\/h2><div id=\"Can-IundertakeaninternshipaspartoftheMBAGlobalBusiness\" role=\"region\" aria-labelledby=\"Can-IundertakeaninternshipaspartoftheMBAGlobalBusiness_label\" class=\"toggler-panel\" hidden>\n<p>No, but you will be required to complete an integrative project in a business. Find out more about this <strong>capstone activity<\/strong>.<\/p>\n<\/div><\/div>\n\n\n\n<h4 class=\"wp-block-heading\" id=\"h-exams\">Exams<\/h4>\n\n\n\n<div class=\"wp-block-baseul-block-accordeon baseul-accordeon-yellow\"><h2 class=\"toggler-title-wrap\"><button aria-expanded=\"false\" class=\"toggler-button\" aria-controls=\"How-dotheexamperiodswork\" id=\"How-dotheexamperiodswork_label\"><span class=\"toggler-title\">How do the exam periods work?<\/span><\/button><\/h2><div id=\"How-dotheexamperiodswork\" role=\"region\" aria-labelledby=\"How-dotheexamperiodswork_label\" class=\"toggler-panel\" hidden>\n<p>There are 2 main exam periods.<\/p>\n\n\n\n<ul class=\"wp-block-list\">\n<li>mid-term exams (halfway into the semester)<\/li>\n\n\n\n<li>final exams (final days of the semester or period dedicated to exams)<\/li>\n<\/ul>\n\n\n\n<p>Refer to the <a href=\"https:\/\/www.fsa.ulaval.ca\/en\/faculty\/services\/exams-centre\/\">exam schedules<\/a>.<\/p>\n\n\n\n<p>Some courses have evaluation methods other than exams, such as questionnaires, individual or team assignments, presentations, etc. Refer to your course outlines to find out which evaluation methods apply to your courses.<\/p>\n<\/div><\/div>\n\n\n\n<div class=\"wp-block-baseul-block-accordeon baseul-accordeon-yellow\"><h2 class=\"toggler-title-wrap\"><button aria-expanded=\"false\" class=\"toggler-button\" aria-controls=\"Can-Itakemyexamsremotely\" id=\"Can-Itakemyexamsremotely_label\"><span class=\"toggler-title\">Can I take my exams remotely?<\/span><\/button><\/h2><div id=\"Can-Itakemyexamsremotely\" role=\"region\" aria-labelledby=\"Can-Itakemyexamsremotely_label\" class=\"toggler-panel\" hidden>\n<p>If you choose to take a distance learning course, you will have to take the <a href=\"https:\/\/www.distance.ulaval.ca\/etudiants-actuels\/examens-sous-surveillance\">exam in person under supervision<\/a> (in French only), either on the Universit\u00e9 Laval campus in Qu\u00e9bec City, at one of the exam centres located in Qu\u00e9bec, New Brunswick or Ontario, or under the supervision of an exam proctor, if you are located more than 100 km away from the Universit\u00e9 Laval campus or one of its exam centres.<\/p>\n\n\n\n<p>Exams are not held during class time. They may be held during the day, evenings or weekends. The exam dates are indicated in the course outlines.<\/p>\n<\/div><\/div>\n\n\n\n<div class=\"wp-block-baseul-block-accordeon baseul-accordeon-yellow\"><h2 class=\"toggler-title-wrap\"><button aria-expanded=\"false\" class=\"toggler-button\" aria-controls=\"Can-Ireceivespecialaccommodationsforcoursesandexams\" id=\"Can-Ireceivespecialaccommodationsforcoursesandexams_label\"><span class=\"toggler-title\">Can I receive special accommodations for courses and exams?<\/span><\/button><\/h2><div id=\"Can-Ireceivespecialaccommodationsforcoursesandexams\" role=\"region\" aria-labelledby=\"Can-Ireceivespecialaccommodationsforcoursesandexams_label\" class=\"toggler-panel\" hidden>\n<p>If you require academic accommodations for your mid-term and final exams, you must first get a note from your doctor explaining your situation.<\/p>\n\n\n\n<p>Refer to the section on <a href=\"https:\/\/www.fsa.ulaval.ca\/en\/faculty\/services\/exams-centre\/\">academic accommodation measures<\/a> for all the details.<\/p>\n<\/div><\/div>\n\n\n\n<h4 class=\"wp-block-heading\" id=\"h-the-diploma\">The Diploma<\/h4>\n\n\n\n<div class=\"wp-block-baseul-block-accordeon baseul-accordeon-yellow\"><h2 class=\"toggler-title-wrap\"><button aria-expanded=\"false\" class=\"toggler-button\" aria-controls=\"What-isthegradepointaveragerequiredtoreceivemydiploma\" id=\"What-isthegradepointaveragerequiredtoreceivemydiploma_label\"><span class=\"toggler-title\">What is the grade point average required to receive my diploma?<\/span><\/button><\/h2><div id=\"What-isthegradepointaveragerequiredtoreceivemydiploma\" role=\"region\" aria-labelledby=\"What-isthegradepointaveragerequiredtoreceivemydiploma_label\" class=\"toggler-panel\" hidden>\n<p>You must have an average of at least 2.67\/4.33 to receive your Master of Business Administration \u2013 Global Business diploma.<\/p>\n<\/div><\/div>\n\n\n\n<div class=\"wp-block-baseul-block-accordeon baseul-accordeon-yellow\"><h2 class=\"toggler-title-wrap\"><button aria-expanded=\"false\" class=\"toggler-button\" aria-controls=\"Is-aminimumnumberofcoursesgiveninEnglishrequiredtoreceivemydiploma\" id=\"Is-aminimumnumberofcoursesgiveninEnglishrequiredtoreceivemydiploma_label\"><span class=\"toggler-title\">Is a minimum number of courses given in English required to receive my diploma?<\/span><\/button><\/h2><div id=\"Is-aminimumnumberofcoursesgiveninEnglishrequiredtoreceivemydiploma\" role=\"region\" aria-labelledby=\"Is-aminimumnumberofcoursesgiveninEnglishrequiredtoreceivemydiploma_label\" class=\"toggler-panel\" hidden>\n<p>Yes. You need to successfully complete at least 27 credits (9 courses) in English to receive the MBA \u2013 Global Business diploma, although all of the courses can be completed entirely in English.<\/p>\n<\/div><\/div>\n\n\n\n<div class=\"wp-block-baseul-block-accordeon baseul-accordeon-yellow\"><h2 class=\"toggler-title-wrap\"><button aria-expanded=\"false\" class=\"toggler-button\" aria-controls=\"When-doIreceivemydiploma\" id=\"When-doIreceivemydiploma_label\"><span class=\"toggler-title\">When do I receive my diploma?<\/span><\/button><\/h2><div id=\"When-doIreceivemydiploma\" role=\"region\" aria-labelledby=\"When-doIreceivemydiploma_label\" class=\"toggler-panel\" hidden>\n<p>For graduates of a master\u2019s or doctoral program, diplomas are delivered every month (12 times per year). As such, the date that appears on your final transcripts and your diploma generally correspond to the last day of the month in which you satisfied all of the conditions of your program of study. As a result of administrative processing times required to enter grades in student records, the most likely delivery dates are the following:<\/p>\n\n\n\n<ul class=\"wp-block-list\">\n<li>January 31 of the following year for the fall semester;<\/li>\n\n\n\n<li>May 31 of the same year for the winter semester; and<\/li>\n\n\n\n<li>September 30 of the same year for the summer semester.<\/li>\n<\/ul>\n<\/div><\/div>\n\n\n\n<div class=\"wp-block-baseul-block-accordeon baseul-accordeon-yellow\"><h2 class=\"toggler-title-wrap\"><button aria-expanded=\"false\" class=\"toggler-button\" aria-controls=\"Can-Iattendthegraduationceremony\" id=\"Can-Iattendthegraduationceremony_label\"><span class=\"toggler-title\">Can I attend the graduation ceremony?<\/span><\/button><\/h2><div id=\"Can-Iattendthegraduationceremony\" role=\"region\" aria-labelledby=\"Can-Iattendthegraduationceremony_label\" class=\"toggler-panel\" hidden>\n<p>If you are eligible, you will receive an invitation via monPortail. The graduation ceremony is held every year in June.<\/p>\n<\/div><\/div>\n\n\n\n<h4 class=\"wp-block-heading\" id=\"h-services\">Services<\/h4>\n\n\n\n<div class=\"wp-block-baseul-block-accordeon baseul-accordeon-yellow\"><h2 class=\"toggler-title-wrap\"><button aria-expanded=\"false\" class=\"toggler-button\" aria-controls=\"Do-Ihaveaccesstopsychologicalsupportduringmystudies\" id=\"Do-Ihaveaccesstopsychologicalsupportduringmystudies_label\"><span class=\"toggler-title\">Do I have access to psychological support during my studies?<\/span><\/button><\/h2><div id=\"Do-Ihaveaccesstopsychologicalsupportduringmystudies\" role=\"region\" aria-labelledby=\"Do-Ihaveaccesstopsychologicalsupportduringmystudies_label\" class=\"toggler-panel\" hidden>\n<p>Oui, il est possible de <a href=\"https:\/\/www.fsa.ulaval.ca\/faculte\/services\/soutien-psychologique\/\">prendre rendez-vous<\/a> pour rencontrer une intervenante de proximit\u00e9.<\/p>\n<\/div><\/div>\n\n\n\n<div class=\"wp-block-baseul-block-accordeon baseul-accordeon-yellow\"><h2 class=\"toggler-title-wrap\"><button aria-expanded=\"false\" class=\"toggler-button\" aria-controls=\"I-amhavingproblemsloggingintomonPortailoraccessingmyULavalemailsWhocanIcontact\" id=\"I-amhavingproblemsloggingintomonPortailoraccessingmyULavalemailsWhocanIcontact_label\"><span class=\"toggler-title\">I am having problems logging into monPortail or accessing my ULaval emails. Who can I contact?<\/span><\/button><\/h2><div id=\"I-amhavingproblemsloggingintomonPortailoraccessingmyULavalemailsWhocanIcontact\" role=\"region\" aria-labelledby=\"I-amhavingproblemsloggingintomonPortailoraccessingmyULavalemailsWhocanIcontact_label\" class=\"toggler-panel\" hidden>\n<p>Refer to the <a href=\"https:\/\/www.fsa.ulaval.ca\/en\/faculty\/services\/techno\/\">Faculty\u2019s Technological Services for Students page<\/a> or contact their staff members for any computer assistance.<\/p>\n<\/div><\/div>\n\n\n\n<div class=\"wp-block-baseul-block-accordeon baseul-accordeon-yellow\"><h2 class=\"toggler-title-wrap\"><button aria-expanded=\"false\" class=\"toggler-button\" aria-controls=\"How-canIfindoutaboutjobopportunitiesWherecanIfindassistancetoenterthelabourmarket\" id=\"How-canIfindoutaboutjobopportunitiesWherecanIfindassistancetoenterthelabourmarket_label\"><span class=\"toggler-title\">How can I find out about job opportunities? Where can I find assistance to enter the labour market?<\/span><\/button><\/h2><div id=\"How-canIfindoutaboutjobopportunitiesWherecanIfindassistancetoenterthelabourmarket\" role=\"region\" aria-labelledby=\"How-canIfindoutaboutjobopportunitiesWherecanIfindassistancetoenterthelabourmarket_label\" class=\"toggler-panel\" hidden>\n<p>The website of Universit\u00e9 Laval\u2019s <a href=\"https:\/\/www.sdp.ulaval.ca\/etudiants\/marche\/portrait#fsa\">Service du d\u00e9veloppement professionnel<\/a> (in French only) provides a wealth of information on the labour market situation in business administration. You will discover that employment prospects in this field are flourishing.<\/p>\n\n\n\n<p>As an Universit\u00e9 Laval student, you benefit from support, free of charge, from specialists who will assist you in your professional endeavours. This team also accompanies alumni throughout their career.<\/p>\n<\/div><\/div>\n\n\n\n<h4 class=\"wp-block-heading\" id=\"h-miscellaneous\">Miscellaneous<\/h4>\n\n\n\n<div class=\"wp-block-baseul-block-accordeon baseul-accordeon-yellow\"><h2 class=\"toggler-title-wrap\"><button aria-expanded=\"false\" class=\"toggler-button\" aria-controls=\"Do-Ineedalaptopcomputerformycourses\" id=\"Do-Ineedalaptopcomputerformycourses_label\"><span class=\"toggler-title\">Do I need a laptop computer for my courses?<\/span><\/button><\/h2><div id=\"Do-Ineedalaptopcomputerformycourses\" role=\"region\" aria-labelledby=\"Do-Ineedalaptopcomputerformycourses_label\" class=\"toggler-panel\" hidden>\n<p>You will need an up-do-date computer with a camera and headset and a stable Internet connection to attend your classes. However, the use of a laptop computer is recommended, as you may need to use it during certain in-person classes, to take an in-person exam or to facilitate team assignments. If you do not have one, the APTI Help Desk can lend you one (short-term loans only). Lastly, as a student at Universit\u00e9 Laval, you have free access to the Office 365 Pro Plus suite during your studies.<\/p>\n\n\n\n<p>Refer to the page titled <a href=\"https:\/\/www.ulaval.ca\/etudiants-actuels\/equipez-vous-pour-reussir\">\u00c9quipez-vous pour r\u00e9ussir<\/a> (in French only) for all the details.<\/p>\n<\/div><\/div>\n\n\n\n<p><\/p>\n<\/div>\n\n\n\n<div id=\"choices_3\" aria-labelledby=\"choices_3_label\" hidden class=\"baseul-dropdown-nav-item\">\n<p>All FAQ about our programs are <a href=\"https:\/\/www.fsa.ulaval.ca\/faq\/\">available in French<\/a><\/p>\n<\/div>\n<\/div><\/div>\n\n\n\n<div class=\"wp-block-group alignfull has-lightgrey-background-color has-background is-layout-constrained wp-block-group-is-layout-constrained\">\n<div class=\"wp-block-group is-layout-constrained wp-block-group-is-layout-constrained\">\n<h2 class=\"wp-block-heading add-squiggle\" id=\"h-you-prefer-to-write-to-us\">You prefer to <br><mark style=\"background-color:#FFCC00\" class=\"has-inline-color has-black-color\">write to us?<\/mark><\/h2>\n<\/div>\n\n\n\n<div class=\"wp-block-buttons is-layout-flex wp-block-buttons-is-layout-flex\">\n<div class=\"wp-block-button is-style-button-small-arrow\"><a class=\"wp-block-button__link has-white-background-color has-background wp-element-button\" href=\"https:\/\/www.fsa.ulaval.ca\/en\/request-information\/\">Fill out the information request form<\/a><\/div>\n<\/div>\n<\/div>\n","protected":false},"excerpt":{"rendered":"<p>You prefer to write to us?<\/p>\n","protected":false},"author":5,"featured_media":0,"parent":0,"menu_order":148,"comment_status":"closed","ping_status":"closed","template":"","meta":{"_acf_changed":false,"featured_image_focal_point":[],"footnotes":""},"class_list":["post-6613","page","type-page","status-publish","hentry"],"acf":[],"yoast_head":"<title>FAQ for a future program of study - FSA - Universit\u00e9 Laval<\/title>\r\n<meta name=\"description\" content=\"Consult the main frequently asked questions (admission, pathway, cost of studies, etc.) according to your future program of study.\" \/>\r\n<meta name=\"robots\" content=\"index, follow, max-snippet:-1, max-image-preview:large, max-video-preview:-1\" \/>\r\n<link rel=\"canonical\" href=\"https:\/\/www.fsa.ulaval.ca\/en\/faq\/\" \/>\r\n<meta property=\"og:locale\" content=\"en_US\" \/>\r\n<meta property=\"og:type\" content=\"article\" \/>\r\n<meta property=\"og:title\" content=\"FAQ for a future program of study - FSA - Universit\u00e9 Laval\" \/>\r\n<meta property=\"og:description\" content=\"Consult the main frequently asked questions (admission, pathway, cost of studies, etc.) according to your future program of study.\" \/>\r\n<meta property=\"og:url\" content=\"https:\/\/www.fsa.ulaval.ca\/en\/faq\/\" \/>\r\n<meta property=\"og:site_name\" content=\"FSA ULaval\" \/>\r\n<meta property=\"article:publisher\" content=\"https:\/\/www.facebook.com\/fsaulaval\" \/>\r\n<meta property=\"article:modified_time\" content=\"2025-04-15T15:15:09+00:00\" \/>\r\n<meta property=\"og:image\" content=\"https:\/\/www.fsa.ulaval.ca\/wp-content\/uploads\/2023\/03\/fsa-ulaval-2-rs.jpg\" \/>\r\n\t<meta property=\"og:image:width\" content=\"1200\" \/>\r\n\t<meta property=\"og:image:height\" content=\"630\" \/>\r\n\t<meta property=\"og:image:type\" content=\"image\/jpeg\" \/>\r\n<meta name=\"twitter:card\" content=\"summary_large_image\" \/>\r\n<meta name=\"twitter:title\" content=\"FAQ for a future program of study - FSA - Universit\u00e9 Laval\" \/>\r\n<meta name=\"twitter:description\" content=\"Consult the main frequently asked questions (admission, pathway, cost of studies, etc.) according to your future program of study.\" \/>\r\n<meta name=\"twitter:site\" content=\"@fsaulaval\" \/>\r\n<meta name=\"twitter:label1\" content=\"Est. reading time\" \/>\n\t<meta name=\"twitter:data1\" content=\"9 minutes\" \/>\r\n<script type=\"application\/ld+json\" class=\"yoast-schema-graph\">{\"@context\":\"https:\/\/schema.org\",\"@graph\":[{\"@type\":\"WebPage\",\"@id\":\"https:\/\/www.fsa.ulaval.ca\/en\/faq\/\",\"url\":\"https:\/\/www.fsa.ulaval.ca\/en\/faq\/\",\"name\":\"FAQ for a future program of study - FSA - Universit\u00e9 Laval\",\"isPartOf\":{\"@id\":\"https:\/\/www.fsa.ulaval.ca\/en\/#website\"},\"datePublished\":\"2023-01-16T14:58:07+00:00\",\"dateModified\":\"2025-04-15T15:15:09+00:00\",\"description\":\"Consult the main frequently asked questions (admission, pathway, cost of studies, etc.) according to your future program of study.\",\"breadcrumb\":{\"@id\":\"https:\/\/www.fsa.ulaval.ca\/en\/faq\/#breadcrumb\"},\"inLanguage\":\"en-US\",\"potentialAction\":[{\"@type\":\"ReadAction\",\"target\":[\"https:\/\/www.fsa.ulaval.ca\/en\/faq\/\"]}]},{\"@type\":\"BreadcrumbList\",\"@id\":\"https:\/\/www.fsa.ulaval.ca\/en\/faq\/#breadcrumb\",\"itemListElement\":[{\"@type\":\"ListItem\",\"position\":1,\"name\":\"Accueil\",\"item\":\"https:\/\/www.fsa.ulaval.ca\/en\/\"},{\"@type\":\"ListItem\",\"position\":2,\"name\":\"Frequently Asked Questions (FAQ)\"}]},{\"@type\":\"WebSite\",\"@id\":\"https:\/\/www.fsa.ulaval.ca\/en\/#website\",\"url\":\"https:\/\/www.fsa.ulaval.ca\/en\/\",\"name\":\"FSA ULaval\",\"description\":\"FSA ULaval\",\"publisher\":{\"@id\":\"https:\/\/www.fsa.ulaval.ca\/en\/#organization\"},\"potentialAction\":[{\"@type\":\"SearchAction\",\"target\":{\"@type\":\"EntryPoint\",\"urlTemplate\":\"https:\/\/www.fsa.ulaval.ca\/en\/?s={search_term_string}\"},\"query-input\":{\"@type\":\"PropertyValueSpecification\",\"valueRequired\":true,\"valueName\":\"search_term_string\"}}],\"inLanguage\":\"en-US\"},{\"@type\":\"Organization\",\"@id\":\"https:\/\/www.fsa.ulaval.ca\/en\/#organization\",\"name\":\"FSA ULaval\",\"alternateName\":\"FSA ULaval\",\"url\":\"https:\/\/www.fsa.ulaval.ca\/en\/\",\"logo\":{\"@type\":\"ImageObject\",\"inLanguage\":\"en-US\",\"@id\":\"https:\/\/www.fsa.ulaval.ca\/en\/#\/schema\/logo\/image\/\",\"url\":\"https:\/\/www.fsa.ulaval.ca\/wp-content\/uploads\/2023\/03\/logo_facultaire.jpg\",\"contentUrl\":\"https:\/\/www.fsa.ulaval.ca\/wp-content\/uploads\/2023\/03\/logo_facultaire.jpg\",\"width\":200,\"height\":200,\"caption\":\"FSA ULaval\"},\"image\":{\"@id\":\"https:\/\/www.fsa.ulaval.ca\/en\/#\/schema\/logo\/image\/\"},\"sameAs\":[\"https:\/\/www.facebook.com\/fsaulaval\",\"https:\/\/x.com\/fsaulaval\",\"https:\/\/ca.linkedin.com\/company\/fsaulaval\",\"https:\/\/www.instagram.com\/fsaulaval\/\"]}]}<\/script>","yoast_head_json":{"title":"FAQ for a future program of study - FSA - Universit\u00e9 Laval","description":"Consult the main frequently asked questions (admission, pathway, cost of studies, etc.) according to your future program of study.","robots":{"index":"index","follow":"follow","max-snippet":"max-snippet:-1","max-image-preview":"max-image-preview:large","max-video-preview":"max-video-preview:-1"},"canonical":"https:\/\/www.fsa.ulaval.ca\/en\/faq\/","og_locale":"en_US","og_type":"article","og_title":"FAQ for a future program of study - FSA - Universit\u00e9 Laval","og_description":"Consult the main frequently asked questions (admission, pathway, cost of studies, etc.) according to your future program of study.","og_url":"https:\/\/www.fsa.ulaval.ca\/en\/faq\/","og_site_name":"FSA ULaval","article_publisher":"https:\/\/www.facebook.com\/fsaulaval","article_modified_time":"2025-04-15T15:15:09+00:00","og_image":[{"width":1200,"height":630,"url":"https:\/\/www.fsa.ulaval.ca\/wp-content\/uploads\/2023\/03\/fsa-ulaval-2-rs.jpg","type":"image\/jpeg"}],"twitter_card":"summary_large_image","twitter_title":"FAQ for a future program of study - FSA - Universit\u00e9 Laval","twitter_description":"Consult the main frequently asked questions (admission, pathway, cost of studies, etc.) according to your future program of study.","twitter_site":"@fsaulaval","twitter_misc":{"Est. reading time":"9 minutes"},"schema":{"@context":"https:\/\/schema.org","@graph":[{"@type":"WebPage","@id":"https:\/\/www.fsa.ulaval.ca\/en\/faq\/","url":"https:\/\/www.fsa.ulaval.ca\/en\/faq\/","name":"FAQ for a future program of study - FSA - Universit\u00e9 Laval","isPartOf":{"@id":"https:\/\/www.fsa.ulaval.ca\/en\/#website"},"datePublished":"2023-01-16T14:58:07+00:00","dateModified":"2025-04-15T15:15:09+00:00","description":"Consult the main frequently asked questions (admission, pathway, cost of studies, etc.) according to your future program of study.","breadcrumb":{"@id":"https:\/\/www.fsa.ulaval.ca\/en\/faq\/#breadcrumb"},"inLanguage":"en-US","potentialAction":[{"@type":"ReadAction","target":["https:\/\/www.fsa.ulaval.ca\/en\/faq\/"]}]},{"@type":"BreadcrumbList","@id":"https:\/\/www.fsa.ulaval.ca\/en\/faq\/#breadcrumb","itemListElement":[{"@type":"ListItem","position":1,"name":"Accueil","item":"https:\/\/www.fsa.ulaval.ca\/en\/"},{"@type":"ListItem","position":2,"name":"Frequently Asked Questions (FAQ)"}]},{"@type":"WebSite","@id":"https:\/\/www.fsa.ulaval.ca\/en\/#website","url":"https:\/\/www.fsa.ulaval.ca\/en\/","name":"FSA ULaval","description":"FSA ULaval","publisher":{"@id":"https:\/\/www.fsa.ulaval.ca\/en\/#organization"},"potentialAction":[{"@type":"SearchAction","target":{"@type":"EntryPoint","urlTemplate":"https:\/\/www.fsa.ulaval.ca\/en\/?s={search_term_string}"},"query-input":{"@type":"PropertyValueSpecification","valueRequired":true,"valueName":"search_term_string"}}],"inLanguage":"en-US"},{"@type":"Organization","@id":"https:\/\/www.fsa.ulaval.ca\/en\/#organization","name":"FSA ULaval","alternateName":"FSA ULaval","url":"https:\/\/www.fsa.ulaval.ca\/en\/","logo":{"@type":"ImageObject","inLanguage":"en-US","@id":"https:\/\/www.fsa.ulaval.ca\/en\/#\/schema\/logo\/image\/","url":"https:\/\/www.fsa.ulaval.ca\/wp-content\/uploads\/2023\/03\/logo_facultaire.jpg","contentUrl":"https:\/\/www.fsa.ulaval.ca\/wp-content\/uploads\/2023\/03\/logo_facultaire.jpg","width":200,"height":200,"caption":"FSA ULaval"},"image":{"@id":"https:\/\/www.fsa.ulaval.ca\/en\/#\/schema\/logo\/image\/"},"sameAs":["https:\/\/www.facebook.com\/fsaulaval","https:\/\/x.com\/fsaulaval","https:\/\/ca.linkedin.com\/company\/fsaulaval","https:\/\/www.instagram.com\/fsaulaval\/"]}]}},"_links":{"self":[{"href":"https:\/\/www.fsa.ulaval.ca\/en\/wp-json\/wp\/v2\/pages\/6613","targetHints":{"allow":["GET"]}}],"collection":[{"href":"https:\/\/www.fsa.ulaval.ca\/en\/wp-json\/wp\/v2\/pages"}],"about":[{"href":"https:\/\/www.fsa.ulaval.ca\/en\/wp-json\/wp\/v2\/types\/page"}],"author":[{"embeddable":true,"href":"https:\/\/www.fsa.ulaval.ca\/en\/wp-json\/wp\/v2\/users\/5"}],"replies":[{"embeddable":true,"href":"https:\/\/www.fsa.ulaval.ca\/en\/wp-json\/wp\/v2\/comments?post=6613"}],"version-history":[{"count":10,"href":"https:\/\/www.fsa.ulaval.ca\/en\/wp-json\/wp\/v2\/pages\/6613\/revisions"}],"predecessor-version":[{"id":35724,"href":"https:\/\/www.fsa.ulaval.ca\/en\/wp-json\/wp\/v2\/pages\/6613\/revisions\/35724"}],"wp:attachment":[{"href":"https:\/\/www.fsa.ulaval.ca\/en\/wp-json\/wp\/v2\/media?parent=6613"}],"curies":[{"name":"wp","href":"https:\/\/api.w.org\/{rel}","templated":true}]}}