{"id":7206,"date":"2022-11-03T15:12:43","date_gmt":"2022-11-03T19:12:43","guid":{"rendered":"https:\/\/www.fsa.ulaval.ca\/?page_id=7206"},"modified":"2026-04-09T08:56:28","modified_gmt":"2026-04-09T12:56:28","slug":"operations-management-logistics","status":"publish","type":"page","link":"https:\/\/www.fsa.ulaval.ca\/en\/academics\/summer-schools\/operations-management-logistics\/","title":{"rendered":"Applied Operations and Logistics"},"content":{"rendered":"\n<div class=\"wp-block-columns baseul-reverse baseul-page-top is-layout-flex wp-container-core-columns-is-layout-9d6595d7 wp-block-columns-is-layout-flex\">\n<div class=\"wp-block-column baseul-page-top-image-holder is-layout-flow wp-block-column-is-layout-flow\" style=\"flex-basis:42%\"><figure class=\"wp-block-post-featured-image\"><img loading=\"lazy\" decoding=\"async\" width=\"2000\" height=\"1333\" src=\"https:\/\/www.fsa.ulaval.ca\/wp-content\/uploads\/2023\/12\/livraison-bateau.jpg\" class=\"attachment-post-thumbnail size-post-thumbnail wp-post-image\" alt=\"\" style=\"object-fit:cover;\" srcset=\"https:\/\/www.fsa.ulaval.ca\/wp-content\/uploads\/2023\/12\/livraison-bateau.jpg 2000w, https:\/\/www.fsa.ulaval.ca\/wp-content\/uploads\/2023\/12\/livraison-bateau-300x200.jpg 300w, https:\/\/www.fsa.ulaval.ca\/wp-content\/uploads\/2023\/12\/livraison-bateau-1024x682.jpg 1024w, https:\/\/www.fsa.ulaval.ca\/wp-content\/uploads\/2023\/12\/livraison-bateau-768x512.jpg 768w, https:\/\/www.fsa.ulaval.ca\/wp-content\/uploads\/2023\/12\/livraison-bateau-1536x1024.jpg 1536w\" sizes=\"auto, (max-width: 2000px) 100vw, 2000px\" \/><\/figure><\/div>\n\n\n\n<div class=\"wp-block-column is-layout-flow wp-block-column-is-layout-flow\" style=\"flex-basis:58%\">\n<h1 class=\"wp-block-heading\" id=\"h-applied-operations-and-logistics\">Applied Operations<br><mark style=\"background-color:rgba(0, 0, 0, 0)\" class=\"has-inline-color has-white-color\">and Logistics<\/mark><\/h1>\n\n\n\n<h4 class=\"wp-block-heading\" id=\"h-cancelled-for-2026\"><mark style=\"background-color:#000000\" class=\"has-inline-color has-white-color\"><mark style=\"background-color:#000000\" class=\"has-inline-color has-white-color\">CANCELLED<\/mark> FOR 2026<\/mark><\/h4>\n\n\n\n<p>Unlock the secrets of operational efficiency and logistics with dynamic two-week hybrid summer school, &#8220;Applied Operations and Logistics.&#8221; This program offers a unique opportunity to see how industry leaders succeed.<\/p>\n\n\n\n<p>Through engaging lectures, hands-on case studies and visits to leading Qu\u00e9bec industries, you will experience firsthand how companies in the region excel in balancing supply and demand, building efficient supply networks, and navigating the challenges of modern logistics. Learn from real-world examples as you explore Qu\u00e9bec\u2019s thriving industrial landscape, from cutting-edge manufacturing plants to innovative supply chain operations.<\/p>\n\n\n\n<p>Our curriculum focuses on solving real-world challenges like efficiency, sustainability and the global impacts of logistics. Discover how companies measure performance, adapt to changes and build resilience in their operations. With a strong emphasis on critical thinking and problem solving, you will develop the analytical tools and strategies needed to thrive in this dynamic field.<\/p>\n\n\n\n<p>More than just a classroom experience, this program features interactive workshops, collaborative projects inspired by real-world scenarios and connects you with industry leaders. By the end of the summer school, you will have gained both in-depth knowledge and a deeper appreciation for Qu\u00e9bec&#8217;s industrial ingenuity and global contributions.<\/p>\n\n\n\n<p>Join us in the heart of Qu\u00e9bec and take the first step toward becoming a future leader in operations and logistics management!<\/p>\n\n\n\n<p><a id=\"_msocom_1\"><\/a><\/p>\n\n\n\n<ul class=\"wp-block-baseul-block-icon-list is-style-twocols\">\n<li class=\"wp-block-baseul-block-icon-list-item list-icon-target\"><span><strong><mark style=\"background-color:#E30519\" class=\"has-inline-color has-white-color\">Target Audience<br><\/mark><\/strong>Undergraduate students and graduate students from our partner universities<\/span><\/li>\n\n\n\n<li class=\"wp-block-baseul-block-icon-list-item list-icon-formula\"><span><strong><mark style=\"background-color:#E30519\" class=\"has-inline-color has-white-color\">Formula<br><\/mark><\/strong>Equivalent to 3 US credits (6 ECTS)<\/span><\/li>\n\n\n\n<li class=\"wp-block-baseul-block-icon-list-item list-icon-langue\"><span><strong><mark style=\"background-color:#E30519\" class=\"has-inline-color has-white-color\">Language<br><\/mark><\/strong>English<\/span><\/li>\n<\/ul>\n<\/div>\n<\/div>\n\n\n\n<div class=\"wp-block-baseul-block-onglets baseul-onglets-red\"><nav role=\"tablist\" class=\"tabs-navigation\"><button role=\"tab\" id=\"onglet_1_label\" aria-selected=\"true\" aria-controls=\"onglet_1\" type=\"button\" class=\"current-tab\"><span class=\"tab-title\">Program<\/span><\/button><button role=\"tab\" id=\"onglet_2_label\" aria-selected=\"false\" aria-controls=\"onglet_2\" type=\"button\" class=\"\"><span class=\"tab-title\">Academic Schedule<\/span><\/button><button role=\"tab\" id=\"onglet_3_label\" aria-selected=\"false\" aria-controls=\"onglet_3\" type=\"button\" class=\"\"><span class=\"tab-title\">Cultural and Social Activities<\/span><\/button><button role=\"tab\" id=\"onglet_4_label\" aria-selected=\"false\" aria-controls=\"onglet_4\" type=\"button\" class=\"\"><span class=\"tab-title\">Fees<\/span><\/button><button role=\"tab\" id=\"onglet_5_label\" aria-selected=\"false\" aria-controls=\"onglet_5\" type=\"button\" class=\"\"><span class=\"tab-title\">Admission Requirements<\/span><\/button><button role=\"tab\" id=\"onglet_6_label\" aria-selected=\"false\" aria-controls=\"onglet_6\" type=\"button\" class=\"\"><span class=\"tab-title\">Registration Procedure<\/span><\/button><button role=\"tab\" id=\"onglet_7_label\" aria-selected=\"false\" aria-controls=\"onglet_7\" type=\"button\" class=\"\"><span class=\"tab-title\">Practical Information<\/span><\/button><button role=\"tab\" id=\"onglet_8_label\" aria-selected=\"false\" aria-controls=\"onglet_8\" type=\"button\" class=\"\"><span class=\"tab-title\">Q\/A<\/span><\/button><\/nav><div class=\"tab-content\">\n<div id=\"onglet_1\" role=\"tabpanel\" aria-labelledby=\"onglet_1_label\" class=\"tab-panel\"><button aria-expanded=\"true\" aria-controls=\"onglet_1\" type=\"button\" class=\"tab-mobile-trigger\"><span class=\"tab-title\">Program<\/span><\/button><div class=\"tab-inner\" aria-hidden=\"false\">\n<p>This is an intensive program designed for students who are passionate about exploring the world of operations and logistics.<\/p>\n\n\n\n<p>The course offers a dynamic and engaging learning experience through a variety of activities:<\/p>\n\n\n\n<ul class=\"wp-block-list\">\n<li><strong>Lectures:<\/strong> Delivered by experienced and renowned professors, these sessions bring key concepts in operations and logistics to life using real-world examples and industry projects from Qu\u00e9bec and around the globe.<\/li>\n\n\n\n<li><strong>Corporate Visits:<\/strong> Gain firsthand insights during visits to organizations like the Qu\u00e9bec City Jean Lesage International Airport (YQB), the Qu\u00e9bec City Integrated Traffic Management Centre, the R\u00e9seau de transport de la Capitale (public transit authority) and the Port of Qu\u00e9bec.<\/li>\n\n\n\n<li><strong>Case Studies and Workshops:<\/strong> Participate in interactive case studies and workshops featuring well-known industries and companies, designed to apply classroom concepts in a practical context.<\/li>\n\n\n\n<li><strong>Group Assignment:<\/strong> Collaborate on a group project based on real-world cases, allowing you to put your newly acquired knowledge into action.<\/li>\n<\/ul>\n\n\n\n<h3 class=\"wp-block-heading\" id=\"h-exams\">Exams<\/h3>\n\n\n\n<ul class=\"wp-block-list\">\n<li>Reports on  visits\/guest lectures<\/li>\n\n\n\n<li>Participation<\/li>\n\n\n\n<li>Group assignment, practical project<\/li>\n<\/ul>\n\n\n\n<h3 class=\"wp-block-heading\" id=\"h-main-speakers\">Main Speakers<\/h3>\n\n\n\n<div class=\"wp-block-baseul-block-tuiles-container baseul-tuilerie-red baseul-tuilerie-large\"><ul class=\"baseul-tuilerie-content\">\n<li class=\"wp-block-baseul-block-tuile-contact\"><div class=\"baseul-tuile-content\"><div class=\"baseul-tuile-contact-header\"><img decoding=\"async\" src=\"https:\/\/www.fsa.ulaval.ca\/wp-content\/uploads\/2024\/05\/leandro-c-coelho-scaled.jpg\"\/><div class=\"baseul-tuile-contact-description\"><h3 class=\"nom-contact\">Leandro C. Coelho, Ph. D., MBA<\/h3><p class=\"titre-contact\">Full Professor<br>Chairholder, Canada Research Chair in Integrated Logistics<br>Department of Operations and Decision Systems<br>FSA ULaval<br>Universit\u00e9 Laval<\/p><p class=\"baseul-tuile-contact-courriel\"><a href=\"mailto:\"><\/a><\/p><\/div><\/div><div class=\"baseul-tuile-contact-tel-types\"><\/div><p class=\"footnote\"><a href=\"https:\/\/www.fsa.ulaval.ca\/en\/expert\/\">Speaker Profile<\/a><\/p><\/div><\/li>\n\n\n\n<li class=\"wp-block-baseul-block-tuile-contact\"><div class=\"baseul-tuile-content\"><div class=\"baseul-tuile-contact-header\"><img decoding=\"async\" src=\"https:\/\/www.fsa.ulaval.ca\/wp-content\/uploads\/2022\/12\/maryam-darvish.jpg\"\/><div class=\"baseul-tuile-contact-description\"><h3 class=\"nom-contact\">Maryam Darvish, Ph. D.<\/h3><p class=\"titre-contact\">Associate Professor<br>Undergraduate Program Director<br>Department of Operations and Decision Systems<br>FSA ULaval<br>Universit\u00e9 Laval<\/p><p class=\"baseul-tuile-contact-courriel\"><a href=\"mailto:\"><\/a><\/p><\/div><\/div><div class=\"baseul-tuile-contact-tel-types\"><\/div><p class=\"footnote\"><a href=\"https:\/\/www.fsa.ulaval.ca\/en\/expert\/\">Speaker Profile<\/a><\/p><\/div><\/li>\n<\/ul><\/div>\n<\/div><\/div>\n\n\n\n<div id=\"onglet_2\" role=\"tabpanel\" aria-labelledby=\"onglet_2_label\" class=\"tab-panel\"><button aria-expanded=\"false\" aria-controls=\"onglet_2\" type=\"button\" class=\"tab-mobile-trigger\"><span class=\"tab-title\">Activities<\/span><\/button><div class=\"tab-inner\" aria-hidden=\"true\">\n<p>For the first week, classes run online from Monday to Friday from 9 a.m. to 4 p.m. (Qu\u00e9bec Time UTC-5), with short breaks in the morning and afternoon, as well as a one-hour lunch break. Attendance is mandatory for all sessions.<\/p>\n\n\n\n<p>For the second week, classes will be in-person in Quebec city from Monday to Friday from 9.a.m to 4 p.m<\/p>\n<\/div><\/div>\n\n\n\n<div id=\"onglet_3\" role=\"tabpanel\" aria-labelledby=\"onglet_3_label\" class=\"tab-panel\"><button aria-expanded=\"false\" aria-controls=\"onglet_3\" type=\"button\" class=\"tab-mobile-trigger\"><span class=\"tab-title\">Cultural and Social Activities<\/span><\/button><div class=\"tab-inner\" aria-hidden=\"true\">\n<div class=\"wp-block-columns is-layout-flex wp-container-core-columns-is-layout-9d6595d7 wp-block-columns-is-layout-flex\">\n<div class=\"wp-block-column is-three-quarters is-layout-flow wp-block-column-is-layout-flow\">\n<h3 class=\"wp-block-heading\" id=\"h-activities-included\">Activities Included<\/h3>\n\n\n\n<p><strong><strong>Three activities are included in the basic fees:<\/strong><\/strong><\/p>\n\n\n\n<ul class=\"wp-block-list\">\n<li>Welcome Day on the Sunday June 14<\/li>\n\n\n\n<li>Guided tour of Old Qu\u00e9bec<\/li>\n\n\n\n<li>Lunch at a restaurant on the last Friday of the Summer University<\/li>\n<\/ul>\n<\/div>\n\n\n\n<div class=\"wp-block-column is-layout-flow wp-block-column-is-layout-flow\">\n<figure class=\"wp-block-image size-large\"><a href=\"https:\/\/www.fsa.ulaval.ca\/wp-content\/uploads\/2023\/12\/ISBU-logistics-1.jpg\"><img loading=\"lazy\" decoding=\"async\" width=\"1024\" height=\"768\" src=\"https:\/\/www.fsa.ulaval.ca\/wp-content\/uploads\/2023\/12\/ISBU-logistics-1-1024x768.jpg\" alt=\"\" class=\"wp-image-24255\" srcset=\"https:\/\/www.fsa.ulaval.ca\/wp-content\/uploads\/2023\/12\/ISBU-logistics-1-1024x768.jpg 1024w, https:\/\/www.fsa.ulaval.ca\/wp-content\/uploads\/2023\/12\/ISBU-logistics-1-300x225.jpg 300w, https:\/\/www.fsa.ulaval.ca\/wp-content\/uploads\/2023\/12\/ISBU-logistics-1-768x576.jpg 768w, https:\/\/www.fsa.ulaval.ca\/wp-content\/uploads\/2023\/12\/ISBU-logistics-1-1536x1152.jpg 1536w, https:\/\/www.fsa.ulaval.ca\/wp-content\/uploads\/2023\/12\/ISBU-logistics-1.jpg 2000w\" sizes=\"auto, (max-width: 1024px) 100vw, 1024px\" \/><\/a><\/figure>\n\n\n\n<figure class=\"wp-block-image size-large\"><a href=\"https:\/\/www.fsa.ulaval.ca\/wp-content\/uploads\/2025\/01\/activities-operations.jpg\"><img loading=\"lazy\" decoding=\"async\" width=\"1024\" height=\"768\" src=\"https:\/\/www.fsa.ulaval.ca\/wp-content\/uploads\/2025\/01\/activities-operations-1024x768.jpg\" alt=\"\" class=\"wp-image-33788\" srcset=\"https:\/\/www.fsa.ulaval.ca\/wp-content\/uploads\/2025\/01\/activities-operations-1024x768.jpg 1024w, https:\/\/www.fsa.ulaval.ca\/wp-content\/uploads\/2025\/01\/activities-operations-300x225.jpg 300w, https:\/\/www.fsa.ulaval.ca\/wp-content\/uploads\/2025\/01\/activities-operations-768x576.jpg 768w, https:\/\/www.fsa.ulaval.ca\/wp-content\/uploads\/2025\/01\/activities-operations.jpg 1392w\" sizes=\"auto, (max-width: 1024px) 100vw, 1024px\" \/><\/a><\/figure>\n\n\n\n<figure class=\"wp-block-image size-full\"><a href=\"https:\/\/www.fsa.ulaval.ca\/wp-content\/uploads\/2025\/01\/activities-operations-2.jpg\"><img loading=\"lazy\" decoding=\"async\" width=\"888\" height=\"667\" src=\"https:\/\/www.fsa.ulaval.ca\/wp-content\/uploads\/2025\/01\/activities-operations-2.jpg\" alt=\"\" class=\"wp-image-33790\" srcset=\"https:\/\/www.fsa.ulaval.ca\/wp-content\/uploads\/2025\/01\/activities-operations-2.jpg 888w, https:\/\/www.fsa.ulaval.ca\/wp-content\/uploads\/2025\/01\/activities-operations-2-300x225.jpg 300w, https:\/\/www.fsa.ulaval.ca\/wp-content\/uploads\/2025\/01\/activities-operations-2-768x577.jpg 768w\" sizes=\"auto, (max-width: 888px) 100vw, 888px\" \/><\/a><\/figure>\n<\/div>\n<\/div>\n\n\n\n<p><em>*all activities are subject to change<\/em><\/p>\n<\/div><\/div>\n\n\n\n<div id=\"onglet_4\" role=\"tabpanel\" aria-labelledby=\"onglet_4_label\" class=\"tab-panel\"><button aria-expanded=\"false\" aria-controls=\"onglet_4\" type=\"button\" class=\"tab-mobile-trigger\"><span class=\"tab-title\">Admission Requirements<\/span><\/button><div class=\"tab-inner\" aria-hidden=\"true\">\n<h3 class=\"wp-block-heading\" id=\"h-mandatory-fees-program-and-accomodation-included\">Mandatory Fees: Program and Accomodation Included<\/h3>\n\n\n\n<div class=\"wp-block-columns is-layout-flex wp-container-core-columns-is-layout-9d6595d7 wp-block-columns-is-layout-flex\">\n<div class=\"wp-block-column is-layout-flow wp-block-column-is-layout-flow\" style=\"flex-basis:66.66%\">\n<div class=\"wp-block-columns is-layout-flex wp-container-core-columns-is-layout-9d6595d7 wp-block-columns-is-layout-flex\">\n<div class=\"wp-block-column is-style-column-frame-red is-layout-flow wp-block-column-is-layout-flow\">\n<h4 class=\"wp-block-heading\" id=\"h-for-exchange-basis-students\">For exchange basis students*<\/h4>\n\n\n\n<h3 class=\"wp-block-heading\" id=\"h-can-1-300\">Can$1,300<\/h3>\n\n\n\n<p>*For partner universities using their balance (ratio 4:1)<\/p>\n<\/div>\n\n\n\n<div class=\"wp-block-column is-style-column-frame-red is-layout-flow wp-block-column-is-layout-flow\">\n<h4 class=\"wp-block-heading\" id=\"h-for-tuition-basis-students\">For tuition basis students*<\/h4>\n\n\n\n<h3 class=\"wp-block-heading\" id=\"h-can-1-600\">Can$1,600<\/h3>\n\n\n\n<p>*For partner universities not using their balance or non-partner universities<\/p>\n<\/div>\n<\/div>\n\n\n\n<p><\/p>\n<\/div>\n\n\n\n<div class=\"wp-block-column is-layout-flow wp-block-column-is-layout-flow\" style=\"flex-basis:33.33%\">\n<p><strong><mark style=\"background-color:#E30519\" class=\"has-inline-color has-white-color\">Inclusions<\/mark><\/strong><\/p>\n\n\n\n<ul class=\"wp-block-list\">\n<li>Academic lectures, corporate visits, and conferences by industry leaders<\/li>\n\n\n\n<li>Accomodation in single Standard University room (see below for more information)<\/li>\n\n\n\n<li>A welcome day with activities, visit of the campus and lunch<\/li>\n\n\n\n<li>Welcome bag with a ULaval tee-shirt<\/li>\n\n\n\n<li>Guided tour of Old Qu\u00e9bec<\/li>\n\n\n\n<li>Graduation ceremony and last lunch at a restaurant<\/li>\n\n\n\n<li>Course material<\/li>\n\n\n\n<li>On-campus Wi-Fi<\/li>\n<\/ul>\n<\/div>\n<\/div>\n\n\n\n<hr class=\"wp-block-separator has-text-color has-grey-color has-alpha-channel-opacity has-grey-background-color has-background is-style-wide\"\/>\n\n\n\n<h3 class=\"wp-block-heading\" id=\"h-accomodation\">Accomodation<\/h3>\n\n\n\n<p>Accommodation is included in the basic fee, covering 7 nights (June 13 to June 20, 2026) in our on-campus residence, just a 5-minute walk from the faculty. Each student gets a private single room with a sink, fridge, microwave, kettle, bedding, and towels. Bathrooms and kitchens are shared. No need to book\u2014accommodation is arranged for the entire group.<\/p>\n\n\n\n<p>Please note that accommodation fees are included in the basic fee and cannot be separated. If you choose to arrange your own housing off-campus, the full basic fee will still apply.<\/p>\n\n\n\n<hr class=\"wp-block-separator has-text-color has-grey-color has-alpha-channel-opacity has-grey-background-color has-background is-style-wide\"\/>\n\n\n\n<h3 class=\"wp-block-heading\" id=\"h-cancellation-refund-policy\">Cancellation Refund Policy<\/h3>\n\n\n\n<ul class=\"wp-block-list\">\n<li><strong>Before April 30, 2026:<\/strong> full refund (minus a $100 administration fee)<\/li>\n\n\n\n<li><strong>Between May 1 and May 13, 2026:<\/strong> 50% refund<\/li>\n\n\n\n<li><strong>After May 13, 2026:<\/strong> no refunds<\/li>\n<\/ul>\n<\/div><\/div>\n\n\n\n<div id=\"onglet_5\" role=\"tabpanel\" aria-labelledby=\"onglet_5_label\" class=\"tab-panel\"><button aria-expanded=\"false\" aria-controls=\"onglet_5\" type=\"button\" class=\"tab-mobile-trigger\"><span class=\"tab-title\">Registration Procedure<\/span><\/button><div class=\"tab-inner\" aria-hidden=\"true\">\n<h3 class=\"wp-block-heading\" id=\"h-language-requirement\">Language<br>Requirement<\/h3>\n\n\n\n<div class=\"wp-block-columns is-layout-flex wp-container-core-columns-is-layout-9d6595d7 wp-block-columns-is-layout-flex\">\n<div class=\"wp-block-column is-layout-flow wp-block-column-is-layout-flow\">\n<p>The ISBUs are taught entirely in English, and students come from many different countries. To fully enjoy and benefit from the academic and social aspects of the experience, students must demonstrate a minimum level of English proficiency at the time of registration. This can be done by achieving the required minimum score on one of the accepted language tests or by providing an attestation from their home institution confirming they meet the English proficiency standard.<\/p>\n<\/div>\n\n\n\n<div class=\"wp-block-column is-layout-flow wp-block-column-is-layout-flow\">\n<figure class=\"wp-block-table\"><table><thead><tr><th>Test<\/th><th>Score<\/th><\/tr><\/thead><tbody><tr><td>TOEIC<\/td><td>675<\/td><\/tr><tr><td>IELTS<\/td><td>6<\/td><\/tr><tr><td>TOEFL<\/td><td>64<\/td><\/tr><tr><td>CEFR<\/td><td>B2<\/td><\/tr><\/tbody><\/table><\/figure>\n<\/div>\n\n\n\n<div class=\"wp-block-column is-layout-flow wp-block-column-is-layout-flow\"><\/div>\n<\/div>\n\n\n\n<h3 class=\"wp-block-heading\" id=\"h-academic-requirement\">Academic<br>Requirement<\/h3>\n\n\n\n<p>Minimum 1 year of study in business administration or engineering.<\/p>\n<\/div><\/div>\n\n\n\n<div id=\"onglet_6\" role=\"tabpanel\" aria-labelledby=\"onglet_6_label\" class=\"tab-panel\"><button aria-expanded=\"false\" aria-controls=\"onglet_6\" type=\"button\" class=\"tab-mobile-trigger\"><span class=\"tab-title\">Practical Information<\/span><\/button><div class=\"tab-inner\" aria-hidden=\"true\">\n<h3 class=\"wp-block-heading\" id=\"h-nominations\">Nominations<\/h3>\n\n\n\n<p>Students must be nominated by their home university. The link to access the online nomination form is sent directly to partner universities.<\/p>\n\n\n\n<div class=\"wp-block-group is-style-group-notif-red is-layout-constrained wp-block-group-is-layout-constrained\">\n<p><strong>Deadline: April 30, 202<\/strong>6<\/p>\n<\/div>\n\n\n\n<h3 class=\"wp-block-heading\" id=\"h-registration-and-payment\">Registration and Payment<\/h3>\n\n\n\n<p>Nominated students will receive instructions on how to submit their application and payment once their nomination has been received.<\/p>\n\n\n\n<p>The following documents will have to be uploaded into the application form:<\/p>\n\n\n\n<ul class=\"wp-block-list\">\n<li>Proof of English-language proficiency<\/li>\n\n\n\n<li>Transcript of records showing at least one year of study in business administration or engineering.<\/li>\n<\/ul>\n\n\n\n<div class=\"wp-block-group is-style-group-notif-red is-layout-constrained wp-block-group-is-layout-constrained\">\n<p><strong>Deadlines: May 13, 2026: payment (basic fee and options) and application<\/strong><\/p>\n<\/div>\n<\/div><\/div>\n\n\n\n<div id=\"onglet_7\" role=\"tabpanel\" aria-labelledby=\"onglet_7_label\" class=\"tab-panel\"><button aria-expanded=\"false\" aria-controls=\"onglet_7\" type=\"button\" class=\"tab-mobile-trigger\"><span class=\"tab-title\">FAQ<\/span><\/button><div class=\"tab-inner\" aria-hidden=\"true\">\n<div class=\"wp-block-baseul-block-accordeon baseul-accordeon-red\"><h2 class=\"toggler-title-wrap\"><button aria-expanded=\"false\" class=\"toggler-button\" aria-controls=\"Location\" id=\"Location_label\"><span class=\"toggler-title\">Location<\/span><\/button><\/h2><div id=\"Location\" role=\"region\" aria-labelledby=\"Location_label\" class=\"toggler-panel\" hidden>\n<p><strong>FSA ULaval<\/strong><br>Pavillon Palasis-Prince<br>2325, rue de la Terrasse<br>Universit\u00e9 Laval<br>Qu\u00e9bec (Qu\u00e9bec) G1V 0A6<\/p>\n\n\n\n<p><a href=\"https:\/\/www.google.com\/maps\/place\/Pavillon+Palasis-Prince+(PAP)+-+Universit%C3%A9+Laval\/@46.7832091,-71.2745505,15z\/data=!4m5!3m4!1s0x0:0x11db9c597d16ceb3!8m2!3d46.7833932!4d-71.273944\">Google Maps<\/a><\/p>\n<\/div><\/div>\n\n\n\n<div class=\"wp-block-baseul-block-accordeon baseul-accordeon-red\"><h2 class=\"toggler-title-wrap\"><button aria-expanded=\"false\" class=\"toggler-button\" aria-controls=\"Meals\" id=\"Meals_label\"><span class=\"toggler-title\">Meals<\/span><\/button><\/h2><div id=\"Meals\" role=\"region\" aria-labelledby=\"Meals_label\" class=\"toggler-panel\" hidden>\n<p>The basic fee includes two meals: a welcome lunch on the first day and a celebratory lunch at a restaurant on the final Friday of classes.<\/p>\n\n\n\n<p>Other meals are not included, but there are <a href=\"https:\/\/www.ulaval.ca\/alimentation-sur-le-campus\/manger-sur-le-campus\">several cafeterias,<\/a> a small convenience store for groceries, and a restaurant conveniently located on campus.<\/p>\n\n\n\n<p>Additionally, you will have access to a shared kitchen in your residence. Please note that you will need to bring your own utensils for cooking.<\/p>\n<\/div><\/div>\n\n\n\n<div class=\"wp-block-baseul-block-accordeon baseul-accordeon-red\"><h2 class=\"toggler-title-wrap\"><button aria-expanded=\"false\" class=\"toggler-button\" aria-controls=\"Transportation\" id=\"Transportation_label\"><span class=\"toggler-title\">Transportation<\/span><\/button><\/h2><div id=\"Transportation\" role=\"region\" aria-labelledby=\"Transportation_label\" class=\"toggler-panel\" hidden>\n<p>Universit\u00e9 Laval (Google Maps) is located in the city of Qu\u00e9bec, approximately&nbsp;<strong>250 km from Montr\u00e9al<\/strong>. You can get there from the South Shore via Highway 20 (Jean-Lesage) or the North Shore via Highway 40 (F\u00e9lix-Leclerc).<\/p>\n\n\n\n<div class=\"wp-block-columns is-layout-flex wp-container-core-columns-is-layout-9d6595d7 wp-block-columns-is-layout-flex\">\n<div class=\"wp-block-column is-layout-flow wp-block-column-is-layout-flow\" style=\"flex-basis:25%\">\n<figure class=\"wp-block-image size-full\"><img loading=\"lazy\" decoding=\"async\" width=\"600\" height=\"600\" src=\"https:\/\/www.fsa.ulaval.ca\/wp-content\/uploads\/2023\/02\/avion.png\" alt=\"\" class=\"wp-image-9868\" srcset=\"https:\/\/www.fsa.ulaval.ca\/wp-content\/uploads\/2023\/02\/avion.png 600w, https:\/\/www.fsa.ulaval.ca\/wp-content\/uploads\/2023\/02\/avion-300x300.png 300w, https:\/\/www.fsa.ulaval.ca\/wp-content\/uploads\/2023\/02\/avion-150x150.png 150w\" sizes=\"auto, (max-width: 600px) 100vw, 600px\" \/><\/figure>\n<\/div>\n\n\n\n<div class=\"wp-block-column is-layout-flow wp-block-column-is-layout-flow\" style=\"flex-basis:75%\">\n<h4 class=\"wp-block-heading\" id=\"h-arriving-by-plane\">Arriving by plane<\/h4>\n\n\n\n<p>Your final destination is the Qu\u00e9bec City&nbsp;<a href=\"https:\/\/www.aeroportdequebec.com\/en\" target=\"_blank\" rel=\"noreferrer noopener\">Jean Lesage International Airport \u2013 YQB<\/a>. It is located approximately 12 km from Universit\u00e9 Laval and approximately 18 km from Old Qu\u00e9bec.<\/p>\n\n\n\n<ul class=\"wp-block-list\">\n<li><a href=\"https:\/\/www.quebec-cite.com\/en\/plan-your-trip-quebec-city\/getting-here#by-plane\" target=\"_blank\" rel=\"noreferrer noopener\">Air carriers with service to Qu\u00e9bec City<\/a><\/li>\n\n\n\n<li><a href=\"https:\/\/www.aeroportdequebec.com\/en\/airport-access\/taxis-and-limousine\" target=\"_blank\" rel=\"noreferrer noopener\">Available transportation from the Qu\u00e9bec City airport<\/a><\/li>\n<\/ul>\n<\/div>\n<\/div>\n\n\n\n<div class=\"wp-block-columns is-layout-flex wp-container-core-columns-is-layout-9d6595d7 wp-block-columns-is-layout-flex\">\n<div class=\"wp-block-column is-layout-flow wp-block-column-is-layout-flow\" style=\"flex-basis:25%\">\n<figure class=\"wp-block-image size-full\"><img loading=\"lazy\" decoding=\"async\" width=\"700\" height=\"700\" src=\"https:\/\/www.fsa.ulaval.ca\/wp-content\/uploads\/2023\/11\/autobus.png\" alt=\"\" class=\"wp-image-23256\" srcset=\"https:\/\/www.fsa.ulaval.ca\/wp-content\/uploads\/2023\/11\/autobus.png 700w, https:\/\/www.fsa.ulaval.ca\/wp-content\/uploads\/2023\/11\/autobus-300x300.png 300w, https:\/\/www.fsa.ulaval.ca\/wp-content\/uploads\/2023\/11\/autobus-150x150.png 150w\" sizes=\"auto, (max-width: 700px) 100vw, 700px\" \/><\/figure>\n<\/div>\n\n\n\n<div class=\"wp-block-column is-layout-flow wp-block-column-is-layout-flow\" style=\"flex-basis:75%\">\n<h4 class=\"wp-block-heading\" id=\"h-arriving-by-motor-coach\">Arriving by motor coach<\/h4>\n\n\n\n<p>There are 2 motor coach stations in Qu\u00e9bec:<\/p>\n\n\n\n<ul class=\"wp-block-list\">\n<li><a href=\"https:\/\/www.orleansexpress.com\/en\/bus-destination\/quebec-sainte-foy-bus\/\" target=\"_blank\" rel=\"noreferrer noopener\">Gare d\u2019autocars de Sainte-Foy<\/a>&nbsp;(4.7 km from Universit\u00e9 Laval)<\/li>\n\n\n\n<li><a href=\"https:\/\/www.orleansexpress.com\/en\/bus-destination\/quebec-centre-ville-bus\/\" target=\"_blank\" rel=\"noreferrer noopener\">Gare du Palais&nbsp;<\/a>(8 km from Universit\u00e9 Laval)<\/li>\n<\/ul>\n\n\n\n<p>If you are travelling by motor coach from the United States, you will arrive in Montr\u00e9al. From there, you must take an Orl\u00e9ans Express motor coach to get to Qu\u00e9bec City. Travel time: 3 hours and 15 minutes.<\/p>\n<\/div>\n<\/div>\n\n\n\n<div class=\"wp-block-columns is-layout-flex wp-container-core-columns-is-layout-9d6595d7 wp-block-columns-is-layout-flex\">\n<div class=\"wp-block-column is-layout-flow wp-block-column-is-layout-flow\" style=\"flex-basis:25%\">\n<figure class=\"wp-block-image size-full\"><img loading=\"lazy\" decoding=\"async\" width=\"600\" height=\"600\" src=\"https:\/\/www.fsa.ulaval.ca\/wp-content\/uploads\/2023\/02\/train.png\" alt=\"\" class=\"wp-image-9872\" srcset=\"https:\/\/www.fsa.ulaval.ca\/wp-content\/uploads\/2023\/02\/train.png 600w, https:\/\/www.fsa.ulaval.ca\/wp-content\/uploads\/2023\/02\/train-300x300.png 300w, https:\/\/www.fsa.ulaval.ca\/wp-content\/uploads\/2023\/02\/train-150x150.png 150w\" sizes=\"auto, (max-width: 600px) 100vw, 600px\" \/><\/figure>\n<\/div>\n\n\n\n<div class=\"wp-block-column is-layout-flow wp-block-column-is-layout-flow\" style=\"flex-basis:75%\">\n<h4 class=\"wp-block-heading\" id=\"h-arriving-by-train\">Arriving by train<\/h4>\n\n\n\n<p>There are 2 train stations in Qu\u00e9bec:<\/p>\n\n\n\n<ul class=\"wp-block-list\">\n<li><a href=\"https:\/\/www.viarail.ca\/en\/explore-our-destinations\/stations\/quebec\/sainte-foy\" target=\"_blank\" rel=\"noreferrer noopener\">Gare de Sainte-Foy<\/a>&nbsp;(5.2 km from Universit\u00e9 Laval)<\/li>\n\n\n\n<li><a href=\"https:\/\/www.viarail.ca\/en\/explore-our-destinations\/stations\/quebec\/quebec-city\" target=\"_blank\" rel=\"noreferrer noopener\">Gare du Palais<\/a>&nbsp;(8 km from Universit\u00e9 Laval)<\/li>\n<\/ul>\n\n\n\n<p>If you are travelling with&nbsp;<a href=\"https:\/\/www.amtrak.com\/home.html\" target=\"_blank\" rel=\"noreferrer noopener\">Amtrak<\/a>&nbsp;from the United States, you will arrive in Montr\u00e9al. From there, you must take a&nbsp;<a href=\"https:\/\/www.viarail.ca\/en\" target=\"_blank\" rel=\"noreferrer noopener\">Via Rail Canada<\/a>&nbsp;train to get to Qu\u00e9bec City. Travel time: 3.5 hours.<\/p>\n<\/div>\n<\/div>\n\n\n\n<h4 class=\"wp-block-heading\" id=\"h-to-get-around-in-quebec-city\">To get around in Qu\u00e9bec City<\/h4>\n\n\n\n<p><a href=\"https:\/\/www.google.com\/search?rlz=1C1GCEU_frCA821CA821&amp;sxsrf=ACYBGNRqm1zQImFLyEcTp17oE5fEe7ZzjA:1579818340281&amp;q=taxi+quebec+city&amp;npsic=0&amp;rflfq=1&amp;rlha=0&amp;rllag=46795428,-71268737,4309&amp;tbm=lcl&amp;ved=2ahUKEwj7mu334ZrnAhWMg-AKHQP2BqgQtgN6BAgLEAQ&amp;tbs=lrf:!1m4!1u2!2m2!2m1!1e1!2m1!1e2!3sIAE,lf:1,lf_ui:2&amp;rldoc=1#rlfi=hd:;si:;mv:[[46.846311799999995,-71.213748],[46.7639187,-71.3146733]];tbs:lrf:!1m4!1u2!2m2!2m1!1e1!2m1!1e2!3sIAE,lf:1,lf_ui:2\">Taxi<\/a>,&nbsp;<a href=\"https:\/\/www.uber.com\/global\/fr-ca\/cities\/quebec-city\/\">Uber<\/a>&nbsp;or&nbsp;<a href=\"https:\/\/www.rtcquebec.ca\/en\">public transit buses<\/a>&nbsp;(RTC \u2013 R\u00e9seau de transport de la Capitale)<\/p>\n<\/div><\/div>\n\n\n\n<div class=\"wp-block-baseul-block-accordeon baseul-accordeon-red\"><h2 class=\"toggler-title-wrap\"><button aria-expanded=\"false\" class=\"toggler-button\" aria-controls=\"Requirements-inCanada\" id=\"Requirements-inCanada_label\"><span class=\"toggler-title\">Requirements in Canada<\/span><\/button><\/h2><div id=\"Requirements-inCanada\" role=\"region\" aria-labelledby=\"Requirements-inCanada_label\" class=\"toggler-panel\" hidden>\n<p><strong>Be prepared!<\/strong><br>All foreigners other than U.S. citizens must have either of the following documents to enter Canada:<\/p>\n\n\n\n<ul class=\"wp-block-list\">\n<li>An electronic Travel Authorization (eTA)<\/li>\n<\/ul>\n\n\n\n<p>OR<\/p>\n\n\n\n<ul class=\"wp-block-list\">\n<li>A visa<\/li>\n<\/ul>\n\n\n\n<p>The&nbsp;<a href=\"https:\/\/www.ulaval.ca\/en\/international\/immigration\" target=\"_blank\" rel=\"noreferrer noopener\">Universit\u00e9 Laval website<\/a>&nbsp;provides all of the necessary information for you to undertake the procedures to obtain the required authorizations to come study in Canada.<\/p>\n\n\n\n<p>Depending on your situation, these procedures could take several months. Don\u2019t delay!<\/p>\n<\/div><\/div>\n\n\n\n<div class=\"wp-block-baseul-block-accordeon baseul-accordeon-red\"><h2 class=\"toggler-title-wrap\"><button aria-expanded=\"false\" class=\"toggler-button\" aria-controls=\"Weather-inQubec\" id=\"Weather-inQubec_label\"><span class=\"toggler-title\">Weather in Qu\u00e9bec<\/span><\/button><\/h2><div id=\"Weather-inQubec\" role=\"region\" aria-labelledby=\"Weather-inQubec_label\" class=\"toggler-panel\" hidden>\n<p>There are 4 very distinct seasons in Qu\u00e9bec City. The weather can sometimes be unpredictable. It is best to plan ahead when packing your clothing. Find out about the&nbsp;<a href=\"https:\/\/www.ville.quebec.qc.ca\/en\/touristes\/meteo\/index.aspx\" target=\"_blank\" rel=\"noreferrer noopener\">average high and low temperatures<\/a>&nbsp;for each month.<\/p>\n\n\n\n<p>Check the&nbsp;<a href=\"https:\/\/www.theweathernetwork.com\/ca\" target=\"_blank\" rel=\"noreferrer noopener\">local weather<\/a>&nbsp;before packing your bags.<\/p>\n<\/div><\/div>\n\n\n\n<div class=\"wp-block-baseul-block-accordeon baseul-accordeon-red\"><h2 class=\"toggler-title-wrap\"><button aria-expanded=\"false\" class=\"toggler-button\" aria-controls=\"Qubec-City\" id=\"Qubec-City_label\"><span class=\"toggler-title\">Qu\u00e9bec City<\/span><\/button><\/h2><div id=\"Qubec-City\" role=\"region\" aria-labelledby=\"Qubec-City_label\" class=\"toggler-panel\" hidden>\n<p>Recognized as a UNESCO World Heritage Site, Qu\u00e9bec City will charm you with its historical attractions, diverse landscapes, warm and friendly inhabitants, world class events and culinary delights. Refer to the following websites for an authentic and unforgettable experience!<\/p>\n\n\n\n<ul class=\"wp-block-list\">\n<li><a href=\"https:\/\/www.quebec-cite.com\/en\" target=\"_blank\" rel=\"noreferrer noopener\">Office du tourisme de Qu\u00e9bec<\/a><\/li>\n\n\n\n<li><a href=\"https:\/\/www.quoifaireaquebec.com\/en\" target=\"_blank\" rel=\"noreferrer noopener\">Quoi faire \u00e0 Qu\u00e9bec (activity schedule)<\/a><\/li>\n<\/ul>\n<\/div><\/div>\n\n\n\n<div class=\"wp-block-baseul-block-accordeon baseul-accordeon-red\"><h2 class=\"toggler-title-wrap\"><button aria-expanded=\"false\" class=\"toggler-button\" aria-controls=\"FSA-ULavalUniversitLaval\" id=\"FSA-ULavalUniversitLaval_label\"><span class=\"toggler-title\">FSA ULaval, Universit\u00e9 Laval<\/span><\/button><\/h2><div id=\"FSA-ULavalUniversitLaval\" role=\"region\" aria-labelledby=\"FSA-ULavalUniversitLaval_label\" class=\"toggler-panel\" hidden>\n<p>With its two international accreditations, FSA ULaval ranks among the top 1% of the best business schools on the planet. These accreditations recognize the Faculty\u2019s excellence in all its facets: academics, research, pedagogical innovation, international activities, student resources and services, and partnerships with the community.<\/p>\n\n\n\n<ul class=\"wp-block-list\">\n<li><a href=\"https:\/\/www.fsa.ulaval.ca\/en\/\" target=\"_blank\" rel=\"noreferrer noopener\">Learn more about FSA ULaval<\/a><\/li>\n\n\n\n<li><a href=\"https:\/\/www.ulaval.ca\/en\/about-us\/universite-laval-at-a-glance\" target=\"_blank\" rel=\"noreferrer noopener\">Learn more about Universit\u00e9 Laval<\/a><\/li>\n<\/ul>\n<\/div><\/div>\n<\/div><\/div>\n\n\n\n<div id=\"onglet_8\" role=\"tabpanel\" aria-labelledby=\"onglet_8_label\" class=\"tab-panel\"><button aria-expanded=\"false\" aria-controls=\"onglet_8\" type=\"button\" class=\"tab-mobile-trigger\"><span class=\"tab-title\">Q\/A<\/span><\/button><div class=\"tab-inner\" aria-hidden=\"true\">\n<div class=\"wp-block-baseul-block-accordeon baseul-accordeon-red\"><h2 class=\"toggler-title-wrap\"><button aria-expanded=\"false\" class=\"toggler-button\" aria-controls=\"Do-Ineedastudypermittoparticipateintheprogram\" id=\"Do-Ineedastudypermittoparticipateintheprogram_label\"><span class=\"toggler-title\">Do I need a study permit to participate in the program?<\/span><\/button><\/h2><div id=\"Do-Ineedastudypermittoparticipateintheprogram\" role=\"region\" aria-labelledby=\"Do-Ineedastudypermittoparticipateintheprogram_label\" class=\"toggler-panel\" hidden>\n<p>No, a study stay of 6 months or less does not require obtaining a Qu\u00e9bec Acceptance Certificate (CAQ) or a study permit.However, depending on your country of origin, <a href=\"https:\/\/www.fsa.ulaval.ca\/en\/academics\/summer-schools\/operations-management-logistics\/#Entry-RequirementsinCanada\">you may require a visa<\/a>.<\/p>\n<\/div><\/div>\n\n\n\n<div class=\"wp-block-baseul-block-accordeon baseul-accordeon-red\"><h2 class=\"toggler-title-wrap\"><button aria-expanded=\"false\" class=\"toggler-button\" aria-controls=\"Will-Ineedtopurchasematerialsforthecourse\" id=\"Will-Ineedtopurchasematerialsforthecourse_label\"><span class=\"toggler-title\">Will I need to purchase materials for the course?<\/span><\/button><\/h2><div id=\"Will-Ineedtopurchasematerialsforthecourse\" role=\"region\" aria-labelledby=\"Will-Ineedtopurchasematerialsforthecourse_label\" class=\"toggler-panel\" hidden>\n<p>No, the course materials are included in the program fee.<\/p>\n<\/div><\/div>\n\n\n\n<div class=\"wp-block-baseul-block-accordeon baseul-accordeon-red\"><h2 class=\"toggler-title-wrap\"><button aria-expanded=\"false\" class=\"toggler-button\" aria-controls=\"Can-ItravelduringtheISBU\" id=\"Can-ItravelduringtheISBU_label\"><span class=\"toggler-title\">Can I travel during the ISBU?<\/span><\/button><\/h2><div id=\"Can-ItravelduringtheISBU\" role=\"region\" aria-labelledby=\"Can-ItravelduringtheISBU_label\" class=\"toggler-panel\" hidden>\n<p>You may visit other cities during the weekend. Montr\u00e9al is approximately a 2.5-hour drive away, and Ottawa is 4 hours away. However, we highly recommend staying in the Qu\u00e9bec City region during the entire ISBU and to schedule your trips before or after the summer school program dates.<\/p>\n<\/div><\/div>\n\n\n\n<div class=\"wp-block-baseul-block-accordeon baseul-accordeon-red\"><h2 class=\"toggler-title-wrap\"><button aria-expanded=\"false\" class=\"toggler-button\" aria-controls=\"Do-Ineedatravelinsurance\" id=\"Do-Ineedatravelinsurance_label\"><span class=\"toggler-title\">Do I need a travel insurance?<\/span><\/button><\/h2><div id=\"Do-Ineedatravelinsurance\" role=\"region\" aria-labelledby=\"Do-Ineedatravelinsurance_label\" class=\"toggler-panel\" hidden>\n<p>It is highly recommended that you purchase travel insurance before your trip to Qu\u00e9bec to ensure you are protected in case of accidents or unforeseen events.<\/p>\n<\/div><\/div>\n\n\n\n<div class=\"wp-block-baseul-block-accordeon baseul-accordeon-red\"><h2 class=\"toggler-title-wrap\"><button aria-expanded=\"false\" class=\"toggler-button\" aria-controls=\"Do-IneedtospeakFrenchtoparticipateintheISBU\" id=\"Do-IneedtospeakFrenchtoparticipateintheISBU_label\"><span class=\"toggler-title\">Do I need to speak French to participate in the ISBU?<\/span><\/button><\/h2><div id=\"Do-IneedtospeakFrenchtoparticipateintheISBU\" role=\"region\" aria-labelledby=\"Do-IneedtospeakFrenchtoparticipateintheISBU_label\" class=\"toggler-panel\" hidden>\n<p>No, the program is taught entirely in English and all the activities are carried out in this language. You will quickly notice that Qu\u00e9bec City is a French-speaking city but do not worry: most Quebecers also speak English. It is the perfect opportunity to learn a few French words and expressions as you make yourself understood in English, should you require any directions to get around the city!<\/p>\n<\/div><\/div>\n\n\n\n<div class=\"wp-block-baseul-block-accordeon baseul-accordeon-red\"><h2 class=\"toggler-title-wrap\"><button aria-expanded=\"false\" class=\"toggler-button\" aria-controls=\"Should-Ibookmyroomintheresidencesmyself\" id=\"Should-Ibookmyroomintheresidencesmyself_label\"><span class=\"toggler-title\">Should I book my room in the residences myself?<\/span><\/button><\/h2><div id=\"Should-Ibookmyroomintheresidencesmyself\" role=\"region\" aria-labelledby=\"Should-Ibookmyroomintheresidencesmyself_label\" class=\"toggler-panel\" hidden>\n<p>No need to book-housing is arranged for the entire group.<\/p>\n<\/div><\/div>\n\n\n\n<div class=\"wp-block-baseul-block-accordeon baseul-accordeon-red\"><h2 class=\"toggler-title-wrap\"><button aria-expanded=\"false\" class=\"toggler-button\" aria-controls=\"Can-Iaddextranightstomyroomreservationintheresidences\" id=\"Can-Iaddextranightstomyroomreservationintheresidences_label\"><span class=\"toggler-title\">Can I add extra nights to my room reservation in the residences?<\/span><\/button><\/h2><div id=\"Can-Iaddextranightstomyroomreservationintheresidences\" role=\"region\" aria-labelledby=\"Can-Iaddextranightstomyroomreservationintheresidences_label\" class=\"toggler-panel\" hidden>\n<p>Yes, you can request additional nights before or after the program dates. Please email us at <a href=\"mailto:international@fsa.ulaval.ca\">international@fsa.ulaval.ca<\/a> to make the request. You will need to pay for the extra nights directly to the residences.<\/p>\n<\/div><\/div>\n\n\n\n<div class=\"wp-block-baseul-block-accordeon baseul-accordeon-red\"><h2 class=\"toggler-title-wrap\"><button aria-expanded=\"false\" class=\"toggler-button\" aria-controls=\"Can-Icookintheresidences\" id=\"Can-Icookintheresidences_label\"><span class=\"toggler-title\">Can I cook in the residences?<\/span><\/button><\/h2><div id=\"Can-Icookintheresidences\" role=\"region\" aria-labelledby=\"Can-Icookintheresidences_label\" class=\"toggler-panel\" hidden>\n<p>Yes, you will have access to a shared kitchen with various appliances, including a stove, hot plates, a microwave, and an outdoor BBQ. You will need to bring or purchase your own utensils (cutlery, glasses) and cookware.<\/p>\n<\/div><\/div>\n\n\n\n<div class=\"wp-block-baseul-block-accordeon baseul-accordeon-red\"><h2 class=\"toggler-title-wrap\"><button aria-expanded=\"false\" class=\"toggler-button\" aria-controls=\"How-willIgetaroundthecity\" id=\"How-willIgetaroundthecity_label\"><span class=\"toggler-title\">How will I get around the city?<\/span><\/button><\/h2><div id=\"How-willIgetaroundthecity\" role=\"region\" aria-labelledby=\"How-willIgetaroundthecity_label\" class=\"toggler-panel\" hidden>\n<p>You will be informed on how to purchase a bus pass for the week.<\/p>\n<\/div><\/div>\n\n\n\n<div class=\"wp-block-baseul-block-accordeon baseul-accordeon-red\"><h2 class=\"toggler-title-wrap\"><button aria-expanded=\"false\" class=\"toggler-button\" aria-controls=\"Do-IhaveaccesstothegymatthePEPSsportscomplex\" id=\"Do-IhaveaccesstothegymatthePEPSsportscomplex_label\"><span class=\"toggler-title\">Do I have access to the gym at the PEPS sports complex?<\/span><\/button><\/h2><div id=\"Do-IhaveaccesstothegymatthePEPSsportscomplex\" role=\"region\" aria-labelledby=\"Do-IhaveaccesstothegymatthePEPSsportscomplex_label\" class=\"toggler-panel\" hidden>\n<p>You can purchase a weekly membership ($) directly at the PEPS. Pricing details are available <a href=\"https:\/\/peps.ulaval.ca\/abonnements-et-tarifs#public-5248\" target=\"_blank\" rel=\"noreferrer noopener\">on the PEPS website<\/a> (in French only). Please note that the &#8220;public rate&#8221; will apply.<\/p>\n<\/div><\/div>\n\n\n\n<div class=\"wp-block-baseul-block-accordeon baseul-accordeon-red\"><h2 class=\"toggler-title-wrap\"><button aria-expanded=\"false\" class=\"toggler-button\" aria-controls=\"What-shouldIwear\" id=\"What-shouldIwear_label\"><span class=\"toggler-title\">What should I wear?<\/span><\/button><\/h2><div id=\"What-shouldIwear\" role=\"region\" aria-labelledby=\"What-shouldIwear_label\" class=\"toggler-panel\" hidden>\n<p>In the classroom, you can wear regular clothing. For corporate visits, business attire is highly recommended.<\/p>\n<\/div><\/div>\n<\/div><\/div>\n<\/div><\/div>\n\n\n\n<div class=\"wp-block-group alignfull has-lightgrey-background-color has-background is-layout-constrained wp-block-group-is-layout-constrained\">\n<div class=\"wp-block-columns is-layout-flex wp-container-core-columns-is-layout-9d6595d7 wp-block-columns-is-layout-flex\">\n<div class=\"wp-block-column is-layout-flow wp-block-column-is-layout-flow\" style=\"flex-basis:25%\">\n<h2 class=\"wp-block-heading has-text-align-right\" id=\"h-contact-us\">Contact us<\/h2>\n<\/div>\n\n\n\n<div class=\"wp-block-column is-vertically-aligned-center is-layout-flow wp-block-column-is-layout-flow\" style=\"flex-basis:75%\">\n<p><a href=\"mailto:international@fsa.ulaval.ca\" target=\"_blank\" rel=\"noreferrer noopener\">international@fsa.ulaval.ca<\/a><\/p>\n<\/div>\n<\/div>\n<\/div>\n","protected":false},"excerpt":{"rendered":"<p>Applied Operationsand Logistics CANCELLED FOR 2026 Unlock the secrets of operational efficiency and logistics with dynamic two-week hybrid summer school, &#8220;Applied Operations and Logistics.&#8221; This program offers a unique opportunity to see how industry leaders succeed. Through engaging lectures, hands-on case studies and visits to leading Qu\u00e9bec industries, you will experience firsthand how companies in [&hellip;]<\/p>\n","protected":false},"author":5,"featured_media":24227,"parent":7197,"menu_order":0,"comment_status":"closed","ping_status":"closed","template":"page-notitle.php","meta":{"_acf_changed":false,"featured_image_focal_point":[],"footnotes":""},"class_list":["post-7206","page","type-page","status-publish","has-post-thumbnail","hentry"],"acf":[],"yoast_head":"<title>Applied Operations and Logistics - FSA - Universit\u00e9 Laval<\/title>\r\n<meta name=\"description\" content=\"Discover the complete program and all the practical information of the Summer School in Applied Operations ans Logistics.\" \/>\r\n<meta name=\"robots\" content=\"index, follow, max-snippet:-1, max-image-preview:large, max-video-preview:-1\" \/>\r\n<link rel=\"canonical\" href=\"https:\/\/www.fsa.ulaval.ca\/en\/academics\/summer-schools\/operations-management-logistics\/\" \/>\r\n<meta property=\"og:locale\" content=\"en_US\" \/>\r\n<meta property=\"og:type\" content=\"article\" \/>\r\n<meta property=\"og:title\" content=\"Applied Operations and Logistics - FSA - Universit\u00e9 Laval\" \/>\r\n<meta property=\"og:description\" content=\"Discover the complete program and all the practical information of the Summer School in Applied Operations ans Logistics.\" \/>\r\n<meta property=\"og:url\" content=\"https:\/\/www.fsa.ulaval.ca\/en\/academics\/summer-schools\/operations-management-logistics\/\" \/>\r\n<meta property=\"og:site_name\" content=\"FSA ULaval\" \/>\r\n<meta property=\"article:publisher\" content=\"https:\/\/www.facebook.com\/fsaulaval\" \/>\r\n<meta property=\"article:modified_time\" content=\"2026-04-09T12:56:28+00:00\" \/>\r\n<meta property=\"og:image\" content=\"https:\/\/www.fsa.ulaval.ca\/wp-content\/uploads\/2023\/12\/livraison-bateau.jpg\" \/>\r\n\t<meta property=\"og:image:width\" content=\"2000\" \/>\r\n\t<meta property=\"og:image:height\" content=\"1333\" \/>\r\n\t<meta property=\"og:image:type\" content=\"image\/jpeg\" \/>\r\n<meta name=\"twitter:card\" content=\"summary_large_image\" \/>\r\n<meta name=\"twitter:title\" content=\"Applied Operations and Logistics - FSA - Universit\u00e9 Laval\" \/>\r\n<meta name=\"twitter:description\" content=\"Discover the complete program and all the practical information of the Summer School in Applied Operations ans Logistics.\" \/>\r\n<meta name=\"twitter:site\" content=\"@fsaulaval\" \/>\r\n<meta name=\"twitter:label1\" content=\"Est. reading time\" \/>\n\t<meta name=\"twitter:data1\" content=\"11 minutes\" \/>\r\n<script type=\"application\/ld+json\" class=\"yoast-schema-graph\">{\"@context\":\"https:\/\/schema.org\",\"@graph\":[{\"@type\":\"WebPage\",\"@id\":\"https:\/\/www.fsa.ulaval.ca\/en\/academics\/summer-schools\/operations-management-logistics\/\",\"url\":\"https:\/\/www.fsa.ulaval.ca\/en\/academics\/summer-schools\/operations-management-logistics\/\",\"name\":\"Applied Operations and Logistics - FSA - Universit\u00e9 Laval\",\"isPartOf\":{\"@id\":\"https:\/\/www.fsa.ulaval.ca\/en\/#website\"},\"primaryImageOfPage\":{\"@id\":\"https:\/\/www.fsa.ulaval.ca\/en\/academics\/summer-schools\/operations-management-logistics\/#primaryimage\"},\"image\":{\"@id\":\"https:\/\/www.fsa.ulaval.ca\/en\/academics\/summer-schools\/operations-management-logistics\/#primaryimage\"},\"thumbnailUrl\":\"https:\/\/www.fsa.ulaval.ca\/wp-content\/uploads\/2023\/12\/livraison-bateau.jpg\",\"datePublished\":\"2022-11-03T19:12:43+00:00\",\"dateModified\":\"2026-04-09T12:56:28+00:00\",\"description\":\"Discover the complete program and all the practical information of the Summer School in Applied Operations ans Logistics.\",\"breadcrumb\":{\"@id\":\"https:\/\/www.fsa.ulaval.ca\/en\/academics\/summer-schools\/operations-management-logistics\/#breadcrumb\"},\"inLanguage\":\"en-US\",\"potentialAction\":[{\"@type\":\"ReadAction\",\"target\":[\"https:\/\/www.fsa.ulaval.ca\/en\/academics\/summer-schools\/operations-management-logistics\/\"]}]},{\"@type\":\"ImageObject\",\"inLanguage\":\"en-US\",\"@id\":\"https:\/\/www.fsa.ulaval.ca\/en\/academics\/summer-schools\/operations-management-logistics\/#primaryimage\",\"url\":\"https:\/\/www.fsa.ulaval.ca\/wp-content\/uploads\/2023\/12\/livraison-bateau.jpg\",\"contentUrl\":\"https:\/\/www.fsa.ulaval.ca\/wp-content\/uploads\/2023\/12\/livraison-bateau.jpg\",\"width\":2000,\"height\":1333},{\"@type\":\"BreadcrumbList\",\"@id\":\"https:\/\/www.fsa.ulaval.ca\/en\/academics\/summer-schools\/operations-management-logistics\/#breadcrumb\",\"itemListElement\":[{\"@type\":\"ListItem\",\"position\":1,\"name\":\"Accueil\",\"item\":\"https:\/\/www.fsa.ulaval.ca\/en\/\"},{\"@type\":\"ListItem\",\"position\":2,\"name\":\"Academics\",\"item\":\"https:\/\/www.fsa.ulaval.ca\/en\/academics\/\"},{\"@type\":\"ListItem\",\"position\":3,\"name\":\"Summer Schools\",\"item\":\"https:\/\/www.fsa.ulaval.ca\/en\/academics\/summer-schools\/\"},{\"@type\":\"ListItem\",\"position\":4,\"name\":\"Applied Operations and Logistics\"}]},{\"@type\":\"WebSite\",\"@id\":\"https:\/\/www.fsa.ulaval.ca\/en\/#website\",\"url\":\"https:\/\/www.fsa.ulaval.ca\/en\/\",\"name\":\"FSA ULaval\",\"description\":\"FSA ULaval\",\"publisher\":{\"@id\":\"https:\/\/www.fsa.ulaval.ca\/en\/#organization\"},\"potentialAction\":[{\"@type\":\"SearchAction\",\"target\":{\"@type\":\"EntryPoint\",\"urlTemplate\":\"https:\/\/www.fsa.ulaval.ca\/en\/?s={search_term_string}\"},\"query-input\":{\"@type\":\"PropertyValueSpecification\",\"valueRequired\":true,\"valueName\":\"search_term_string\"}}],\"inLanguage\":\"en-US\"},{\"@type\":\"Organization\",\"@id\":\"https:\/\/www.fsa.ulaval.ca\/en\/#organization\",\"name\":\"FSA ULaval\",\"alternateName\":\"FSA ULaval\",\"url\":\"https:\/\/www.fsa.ulaval.ca\/en\/\",\"logo\":{\"@type\":\"ImageObject\",\"inLanguage\":\"en-US\",\"@id\":\"https:\/\/www.fsa.ulaval.ca\/en\/#\/schema\/logo\/image\/\",\"url\":\"https:\/\/www.fsa.ulaval.ca\/wp-content\/uploads\/2023\/03\/logo_facultaire.jpg\",\"contentUrl\":\"https:\/\/www.fsa.ulaval.ca\/wp-content\/uploads\/2023\/03\/logo_facultaire.jpg\",\"width\":200,\"height\":200,\"caption\":\"FSA ULaval\"},\"image\":{\"@id\":\"https:\/\/www.fsa.ulaval.ca\/en\/#\/schema\/logo\/image\/\"},\"sameAs\":[\"https:\/\/www.facebook.com\/fsaulaval\",\"https:\/\/x.com\/fsaulaval\",\"https:\/\/ca.linkedin.com\/company\/fsaulaval\",\"https:\/\/www.instagram.com\/fsaulaval\/\"]}]}<\/script>","yoast_head_json":{"title":"Applied Operations and Logistics - FSA - Universit\u00e9 Laval","description":"Discover the complete program and all the practical information of the Summer School in Applied Operations ans Logistics.","robots":{"index":"index","follow":"follow","max-snippet":"max-snippet:-1","max-image-preview":"max-image-preview:large","max-video-preview":"max-video-preview:-1"},"canonical":"https:\/\/www.fsa.ulaval.ca\/en\/academics\/summer-schools\/operations-management-logistics\/","og_locale":"en_US","og_type":"article","og_title":"Applied Operations and Logistics - FSA - Universit\u00e9 Laval","og_description":"Discover the complete program and all the practical information of the Summer School in Applied Operations ans Logistics.","og_url":"https:\/\/www.fsa.ulaval.ca\/en\/academics\/summer-schools\/operations-management-logistics\/","og_site_name":"FSA ULaval","article_publisher":"https:\/\/www.facebook.com\/fsaulaval","article_modified_time":"2026-04-09T12:56:28+00:00","og_image":[{"width":2000,"height":1333,"url":"https:\/\/www.fsa.ulaval.ca\/wp-content\/uploads\/2023\/12\/livraison-bateau.jpg","type":"image\/jpeg"}],"twitter_card":"summary_large_image","twitter_title":"Applied Operations and Logistics - FSA - Universit\u00e9 Laval","twitter_description":"Discover the complete program and all the practical information of the Summer School in Applied Operations ans Logistics.","twitter_site":"@fsaulaval","twitter_misc":{"Est. reading time":"11 minutes"},"schema":{"@context":"https:\/\/schema.org","@graph":[{"@type":"WebPage","@id":"https:\/\/www.fsa.ulaval.ca\/en\/academics\/summer-schools\/operations-management-logistics\/","url":"https:\/\/www.fsa.ulaval.ca\/en\/academics\/summer-schools\/operations-management-logistics\/","name":"Applied Operations and Logistics - FSA - Universit\u00e9 Laval","isPartOf":{"@id":"https:\/\/www.fsa.ulaval.ca\/en\/#website"},"primaryImageOfPage":{"@id":"https:\/\/www.fsa.ulaval.ca\/en\/academics\/summer-schools\/operations-management-logistics\/#primaryimage"},"image":{"@id":"https:\/\/www.fsa.ulaval.ca\/en\/academics\/summer-schools\/operations-management-logistics\/#primaryimage"},"thumbnailUrl":"https:\/\/www.fsa.ulaval.ca\/wp-content\/uploads\/2023\/12\/livraison-bateau.jpg","datePublished":"2022-11-03T19:12:43+00:00","dateModified":"2026-04-09T12:56:28+00:00","description":"Discover the complete program and all the practical information of the Summer School in Applied Operations ans Logistics.","breadcrumb":{"@id":"https:\/\/www.fsa.ulaval.ca\/en\/academics\/summer-schools\/operations-management-logistics\/#breadcrumb"},"inLanguage":"en-US","potentialAction":[{"@type":"ReadAction","target":["https:\/\/www.fsa.ulaval.ca\/en\/academics\/summer-schools\/operations-management-logistics\/"]}]},{"@type":"ImageObject","inLanguage":"en-US","@id":"https:\/\/www.fsa.ulaval.ca\/en\/academics\/summer-schools\/operations-management-logistics\/#primaryimage","url":"https:\/\/www.fsa.ulaval.ca\/wp-content\/uploads\/2023\/12\/livraison-bateau.jpg","contentUrl":"https:\/\/www.fsa.ulaval.ca\/wp-content\/uploads\/2023\/12\/livraison-bateau.jpg","width":2000,"height":1333},{"@type":"BreadcrumbList","@id":"https:\/\/www.fsa.ulaval.ca\/en\/academics\/summer-schools\/operations-management-logistics\/#breadcrumb","itemListElement":[{"@type":"ListItem","position":1,"name":"Accueil","item":"https:\/\/www.fsa.ulaval.ca\/en\/"},{"@type":"ListItem","position":2,"name":"Academics","item":"https:\/\/www.fsa.ulaval.ca\/en\/academics\/"},{"@type":"ListItem","position":3,"name":"Summer Schools","item":"https:\/\/www.fsa.ulaval.ca\/en\/academics\/summer-schools\/"},{"@type":"ListItem","position":4,"name":"Applied Operations and Logistics"}]},{"@type":"WebSite","@id":"https:\/\/www.fsa.ulaval.ca\/en\/#website","url":"https:\/\/www.fsa.ulaval.ca\/en\/","name":"FSA ULaval","description":"FSA ULaval","publisher":{"@id":"https:\/\/www.fsa.ulaval.ca\/en\/#organization"},"potentialAction":[{"@type":"SearchAction","target":{"@type":"EntryPoint","urlTemplate":"https:\/\/www.fsa.ulaval.ca\/en\/?s={search_term_string}"},"query-input":{"@type":"PropertyValueSpecification","valueRequired":true,"valueName":"search_term_string"}}],"inLanguage":"en-US"},{"@type":"Organization","@id":"https:\/\/www.fsa.ulaval.ca\/en\/#organization","name":"FSA ULaval","alternateName":"FSA ULaval","url":"https:\/\/www.fsa.ulaval.ca\/en\/","logo":{"@type":"ImageObject","inLanguage":"en-US","@id":"https:\/\/www.fsa.ulaval.ca\/en\/#\/schema\/logo\/image\/","url":"https:\/\/www.fsa.ulaval.ca\/wp-content\/uploads\/2023\/03\/logo_facultaire.jpg","contentUrl":"https:\/\/www.fsa.ulaval.ca\/wp-content\/uploads\/2023\/03\/logo_facultaire.jpg","width":200,"height":200,"caption":"FSA ULaval"},"image":{"@id":"https:\/\/www.fsa.ulaval.ca\/en\/#\/schema\/logo\/image\/"},"sameAs":["https:\/\/www.facebook.com\/fsaulaval","https:\/\/x.com\/fsaulaval","https:\/\/ca.linkedin.com\/company\/fsaulaval","https:\/\/www.instagram.com\/fsaulaval\/"]}]}},"_links":{"self":[{"href":"https:\/\/www.fsa.ulaval.ca\/en\/wp-json\/wp\/v2\/pages\/7206","targetHints":{"allow":["GET"]}}],"collection":[{"href":"https:\/\/www.fsa.ulaval.ca\/en\/wp-json\/wp\/v2\/pages"}],"about":[{"href":"https:\/\/www.fsa.ulaval.ca\/en\/wp-json\/wp\/v2\/types\/page"}],"author":[{"embeddable":true,"href":"https:\/\/www.fsa.ulaval.ca\/en\/wp-json\/wp\/v2\/users\/5"}],"replies":[{"embeddable":true,"href":"https:\/\/www.fsa.ulaval.ca\/en\/wp-json\/wp\/v2\/comments?post=7206"}],"version-history":[{"count":10,"href":"https:\/\/www.fsa.ulaval.ca\/en\/wp-json\/wp\/v2\/pages\/7206\/revisions"}],"predecessor-version":[{"id":42777,"href":"https:\/\/www.fsa.ulaval.ca\/en\/wp-json\/wp\/v2\/pages\/7206\/revisions\/42777"}],"up":[{"embeddable":true,"href":"https:\/\/www.fsa.ulaval.ca\/en\/wp-json\/wp\/v2\/pages\/7197"}],"wp:featuredmedia":[{"embeddable":true,"href":"https:\/\/www.fsa.ulaval.ca\/en\/wp-json\/wp\/v2\/media\/24227"}],"wp:attachment":[{"href":"https:\/\/www.fsa.ulaval.ca\/en\/wp-json\/wp\/v2\/media?parent=7206"}],"curies":[{"name":"wp","href":"https:\/\/api.w.org\/{rel}","templated":true}]}}