{"id":8103,"date":"2022-11-01T15:46:54","date_gmt":"2022-11-01T19:46:54","guid":{"rendered":"https:\/\/www.fsa.ulaval.ca\/?page_id=8103"},"modified":"2026-03-20T09:43:16","modified_gmt":"2026-03-20T13:43:16","slug":"donate","status":"publish","type":"page","link":"https:\/\/www.fsa.ulaval.ca\/en\/faculty\/donate\/","title":{"rendered":"Donate for the Advancement of the Faculty"},"content":{"rendered":"\n<div class=\"wp-block-columns baseul-reverse baseul-page-top is-layout-flex wp-container-core-columns-is-layout-9d6595d7 wp-block-columns-is-layout-flex\">\n<div class=\"wp-block-column baseul-page-top-image-holder is-layout-flow wp-block-column-is-layout-flow\" style=\"flex-basis:42%\"><figure class=\"wp-block-post-featured-image\"><img loading=\"lazy\" decoding=\"async\" width=\"1200\" height=\"1200\" src=\"https:\/\/www.fsa.ulaval.ca\/wp-content\/uploads\/2025\/01\/donner-fsa-ulaval.jpg\" class=\"attachment-post-thumbnail size-post-thumbnail wp-post-image\" alt=\"\" style=\"object-fit:cover;\" srcset=\"https:\/\/www.fsa.ulaval.ca\/wp-content\/uploads\/2025\/01\/donner-fsa-ulaval.jpg 1200w, https:\/\/www.fsa.ulaval.ca\/wp-content\/uploads\/2025\/01\/donner-fsa-ulaval-300x300.jpg 300w, https:\/\/www.fsa.ulaval.ca\/wp-content\/uploads\/2025\/01\/donner-fsa-ulaval-1024x1024.jpg 1024w, https:\/\/www.fsa.ulaval.ca\/wp-content\/uploads\/2025\/01\/donner-fsa-ulaval-150x150.jpg 150w, https:\/\/www.fsa.ulaval.ca\/wp-content\/uploads\/2025\/01\/donner-fsa-ulaval-768x768.jpg 768w\" sizes=\"auto, (max-width: 1200px) 100vw, 1200px\" \/><\/figure><\/div>\n\n\n\n<div class=\"wp-block-column is-layout-flow wp-block-column-is-layout-flow\" style=\"flex-basis:58%\">\n<h1 class=\"wp-block-heading\" id=\"h-donate-for-the-advancement-of-the-faculty\">Donate for the Advancement <br><mark style=\"background-color:rgba(0, 0, 0, 0)\" class=\"has-inline-color has-white-color\">of the Faculty<\/mark><\/h1>\n\n\n\n<h2 class=\"wp-block-heading\" id=\"h-discover-our-80-philanthropic-funds\">Discover our <mark style=\"background-color:#E30519\" class=\"has-inline-color has-white-color\">80 philanthropic funds<\/mark><\/h2>\n\n\n\n<p>Our philanthropic funds help support many transformative initiatives for our community.<\/p>\n\n\n\n<ul class=\"wp-block-baseul-block-icon-list is-style-twocols\">\n<li class=\"wp-block-baseul-block-icon-list-item list-icon-banque\"><span><strong>Scholarships<\/strong><br>More than 270 scholarships, valued at just over $700,000 in total, awarded every year<\/span><\/li>\n\n\n\n<li class=\"wp-block-baseul-block-icon-list-item list-icon-avion\"><span><strong>International students<\/strong><br>More than 80 scholarships, valued at over $275,000 in total, awarded every year<\/span><\/li>\n\n\n\n<li class=\"wp-block-baseul-block-icon-list-item list-icon-livre\"><span><strong>Research chairs<\/strong><br>To support the development of new knowledge in the field of management<\/span><\/li>\n\n\n\n<li class=\"wp-block-baseul-block-icon-list-item list-icon-suitcase\"><span><strong>Entrepreneurial projects<\/strong><br>To encourage ambitious minds in their initiatives<\/span><\/li>\n\n\n\n<li class=\"wp-block-baseul-block-icon-list-item list-icon-edifice\"><span><strong>Infrastructure projects<\/strong><br>To provide an evolving learning environment<\/span><\/li>\n\n\n\n<li class=\"wp-block-baseul-block-icon-list-item list-icon-ampoule\"><span><strong>Student competitions<\/strong><br>To support the application of knowledge and skills<\/span><\/li>\n<\/ul>\n\n\n\n<h2 class=\"wp-block-heading\" id=\"h-how-you-can-donate\">How you can donate<\/h2>\n\n\n\n<div class=\"wp-block-columns is-layout-flex wp-container-core-columns-is-layout-9d6595d7 wp-block-columns-is-layout-flex\">\n<div class=\"wp-block-column is-layout-flow wp-block-column-is-layout-flow\" style=\"flex-basis:66.66%\">\n<ul class=\"wp-block-list\">\n<li>Money (monthly donations, credit cards, cheques, bank transfers)<\/li>\n\n\n\n<li>Securities transfers<\/li>\n\n\n\n<li>Planned donations (bequests, life insurance)<\/li>\n<\/ul>\n\n\n\n<div class=\"wp-block-buttons is-layout-flex wp-block-buttons-is-layout-flex\">\n<div class=\"wp-block-button\"><a class=\"wp-block-button__link wp-element-button\" href=\"https:\/\/www.dprd.ulaval.ca\/donner\/facultes\/sciences-de-ladministration\/\" target=\"_blank\" rel=\"noreferrer noopener\">Take action and donate!<\/a><\/div>\n<\/div>\n<\/div>\n\n\n\n<div class=\"wp-block-column is-vertically-aligned-center is-style-column-frame-empty has-lightgrey-background-color has-background is-layout-flow wp-block-column-is-layout-flow\" style=\"flex-basis:33.33%\">\n<p><strong>Your donation may be tax deductible in accordance with your local regulations.<\/strong><\/p>\n<\/div>\n<\/div>\n\n\n\n<div class=\"wp-block-columns is-layout-flex wp-container-core-columns-is-layout-9d6595d7 wp-block-columns-is-layout-flex\">\n<div class=\"wp-block-column is-layout-flow wp-block-column-is-layout-flow\"><\/div>\n\n\n\n<div class=\"wp-block-column is-layout-flow wp-block-column-is-layout-flow\"><\/div>\n<\/div>\n<\/div>\n<\/div>\n\n\n\n<h2 class=\"wp-block-heading\" id=\"h-what-causes-do-you-care-deeply-about\">What causes do you care deeply about?<\/h2>\n\n\n\n<div class=\"wp-block-baseul-block-accordeon baseul-accordeon-red\"><h2 class=\"toggler-title-wrap\"><button aria-expanded=\"false\" class=\"toggler-button\" aria-controls=\"precarious-situation\" id=\"precarious-situation_label\"><span class=\"toggler-title\">Supporting students who are in a <mark style=\"background-color:#E30519\" class=\"has-inline-color has-white-color\">precarious situation<\/mark><\/span><\/button><\/h2><div id=\"precarious-situation\" role=\"region\" aria-labelledby=\"precarious-situation_label\" class=\"toggler-panel\" hidden>\n<p>Developing skills and gaining access to new opportunities should not be curtailed by a difficult financial situation.<\/p>\n\n\n\n<p>By supporting these individuals, you are helping more people fully invest themselves in their studies to pave the way to a successful career in the business world.<\/p>\n\n\n\n<p>These funds let our high-achieving and motivated students who are experiencing financial difficulties continue their studies at FSA ULaval.<\/p>\n\n\n\n<h3 class=\"wp-block-heading\" id=\"h-testimonials-from-our-scholarship-recipients-in-french-only\">Testimonials from our scholarship recipients (in French only)<\/h3>\n\n\n\n<div class=\"wp-block-columns is-layout-flex wp-container-core-columns-is-layout-9d6595d7 wp-block-columns-is-layout-flex\">\n<div class=\"wp-block-column is-layout-flow wp-block-column-is-layout-flow\">\n<figure class=\"wp-block-image size-full is-style-rounded\"><a href=\"#amine-rami\"><img loading=\"lazy\" decoding=\"async\" width=\"288\" height=\"288\" src=\"https:\/\/www.fsa.ulaval.ca\/wp-content\/uploads\/2025\/01\/amine-rami-carre.png\" alt=\"\" class=\"wp-image-33388\" srcset=\"https:\/\/www.fsa.ulaval.ca\/wp-content\/uploads\/2025\/01\/amine-rami-carre.png 288w, https:\/\/www.fsa.ulaval.ca\/wp-content\/uploads\/2025\/01\/amine-rami-carre-150x150.png 150w\" sizes=\"auto, (max-width: 288px) 100vw, 288px\" \/><\/a><figcaption class=\"wp-element-caption\"><strong>Amine Rami<br><\/strong>MSc &#8211; Information Technology Management<\/figcaption><\/figure>\n<\/div>\n\n\n\n<div class=\"wp-block-column is-layout-flow wp-block-column-is-layout-flow\">\n<figure class=\"wp-block-image size-full is-style-rounded\"><a href=\"#frederic-garnaud\"><img loading=\"lazy\" decoding=\"async\" width=\"288\" height=\"288\" src=\"https:\/\/www.fsa.ulaval.ca\/wp-content\/uploads\/2022\/11\/frederic-garnaud-carre.jpg\" alt=\"\" class=\"wp-image-2416\" srcset=\"https:\/\/www.fsa.ulaval.ca\/wp-content\/uploads\/2022\/11\/frederic-garnaud-carre.jpg 288w, https:\/\/www.fsa.ulaval.ca\/wp-content\/uploads\/2022\/11\/frederic-garnaud-carre-150x150.jpg 150w\" sizes=\"auto, (max-width: 288px) 100vw, 288px\" \/><\/a><figcaption class=\"wp-element-caption\"><strong>Fr\u00e9d\u00e9ric Garnaud<br><\/strong>BAA &#8211; International Entrepreneurship concentration<\/figcaption><\/figure>\n<\/div>\n\n\n\n<div class=\"wp-block-column is-layout-flow wp-block-column-is-layout-flow\">\n<figure class=\"wp-block-image size-full is-style-rounded\"><a href=\"#patricia-bernard\"><img loading=\"lazy\" decoding=\"async\" width=\"288\" height=\"288\" src=\"https:\/\/www.fsa.ulaval.ca\/wp-content\/uploads\/2022\/11\/patricia-bernard-carre.jpg\" alt=\"\" class=\"wp-image-2414\" srcset=\"https:\/\/www.fsa.ulaval.ca\/wp-content\/uploads\/2022\/11\/patricia-bernard-carre.jpg 288w, https:\/\/www.fsa.ulaval.ca\/wp-content\/uploads\/2022\/11\/patricia-bernard-carre-150x150.jpg 150w\" sizes=\"auto, (max-width: 288px) 100vw, 288px\" \/><\/a><figcaption class=\"wp-element-caption\"><strong>Patricia Bernard<\/strong><br>MSc &#8211; Development of People and Organizations<\/figcaption><\/figure>\n<\/div>\n\n\n\n<div class=\"wp-block-column is-layout-flow wp-block-column-is-layout-flow\">\n<figure class=\"wp-block-image size-full is-style-rounded\"><a href=\"#saika-sarazin\"><img loading=\"lazy\" decoding=\"async\" width=\"288\" height=\"288\" src=\"https:\/\/www.fsa.ulaval.ca\/wp-content\/uploads\/2022\/11\/saika-sarazin-carre.jpg\" alt=\"\" class=\"wp-image-2412\" srcset=\"https:\/\/www.fsa.ulaval.ca\/wp-content\/uploads\/2022\/11\/saika-sarazin-carre.jpg 288w, https:\/\/www.fsa.ulaval.ca\/wp-content\/uploads\/2022\/11\/saika-sarazin-carre-150x150.jpg 150w\" sizes=\"auto, (max-width: 288px) 100vw, 288px\" \/><\/a><figcaption class=\"wp-element-caption\"><strong>Sa\u00efka Sarazin<\/strong><br>MBA &#8211; International Management<\/figcaption><\/figure>\n<\/div>\n<\/div>\n\n\n\n<div class=\"wp-block-columns is-layout-flex wp-container-core-columns-is-layout-9d6595d7 wp-block-columns-is-layout-flex\">\n<div class=\"wp-block-column is-layout-flow wp-block-column-is-layout-flow\">\n<figure class=\"wp-block-image size-full is-style-rounded\"><a href=\"#olivier-godbout\"><img loading=\"lazy\" decoding=\"async\" width=\"288\" height=\"288\" src=\"https:\/\/www.fsa.ulaval.ca\/wp-content\/uploads\/2022\/11\/olivier-godbout-carre.jpg\" alt=\"\" class=\"wp-image-2410\" srcset=\"https:\/\/www.fsa.ulaval.ca\/wp-content\/uploads\/2022\/11\/olivier-godbout-carre.jpg 288w, https:\/\/www.fsa.ulaval.ca\/wp-content\/uploads\/2022\/11\/olivier-godbout-carre-150x150.jpg 150w\" sizes=\"auto, (max-width: 288px) 100vw, 288px\" \/><\/a><figcaption class=\"wp-element-caption\"><strong>Olivier Godbout<br><\/strong>MSc &#8211; Finance<\/figcaption><\/figure>\n<\/div>\n\n\n\n<div class=\"wp-block-column is-layout-flow wp-block-column-is-layout-flow\">\n<figure class=\"wp-block-image size-full is-style-rounded\"><a href=\"#akouvi-ange-koko\"><img loading=\"lazy\" decoding=\"async\" width=\"288\" height=\"288\" src=\"https:\/\/www.fsa.ulaval.ca\/wp-content\/uploads\/2022\/11\/akouvi-ange-koko-carre.jpg\" alt=\"\" class=\"wp-image-2408\" srcset=\"https:\/\/www.fsa.ulaval.ca\/wp-content\/uploads\/2022\/11\/akouvi-ange-koko-carre.jpg 288w, https:\/\/www.fsa.ulaval.ca\/wp-content\/uploads\/2022\/11\/akouvi-ange-koko-carre-150x150.jpg 150w\" sizes=\"auto, (max-width: 288px) 100vw, 288px\" \/><\/a><figcaption class=\"wp-element-caption\"><strong>Akouvi Ange Koko<\/strong><br>BAA &#8211; Insurance and Risk Management concentration<\/figcaption><\/figure>\n<\/div>\n\n\n\n<div class=\"wp-block-column is-layout-flow wp-block-column-is-layout-flow\">\n<figure class=\"wp-block-image size-full is-style-rounded\"><a href=\"#moutaka-karamowa\"><img loading=\"lazy\" decoding=\"async\" width=\"288\" height=\"288\" src=\"https:\/\/www.fsa.ulaval.ca\/wp-content\/uploads\/2022\/11\/moutaka-karamowa-carre.jpg\" alt=\"\" class=\"wp-image-2406\" srcset=\"https:\/\/www.fsa.ulaval.ca\/wp-content\/uploads\/2022\/11\/moutaka-karamowa-carre.jpg 288w, https:\/\/www.fsa.ulaval.ca\/wp-content\/uploads\/2022\/11\/moutaka-karamowa-carre-150x150.jpg 150w\" sizes=\"auto, (max-width: 288px) 100vw, 288px\" \/><\/a><figcaption class=\"wp-element-caption\"><strong>Moutaka Karamowa<\/strong><br>MBA<\/figcaption><\/figure>\n<\/div>\n\n\n\n<div class=\"wp-block-column is-layout-flow wp-block-column-is-layout-flow\"><\/div>\n<\/div>\n\n\n\n<h3 class=\"wp-block-heading\" id=\"h-funds-in-this-category-in-french-only\">Funds in this category (in French only)<\/h3>\n\n\n\n<div class=\"wp-block-baseul-block-tuiles-container baseul-tuilerie-red\"><ul class=\"baseul-tuilerie-content\">\n<li class=\"wp-block-baseul-block-tuile-txt\"><a href=\"https:\/\/www.dprd.ulaval.ca\/donner\/fonds\/0472\/\" class=\"baseul-tuile-content\"><h3>0472 | Fonds de bourses d\u2019admission Banque HSBC Canada<\/h3><p>Soutenir financi\u00e8rement les \u00e9tudiantes et les \u00e9tudiants au moyen de bourses d\u2019admissions lors de leur entr\u00e9e dans un programme de 1er cycle \u00e0 FSA ULaval<\/p><\/a><\/li>\n\n\n\n<li class=\"wp-block-baseul-block-tuile-txt\"><a href=\"https:\/\/www.dprd.ulaval.ca\/donner\/fonds\/0686\/\" class=\"baseul-tuile-content\"><h3>0686 | Fonds \u00c9milien-Bolduc<\/h3><p>Aider les \u00e9tudiants et \u00e9tudiantes de FSA ULaval, via entre autres des bourses d&#8217;e pr\u00e9carit\u00e9 financi\u00e8re d&#8217;appui \u00e0 la r\u00e9ussite, de mobilit\u00e9 et la participation \u00e0 des comp\u00e9titions \u00e9tudiantes.<\/p><\/a><\/li>\n\n\n\n<li class=\"wp-block-baseul-block-tuile-txt\"><a href=\"https:\/\/www.dprd.ulaval.ca\/donner\/fonds\/9426\/\" class=\"baseul-tuile-content\"><h3>9426 | FER de FSA ULaval \u2013 Fonds du 100e anniversaire de FSA ULaval<\/h3><p>Offrir des bourses d\u2019appui \u00e0 la r\u00e9ussite et des bourses de mobilit\u00e9 aux \u00e9tudiantes et aux \u00e9tudiants en sciences de l\u2019administration aux trois cycles d\u2019\u00e9tudes.<\/p><\/a><\/li>\n\n\n\n<li class=\"wp-block-baseul-block-tuile-txt\"><a href=\"https:\/\/www.dprd.ulaval.ca\/donner\/fonds\/9429\/\" class=\"baseul-tuile-content\"><h3>9429 | FER de FSA ULaval \u2013 Fonds de solidarit\u00e9 interfacultaire<\/h3><p>Offrir des bourses de soutien aux \u00e9tudiantes et aux \u00e9tudiants en situation de pr\u00e9carit\u00e9 financi\u00e8re en dehors de la Facult\u00e9 des sciences de l&#8217;administration.<\/p><\/a><\/li>\n\n\n\n<li class=\"wp-block-baseul-block-tuile-txt\"><a href=\"https:\/\/www.dprd.ulaval.ca\/donner\/fonds\/9433\/\" class=\"baseul-tuile-content\"><h3>9433 | FER de FSA ULaval \u2013 Fondation Lise et Richard Fortin<\/h3><p>Offrir un appui concret aux personnes vivant une situation financi\u00e8re pr\u00e9caire, encourager l\u2019engagement social et professionnel, et soutenir des initiatives qui renforcent la solidarit\u00e9 et la vitalit\u00e9 \u00e9tudiante au sein de la communaut\u00e9 de FSA ULaval.<\/p><\/a><\/li>\n\n\n\n<li class=\"wp-block-baseul-block-tuile-txt\"><a href=\"https:\/\/www.dprd.ulaval.ca\/donner\/fonds\/9406\/\" class=\"baseul-tuile-content\"><h3>9646 | FER de FSA ULaval \u2013 Fonds de bourses pour situations financi\u00e8res pr\u00e9caires<\/h3><p>Le Fonds a pour objectif de recevoir les contributions destin\u00e9es aux \u00e9tudiantes et \u00e9tudiants de la Facult\u00e9 des sciences de l\u2019administration en difficult\u00e9s financi\u00e8res.<\/p><\/a><\/li>\n<\/ul><\/div>\n<\/div><\/div>\n\n\n\n<div class=\"wp-block-baseul-block-accordeon baseul-accordeon-red\"><h2 class=\"toggler-title-wrap\"><button aria-expanded=\"false\" class=\"toggler-button\" aria-controls=\"entrepreneurs\" id=\"entrepreneurs_label\"><span class=\"toggler-title\">Fostering the emergence of the <mark style=\"background-color:#E30519\" class=\"has-inline-color has-white-color\">next generation of entrepreneurs<\/mark><\/span><\/button><\/h2><div id=\"entrepreneurs\" role=\"region\" aria-labelledby=\"entrepreneurs_label\" class=\"toggler-panel\" hidden>\n<p>All businesses, both big and small, established and start-ups, are creators of wealth.<\/p>\n\n\n\n<p>The younger generation, in search of challenges and achievements, is increasingly interested in entrepreneurship.<\/p>\n\n\n\n<p>Investing in the creativity and entrepreneurial potential of a new generation that wants to change the world means supporting sound values and preparing for a better future for Qu\u00e9bec.<\/p>\n\n\n\n<p>These funds provide the next generation of entrepreneurs with the means to fuel their creativity and innovate.<\/p>\n\n\n\n<h3 class=\"wp-block-heading\" id=\"h-testimonials-from-our-scholarship-recipients-in-french-only-0\">Testimonials from our scholarship recipients (in French only)<\/h3>\n\n\n\n<div class=\"wp-block-columns is-layout-flex wp-container-core-columns-is-layout-9d6595d7 wp-block-columns-is-layout-flex\">\n<div class=\"wp-block-column is-layout-flow wp-block-column-is-layout-flow\">\n<figure class=\"wp-block-image size-medium is-resized is-style-rounded\"><a href=\"#tessellate\"><img loading=\"lazy\" decoding=\"async\" width=\"300\" height=\"300\" src=\"https:\/\/www.fsa.ulaval.ca\/wp-content\/uploads\/2025\/01\/tesselate-robotics-300x300.jpg\" alt=\"\" class=\"wp-image-33419\" style=\"object-fit:cover;width:288px;height:288px\" srcset=\"https:\/\/www.fsa.ulaval.ca\/wp-content\/uploads\/2025\/01\/tesselate-robotics-300x300.jpg 300w, https:\/\/www.fsa.ulaval.ca\/wp-content\/uploads\/2025\/01\/tesselate-robotics-150x150.jpg 150w, https:\/\/www.fsa.ulaval.ca\/wp-content\/uploads\/2025\/01\/tesselate-robotics.jpg 649w\" sizes=\"auto, (max-width: 300px) 100vw, 300px\" \/><\/a><figcaption class=\"wp-element-caption\"><strong>Dominic Baril, Simon-Pierre Desch\u00eanes et Pierre-Hugo Vigneux<\/strong><br>Tessellate Robotics<\/figcaption><\/figure>\n<\/div>\n\n\n\n<div class=\"wp-block-column is-layout-flow wp-block-column-is-layout-flow\">\n<figure class=\"wp-block-image size-full is-resized is-style-rounded\"><a href=\"#ferreol\"><img loading=\"lazy\" decoding=\"async\" width=\"500\" height=\"500\" src=\"https:\/\/www.fsa.ulaval.ca\/wp-content\/uploads\/2025\/01\/ferreol.jpg\" alt=\"\" class=\"wp-image-33423\" style=\"object-fit:cover;width:288px;height:288px\" srcset=\"https:\/\/www.fsa.ulaval.ca\/wp-content\/uploads\/2025\/01\/ferreol.jpg 500w, https:\/\/www.fsa.ulaval.ca\/wp-content\/uploads\/2025\/01\/ferreol-300x300.jpg 300w, https:\/\/www.fsa.ulaval.ca\/wp-content\/uploads\/2025\/01\/ferreol-150x150.jpg 150w\" sizes=\"auto, (max-width: 500px) 100vw, 500px\" \/><\/a><figcaption class=\"wp-element-caption\"><strong>Jonathan Audet, F\u00e9lix Lapointe et \u00c9tienne Boucher<\/strong><br>FERREOL<\/figcaption><\/figure>\n<\/div>\n\n\n\n<div class=\"wp-block-column is-layout-flow wp-block-column-is-layout-flow\">\n<figure class=\"wp-block-image size-full is-resized is-style-rounded\"><a href=\"#lexya\"><img loading=\"lazy\" decoding=\"async\" width=\"500\" height=\"500\" src=\"https:\/\/www.fsa.ulaval.ca\/wp-content\/uploads\/2025\/01\/lexya.jpg\" alt=\"\" class=\"wp-image-33429\" style=\"object-fit:cover;width:288px;height:288px\" srcset=\"https:\/\/www.fsa.ulaval.ca\/wp-content\/uploads\/2025\/01\/lexya.jpg 500w, https:\/\/www.fsa.ulaval.ca\/wp-content\/uploads\/2025\/01\/lexya-300x300.jpg 300w, https:\/\/www.fsa.ulaval.ca\/wp-content\/uploads\/2025\/01\/lexya-150x150.jpg 150w\" sizes=\"auto, (max-width: 500px) 100vw, 500px\" \/><\/a><figcaption class=\"wp-element-caption\"><strong>Jean-Michel Veillette et Marc-Antoine Paquet<\/strong><br>LEXYA<\/figcaption><\/figure>\n<\/div>\n\n\n\n<div class=\"wp-block-column is-layout-flow wp-block-column-is-layout-flow\">\n<figure class=\"wp-block-image size-full is-resized is-style-rounded\"><a href=\"#animora\"><img loading=\"lazy\" decoding=\"async\" width=\"500\" height=\"500\" src=\"https:\/\/www.fsa.ulaval.ca\/wp-content\/uploads\/2025\/01\/animora.jpg\" alt=\"\" class=\"wp-image-33436\" style=\"object-fit:cover;width:288px;height:288px\" srcset=\"https:\/\/www.fsa.ulaval.ca\/wp-content\/uploads\/2025\/01\/animora.jpg 500w, https:\/\/www.fsa.ulaval.ca\/wp-content\/uploads\/2025\/01\/animora-300x300.jpg 300w, https:\/\/www.fsa.ulaval.ca\/wp-content\/uploads\/2025\/01\/animora-150x150.jpg 150w\" sizes=\"auto, (max-width: 500px) 100vw, 500px\" \/><\/a><figcaption class=\"wp-element-caption\"><strong>Andr\u00e9e-Anne Adam et Jean-Philippe C\u00f4t\u00e9<br><\/strong>Animora<\/figcaption><\/figure>\n<\/div>\n<\/div>\n\n\n\n<div class=\"wp-block-columns is-layout-flex wp-container-core-columns-is-layout-9d6595d7 wp-block-columns-is-layout-flex\">\n<div class=\"wp-block-column is-layout-flow wp-block-column-is-layout-flow\">\n<figure class=\"wp-block-image size-medium is-style-rounded\"><a href=\"#andrea-gomez\"><img loading=\"lazy\" decoding=\"async\" width=\"300\" height=\"300\" src=\"https:\/\/www.fsa.ulaval.ca\/wp-content\/uploads\/2023\/12\/Andrea-Gomez-300x300.jpg\" alt=\"\" class=\"wp-image-24136\" srcset=\"https:\/\/www.fsa.ulaval.ca\/wp-content\/uploads\/2023\/12\/Andrea-Gomez-300x300.jpg 300w, https:\/\/www.fsa.ulaval.ca\/wp-content\/uploads\/2023\/12\/Andrea-Gomez-1024x1024.jpg 1024w, https:\/\/www.fsa.ulaval.ca\/wp-content\/uploads\/2023\/12\/Andrea-Gomez-150x150.jpg 150w, https:\/\/www.fsa.ulaval.ca\/wp-content\/uploads\/2023\/12\/Andrea-Gomez-768x768.jpg 768w, https:\/\/www.fsa.ulaval.ca\/wp-content\/uploads\/2023\/12\/Andrea-Gomez.jpg 1200w\" sizes=\"auto, (max-width: 300px) 100vw, 300px\" \/><\/a><figcaption class=\"wp-element-caption\"><strong>Andrea Gomez<br><\/strong>Omy Laboratoires<\/figcaption><\/figure>\n<\/div>\n\n\n\n<div class=\"wp-block-column is-layout-flow wp-block-column-is-layout-flow\"><\/div>\n\n\n\n<div class=\"wp-block-column is-layout-flow wp-block-column-is-layout-flow\"><\/div>\n\n\n\n<div class=\"wp-block-column is-layout-flow wp-block-column-is-layout-flow\"><\/div>\n<\/div>\n\n\n\n<h3 class=\"wp-block-heading\" id=\"h-funds-in-this-category-in-french-only-0\">Funds in this category (in French only)<\/h3>\n\n\n\n<div class=\"wp-block-baseul-block-tuiles-container baseul-tuilerie-red\"><ul class=\"baseul-tuilerie-content\">\n<li class=\"wp-block-baseul-block-tuile-txt\"><a href=\"https:\/\/www.dprd.ulaval.ca\/donner\/fonds\/0007\/\" class=\"baseul-tuile-content\"><h3>0007 | Fonds MBA<\/h3><p>Soutenir des projets des \u00e9tudiantes et \u00e9tudiants \u00e0 la ma\u00eetrise en administration des affaires qui permettent de rapprocher le monde des affaires du milieu acad\u00e9mique afin de renforcer les comp\u00e9tences et de favoriser le d\u00e9veloppement des carri\u00e8res de ces personnes \u00e9tudiantes.<\/p><\/a><\/li>\n\n\n\n<li class=\"wp-block-baseul-block-tuile-txt\"><a href=\"https:\/\/www.dprd.ulaval.ca\/donner\/fonds\/8023\/\" class=\"baseul-tuile-content\"><h3>8023 | Fonds de soutien \u00e0 la Chaire de leadership en enseignement sur le d\u00e9veloppement de l\u2019esprit d\u2019entreprendre et de l\u2019entrepreneuriat<\/h3><p>Soutenir financi\u00e8rement cette chaire vou\u00e9e \u00e0 l\u2019\u00e9ducation entrepreneuriale, c\u2019est-\u00e0-dire \u00e0 la mise en oeuvre de pratiques plus entrepreneuriales.<\/p><\/a><\/li>\n\n\n\n<li class=\"wp-block-baseul-block-tuile-txt\"><a href=\"https:\/\/www.dprd.ulaval.ca\/donner\/fonds\/9405\/\" class=\"baseul-tuile-content\"><h3>9405 | FER de FSA ULaval \u2013 \u00c9cole des cadres et entrepreneurs (Projet Industrielle Alliance)<\/h3><p>Soutenir une formation sp\u00e9ciale \u00e0 l\u2019\u00c9cole des cadres et entrepreneurs au Centre FSA \u2013 Banque Nationale faisant suite \u00e0 une contribution de l\u2019Industrielle Alliance<\/p><\/a><\/li>\n\n\n\n<li class=\"wp-block-baseul-block-tuile-txt\"><a href=\"https:\/\/www.dprd.ulaval.ca\/donner\/fonds\/9407\/\" class=\"baseul-tuile-content\"><h3>9407 | FER de FSA ULaval \u2013 Fonds Pierre-Delagrave en innovations marketing<\/h3><p>Encourager des projets innovateurs entrepris par le corps professoral ou la communaut\u00e9 \u00e9tudiante des 2e et 3e cycles en marketing, et contribuant \u00e0 la cr\u00e9ation ou \u00e0 l\u2019am\u00e9lioration d\u2019un produit ou d\u2019un service.<\/p><\/a><\/li>\n\n\n\n<li class=\"wp-block-baseul-block-tuile-txt\"><a href=\"https:\/\/www.dprd.ulaval.ca\/donner\/fonds\/9417\/\" class=\"baseul-tuile-content\"><h3>9417 | FER de FSA ULaval \u2013 Fonds de l\u2019Acad\u00e9mie de la rel\u00e8ve entrepreneuriale &#8211; La Caisse<\/h3><p>Soutenir les activit\u00e9s de l\u2019Acad\u00e9mie de la rel\u00e8ve entrepreneuriale &#8211; La Caisse, d\u00e9di\u00e9e \u00e0 favoriser l\u2019innovation et le d\u00e9veloppement de personnes entrepreneures d\u2019impact. <\/p><\/a><\/li>\n\n\n\n<li class=\"wp-block-baseul-block-tuile-txt\"><a href=\"https:\/\/www.dprd.ulaval.ca\/donner\/fonds\/9421\/\" class=\"baseul-tuile-content\"><h3>9421 | FER de FSA ULaval \u2013 Fonds de d\u00e9veloppement et de valorisation de l\u2019entrepreneuriat Claude-Lessard<\/h3><p>Offrir un soutien financier au d\u00e9marrage d\u2019entreprises \u00e0 haut potentiel de croissance par des personnes \u00e9tudiantes ou r\u00e9cemment dipl\u00f4m\u00e9es de l\u2019Universit\u00e9 Laval.<\/p><\/a><\/li>\n<\/ul><\/div>\n<\/div><\/div>\n\n\n\n<div class=\"wp-block-baseul-block-accordeon baseul-accordeon-red\"><h2 class=\"toggler-title-wrap\"><button aria-expanded=\"false\" class=\"toggler-button\" aria-controls=\"international-experience\" id=\"international-experience_label\"><span class=\"toggler-title\">Providing the managers of tomorrow with an <mark style=\"background-color:#E30519\" class=\"has-inline-color has-white-color\">international experience<\/mark><\/span><\/button><\/h2><div id=\"international-experience\" role=\"region\" aria-labelledby=\"international-experience_label\" class=\"toggler-panel\" hidden>\n<p>Learning about other cultures, other languages, and other ways of doing things is a key asset for success in today\u2019s business world.<\/p>\n\n\n\n<p>The mobility scholarships, Managers Without Borders internships, and the Universit\u00e9 Laval Trade Missions offer students an opportunity to gain professional experience abroad and enhance their resumes.<\/p>\n\n\n\n<p>These funds encourage mobility experiences for students to expand their horizons and promote businesses from home and elsewhere.<\/p>\n\n\n\n<h3 class=\"wp-block-heading\" id=\"h-testimonials-from-our-scholarship-recipients-in-french-only-1\">Testimonials from our scholarship recipients (in French only)<\/h3>\n\n\n\n<div class=\"wp-block-columns is-layout-flex wp-container-core-columns-is-layout-9d6595d7 wp-block-columns-is-layout-flex\">\n<div class=\"wp-block-column is-layout-flow wp-block-column-is-layout-flow\">\n<figure class=\"wp-block-image size-full is-resized is-style-rounded\"><a href=\"#marie-philippe-benoit\"><img loading=\"lazy\" decoding=\"async\" width=\"500\" height=\"500\" src=\"https:\/\/www.fsa.ulaval.ca\/wp-content\/uploads\/2025\/01\/marie-philippe-benoit.jpg\" alt=\"\" class=\"wp-image-33446\" style=\"object-fit:cover;width:288px;height:288px\" srcset=\"https:\/\/www.fsa.ulaval.ca\/wp-content\/uploads\/2025\/01\/marie-philippe-benoit.jpg 500w, https:\/\/www.fsa.ulaval.ca\/wp-content\/uploads\/2025\/01\/marie-philippe-benoit-300x300.jpg 300w, https:\/\/www.fsa.ulaval.ca\/wp-content\/uploads\/2025\/01\/marie-philippe-benoit-150x150.jpg 150w\" sizes=\"auto, (max-width: 500px) 100vw, 500px\" \/><\/a><figcaption class=\"wp-element-caption\"><strong>Marie-Philippe Benoit<\/strong><br>BAA &#8211; International profile<\/figcaption><\/figure>\n<\/div>\n\n\n\n<div class=\"wp-block-column is-layout-flow wp-block-column-is-layout-flow\">\n<figure class=\"wp-block-image size-full is-resized is-style-rounded\"><a href=\"#lea-roussy\"><img loading=\"lazy\" decoding=\"async\" width=\"500\" height=\"500\" src=\"https:\/\/www.fsa.ulaval.ca\/wp-content\/uploads\/2025\/01\/lea-roussy.jpg\" alt=\"\" class=\"wp-image-33448\" style=\"object-fit:cover;width:288px;height:288px\" srcset=\"https:\/\/www.fsa.ulaval.ca\/wp-content\/uploads\/2025\/01\/lea-roussy.jpg 500w, https:\/\/www.fsa.ulaval.ca\/wp-content\/uploads\/2025\/01\/lea-roussy-300x300.jpg 300w, https:\/\/www.fsa.ulaval.ca\/wp-content\/uploads\/2025\/01\/lea-roussy-150x150.jpg 150w\" sizes=\"auto, (max-width: 500px) 100vw, 500px\" \/><\/a><figcaption class=\"wp-element-caption\"><strong>L\u00e9a Roussy<\/strong><br>BAA &#8211; International profile<\/figcaption><\/figure>\n<\/div>\n\n\n\n<div class=\"wp-block-column is-layout-flow wp-block-column-is-layout-flow\"><\/div>\n\n\n\n<div class=\"wp-block-column is-layout-flow wp-block-column-is-layout-flow\"><\/div>\n<\/div>\n\n\n\n<h3 class=\"wp-block-heading\" id=\"h-funds-in-this-category-in-french-only-1\">Funds in this category (in French only)<\/h3>\n\n\n\n<div class=\"wp-block-baseul-block-tuiles-container baseul-tuilerie-red\"><ul class=\"baseul-tuilerie-content\">\n<li class=\"wp-block-baseul-block-tuile-txt\"><a href=\"https:\/\/www.dprd.ulaval.ca\/donner\/fonds\/0056\/\" class=\"baseul-tuile-content\"><h3>0056 | Fonds Pierre-C\u00f4t\u00e9 (bourses 1er et 2e cycles)<\/h3><p>Ajouter une dimension internationale \u00e0 la formation des \u00e9tudiantes et \u00e9tudiants en effectuant un s\u00e9jour d\u2019\u00e9tudes dans un \u00e9tablissement \u00e0 l\u2019ext\u00e9rieur du Canada et dont la langue d\u2019enseignement est diff\u00e9rente du fran\u00e7ais.<\/p><\/a><\/li>\n\n\n\n<li class=\"wp-block-baseul-block-tuile-txt\"><a href=\"https:\/\/www.dprd.ulaval.ca\/donner\/fonds\/0270\/\" class=\"baseul-tuile-content\"><h3>0270 | Fonds Frances-Drouin-et-Raymond-Normandeau (bourses)<\/h3><p>Transmettre, \u00e0 d\u2019autres donatrices et donateurs, le go\u00fbt d\u2019investir dans la rel\u00e8ve, et de les encourager \u00e0 s&#8217;impliquer et \u00e0 oser.<\/p><\/a><\/li>\n\n\n\n<li class=\"wp-block-baseul-block-tuile-txt\"><a href=\"https:\/\/www.dprd.ulaval.ca\/donner\/fonds\/0286\/\" class=\"baseul-tuile-content\"><h3>0286 | Fonds Raymond-Garneau (bourses)<\/h3><p>Soutenir le programme Profil international de l\u2019Universit\u00e9 Laval en attribuant des bourses de mobilit\u00e9 aux \u00e9tudiantes et aux \u00e9tudiants de 1er et de 2e cycles \u00e0 FSA ULaval.<\/p><\/a><\/li>\n\n\n\n<li class=\"wp-block-baseul-block-tuile-txt\"><a href=\"https:\/\/www.dprd.ulaval.ca\/donner\/fonds\/0305\/\" class=\"baseul-tuile-content\"><h3>0305 | Fonds Danielle-et-Claude-Garcia<\/h3><p>Soutenir des projets de formation pratique en remettant des bourses de mobilit\u00e9 \u00e0 des \u00e9tudiantes et \u00e0 des \u00e9tudiants qui souhaitent r\u00e9aliser des stages dans des pays en d\u00e9veloppement.<\/p><\/a><\/li>\n\n\n\n<li class=\"wp-block-baseul-block-tuile-txt\"><a href=\"https:\/\/www.dprd.ulaval.ca\/donner\/fonds\/0323\/\" class=\"baseul-tuile-content\"><h3>0323 | Fonds d\u2019enseignement et de d\u00e9veloppement MngSF \u2013 Fondation-Famille-Choquette<\/h3><p>Soutenir des projets de formation pratique par le financement de stages de plusieurs mois dans des pays en d\u00e9veloppement.<\/p><\/a><\/li>\n\n\n\n<li class=\"wp-block-baseul-block-tuile-txt\"><a href=\"https:\/\/www.dprd.ulaval.ca\/donner\/fonds\/0324\/\" class=\"baseul-tuile-content\"><h3>0324 | Fonds d\u2019enseignement et de d\u00e9veloppement MngSF \u2013 Managers sans fronti\u00e8res<\/h3><p>Soutenir financi\u00e8rement les op\u00e9rations quotidiennes de l\u2019entit\u00e9 MngSF inc., mise sur pied par FSA ULaval pour organiser les stages internationaux et interculturels obligatoires des programmes de formation en d\u00e9veloppement international et action humanitaire.<\/p><\/a><\/li>\n\n\n\n<li class=\"wp-block-baseul-block-tuile-txt\"><a href=\"https:\/\/www.dprd.ulaval.ca\/donner\/fonds\/0431\/\" class=\"baseul-tuile-content\"><h3>0431 | Fonds de bourses des Missions commerciales<\/h3><p>Soutenir financi\u00e8rement un programme de bourses d\u2019\u00e9tudes destin\u00e9es aux personnes \u00e9tudiantes inscrites \u00e0 l\u2019Universit\u00e9 Laval et qui partent en mission dans le cadre des activit\u00e9s des Missions commerciales de l\u2019Universit\u00e9 Laval.<\/p><\/a><\/li>\n\n\n\n<li class=\"wp-block-baseul-block-tuile-txt\"><a href=\"https:\/\/www.dprd.ulaval.ca\/donner\/fonds\/0439\/\" class=\"baseul-tuile-content\"><h3>0439 | Fonds AIESEC Laval<\/h3><p>Soutenir financi\u00e8rement l\u2019octroi de bourses de stages internationaux et des activit\u00e9s de d\u00e9veloppement des comp\u00e9tences en leadership pour des personnes \u00e9tudiantes inscrites \u00e0 l\u2019Universit\u00e9 Laval, membres de l\u2019AIESEC Laval au sens de son mandat.<\/p><\/a><\/li>\n\n\n\n<li class=\"wp-block-baseul-block-tuile-txt\"><a href=\"https:\/\/www.dprd.ulaval.ca\/donner\/fonds\/3241\/\" class=\"baseul-tuile-content\"><h3>3241 | Fonds de soutien aux \u00e9tudiants en gestion du d\u00e9veloppement international et de l\u2019action humanitaire<\/h3><p>Soutenir financi\u00e8rement les stages des \u00e9tudiantes et \u00e9tudiants inscrits en gestion du d\u00e9veloppement international et de l\u2019action humanitaire \u00e0 FSA ULaval.<\/p><\/a><\/li>\n\n\n\n<li class=\"wp-block-baseul-block-tuile-txt\"><a href=\"https:\/\/www.dprd.ulaval.ca\/donner\/fonds\/9265\/\" class=\"baseul-tuile-content\"><h3>9265 | FER de FSA ULaval \u2013 Bourses d\u2019excellence de FSA ULaval<\/h3><p>Favoriser, gr\u00e2ce \u00e0 la contribution des partenaires, la formation d\u2019une rel\u00e8ve de qualit\u00e9 en gestion, la valorisation de l\u2019excellence et le maintien de la notori\u00e9t\u00e9 des programmes de FSA ULaval.<\/p><\/a><\/li>\n\n\n\n<li class=\"wp-block-baseul-block-tuile-txt\"><a href=\"https:\/\/www.dprd.ulaval.ca\/donner\/fonds\/9411\/\" class=\"baseul-tuile-content\"><h3>9411 | FER de FSA ULaval \u2013 Fonds de bourses en marketing Serge-Ferland<\/h3><p>Soutenir le d\u00e9veloppement de personnes \u00e9tudiantes de la concentration marketing de FSA ULaval en offrant des bourses d\u2019\u00e9tudes et de mobilit\u00e9, ainsi qu\u2019en soutenant financi\u00e8rement des projets \u00e9tudiants compatibles avec la mission universitaire.<\/p><\/a><\/li>\n\n\n\n<li class=\"wp-block-baseul-block-tuile-txt\"><a href=\"https:\/\/www.dprd.ulaval.ca\/donner\/fonds\/9426\/\" class=\"baseul-tuile-content\"><h3>9426 | FER de FSA ULaval \u2013 Fonds du 100e anniversaire de FSA ULaval<\/h3><p>Offrir des bourses d\u2019appui \u00e0 la r\u00e9ussite et des bourses de mobilit\u00e9 aux \u00e9tudiantes et aux \u00e9tudiants en sciences de l\u2019administration aux trois cycles d\u2019\u00e9tudes.<\/p><\/a><\/li>\n<\/ul><\/div>\n<\/div><\/div>\n\n\n\n<div class=\"wp-block-baseul-block-accordeon baseul-accordeon-red\"><h2 class=\"toggler-title-wrap\"><button aria-expanded=\"false\" class=\"toggler-button\" aria-controls=\"excellence\" id=\"excellence_label\"><span class=\"toggler-title\">Encouraging <mark style=\"background-color:#E30519\" class=\"has-inline-color has-white-color\">excellence, perseverance and engagement<\/mark><\/span><\/button><\/h2><div id=\"excellence\" role=\"region\" aria-labelledby=\"excellence_label\" class=\"toggler-panel\" hidden>\n<p>Being a student involves juggling with several realities, and scholarships let them develop each one of them.<\/p>\n\n\n\n<p>As such, in addition to recognizing academic excellence and facilitating further studies, they encourage initiative, leadership and engagement that can be applied in student associations, sports, the arts or the community.<\/p>\n\n\n\n<p>These funds provide scholarships that allow students to exploit their talents and creativity in order to achieve maximum fulfillment in the various aspects of their future careers.<\/p>\n\n\n\n<h3 class=\"wp-block-heading\" id=\"h-funds-in-this-category-in-french-only-2\">Funds in this category (in French only)<\/h3>\n\n\n\n<div class=\"wp-block-baseul-block-tuiles-container baseul-tuilerie-red\"><ul class=\"baseul-tuilerie-content\">\n<li class=\"wp-block-baseul-block-tuile-txt\"><a href=\"https:\/\/www.dprd.ulaval.ca\/donner\/fonds\/0007\/\" class=\"baseul-tuile-content\"><h3>0007 | Fonds MBA<\/h3><p>Soutenir des projets des \u00e9tudiantes et \u00e9tudiants \u00e0 la ma\u00eetrise en administration des affaires qui permettent de rapprocher le monde des affaires du milieu acad\u00e9mique afin de renforcer les comp\u00e9tences et de favoriser le d\u00e9veloppement des carri\u00e8res de ces personnes \u00e9tudiantes.<\/p><\/a><\/li>\n\n\n\n<li class=\"wp-block-baseul-block-tuile-txt\"><a href=\"https:\/\/www.dprd.ulaval.ca\/donner\/fonds\/0054\/\" class=\"baseul-tuile-content\"><h3>0054 | Fonds Thomas-J.-Moore-Jr<\/h3><p>encourager, chez les futurs gens d\u2019affaires, les qualit\u00e9s d\u2019initiative et de g\u00e9n\u00e9rosit\u00e9 qui ont marqu\u00e9 la courte carri\u00e8re de Thomas J. Moore Jr.<\/p><\/a><\/li>\n\n\n\n<li class=\"wp-block-baseul-block-tuile-txt\"><div class=\"baseul-tuile-content\"><h3>0270 | Fonds Frances-Drouin-et-Raymond-Normandeau (bourses)<\/h3><p>Transmettre, \u00e0 d\u2019autres donatrices et donateurs, le go\u00fbt d\u2019investir dans la rel\u00e8ve, et de les encourager \u00e0 s&#8217;impliquer et \u00e0 oser.<\/p><\/div><\/li>\n\n\n\n<li class=\"wp-block-baseul-block-tuile-txt\"><a href=\"https:\/\/www.dprd.ulaval.ca\/donner\/fonds\/0390\/\" class=\"baseul-tuile-content\"><h3>0390 | Fonds Vision Topping<\/h3><p>Offrir des bourses d\u2019excellence aux \u00e9tudiantes et \u00e9tudiants des premier et deuxi\u00e8me cycles inscrits aux programmes de syst\u00e8mes d\u2019information organisationnels (SIO) de FSA ULaval.<\/p><\/a><\/li>\n\n\n\n<li class=\"wp-block-baseul-block-tuile-txt\"><a href=\"https:\/\/www.dprd.ulaval.ca\/donner\/fonds\/0413\/\" class=\"baseul-tuile-content\"><h3>0413 | Fonds de valorisation des comp\u00e9tences et de la carri\u00e8re de la Facult\u00e9 des sciences de l\u2019administration<\/h3><p>Soutenir financi\u00e8rement, par la remise de bourses, l\u2019\u00e9tablissement et le renforcement des liens entre les personnes qui \u00e9tudient ou qui sont dipl\u00f4m\u00e9es de la Facult\u00e9 des sciences de l\u2019administration et le monde de la gestion et des affaires.<\/p><\/a><\/li>\n\n\n\n<li class=\"wp-block-baseul-block-tuile-txt\"><a href=\"https:\/\/www.dprd.ulaval.ca\/donner\/fonds\/0459\/\" class=\"baseul-tuile-content\"><h3>0459 | Fonds Jacques-O.-Nadeau<\/h3><p>Encourager les \u00e9tudes universitaires en administration des affaires et r\u00e9compenser l\u2019excellence scolaire, la d\u00e9termination et le leadership des nouvelles g\u00e9n\u00e9rations de sp\u00e9cialistes en finance<\/p><\/a><\/li>\n\n\n\n<li class=\"wp-block-baseul-block-tuile-txt\"><a href=\"https:\/\/www.dprd.ulaval.ca\/donner\/fonds\/0471\/\" class=\"baseul-tuile-content\"><h3>0471 | Fonds B.A.A.<\/h3><p>R\u00e9compenser l\u2019excellence acad\u00e9mique et l\u2019implication scolaire des personnes \u00e9tudiantes au premier cycle, et d\u00e9velopper la culture philanthropique chez les \u00e9tudiantes, \u00e9tudiants, et personnes dipl\u00f4m\u00e9es r\u00e9centes.<\/p><\/a><\/li>\n\n\n\n<li class=\"wp-block-baseul-block-tuile-txt\"><a href=\"https:\/\/www.dprd.ulaval.ca\/donner\/fonds\/2403\/\" class=\"baseul-tuile-content\"><h3>2403 | Fonds Famille-Jean-Brassard (bourses 1er et 2e cycles)<\/h3><p>Attribuer des bourses d\u2019admission, d\u2019\u00e9tudes et de mobilit\u00e9 en priorit\u00e9 \u00e0 des \u00e9tudiantes et des \u00e9tudiants de 1er et de 2e cycles originaires du Saguenay-Lac-Saint-Jean.<\/p><\/a><\/li>\n\n\n\n<li class=\"wp-block-baseul-block-tuile-txt\"><a href=\"https:\/\/www.dprd.ulaval.ca\/donner\/fonds\/9261\/\" class=\"baseul-tuile-content\"><h3>9261 | FER de FSA ULaval \u2013 Bourses de la Promotion 1960<\/h3><p>Promouvoir et soutenir les \u00e9tudes en administration \u00e0 FSA ULaval en attribuant des bourses d\u2019\u00e9tudes de 1er cycle.<\/p><\/a><\/li>\n\n\n\n<li class=\"wp-block-baseul-block-tuile-txt\"><a href=\"https:\/\/www.dprd.ulaval.ca\/donner\/fonds\/9263\/\" class=\"baseul-tuile-content\"><h3>9263 | FER de FSA ULaval \u2013 Bourses de la Promotion 1955<\/h3><p>Promouvoir et soutenir les \u00e9tudes en administration \u00e0 FSA ULaval en attribuant des bourses d\u2019\u00e9tudes de 1er cycle.<\/p><\/a><\/li>\n\n\n\n<li class=\"wp-block-baseul-block-tuile-txt\"><a href=\"https:\/\/www.dprd.ulaval.ca\/donner\/fonds\/9264\/\" class=\"baseul-tuile-content\"><h3>9264 | FER de FSA ULaval \u2013 Fonds de bourses Ernst &amp; Young et ses employ\u00e9s<\/h3><p>Promouvoir les \u00e9tudes universitaires en sciences comptables, r\u00e9compenser l\u2019excellence scolaire et encourager l\u2019engagement social par l\u2019attribution de bourses d\u2019\u00e9tudes.<\/p><\/a><\/li>\n\n\n\n<li class=\"wp-block-baseul-block-tuile-txt\"><a href=\"https:\/\/www.dprd.ulaval.ca\/donner\/fonds\/9265\/\" class=\"baseul-tuile-content\"><h3>9265 | FER de FSA ULaval \u2013 Bourses d\u2019excellence de FSA ULaval<\/h3><p>Favoriser, gr\u00e2ce \u00e0 la contribution des partenaires, la formation d\u2019une rel\u00e8ve de qualit\u00e9 en gestion, la valorisation de l\u2019excellence et le maintien de la notori\u00e9t\u00e9 des programmes de FSA ULaval.<\/p><\/a><\/li>\n\n\n\n<li class=\"wp-block-baseul-block-tuile-txt\"><a href=\"https:\/\/www.dprd.ulaval.ca\/donner\/fonds\/9266\/\" class=\"baseul-tuile-content\"><h3>9266 | FER de FSA ULaval \u2013 Appui aux initiatives \u00e9tudiantes et \u00e0 l\u2019int\u00e9gration professionnelle<\/h3><p>Appuyer les initiatives \u00e9tudiantes favorisant l\u2019int\u00e9gration professionnelle des futurs gestionnaires, notamment en remettant des bourses.<\/p><\/a><\/li>\n\n\n\n<li class=\"wp-block-baseul-block-tuile-txt\"><a href=\"https:\/\/www.dprd.ulaval.ca\/donner\/fonds\/9269\/\" class=\"baseul-tuile-content\"><h3>9269 | FER de FSA ULaval \u2013 Fonds des G\u00e9n\u00e9rations \u00e9mergentes<\/h3><p>Attribuer les bourses d\u2019\u00e9tudes Couture-et-Huard aux \u00e9tudiantes et aux \u00e9tudiants de 1er et 2e cycles en sciences de l\u2019administration, tout en favorisant l\u2019engagement philanthropique des nouvelles g\u00e9n\u00e9rations dipl\u00f4m\u00e9es de FSA ULaval.<\/p><\/a><\/li>\n\n\n\n<li class=\"wp-block-baseul-block-tuile-txt\"><a href=\"https:\/\/www.dprd.ulaval.ca\/donner\/fonds\/9407\/\" class=\"baseul-tuile-content\"><h3>9407 | FER de FSA ULaval \u2013 Fonds Pierre-Delagrave en innovations marketing<\/h3><p>Encourager des projets innovateurs entrepris par le corps professoral ou la communaut\u00e9 \u00e9tudiante des 2e et 3e cycles en marketing, et contribuant \u00e0 la cr\u00e9ation ou \u00e0 l\u2019am\u00e9lioration d\u2019un produit ou d\u2019un service.<\/p><\/a><\/li>\n\n\n\n<li class=\"wp-block-baseul-block-tuile-txt\"><a href=\"https:\/\/www.dprd.ulaval.ca\/donner\/fonds\/9408\/\" class=\"baseul-tuile-content\"><h3>9408 | FER de FSA ULaval \u2013 Fonds R\u00e9al-Raymond en comp\u00e9tition de cas<\/h3><p>Soutenir l\u2019organisation des comp\u00e9titions universitaires de cas \u00e0 FSA ULaval ainsi que la participation de d\u00e9l\u00e9gations de la Facult\u00e9 \u00e0 des comp\u00e9titions dans d\u2019autres universit\u00e9s.<\/p><\/a><\/li>\n\n\n\n<li class=\"wp-block-baseul-block-tuile-txt\"><a href=\"https:\/\/www.dprd.ulaval.ca\/donner\/fonds\/9410\/\" class=\"baseul-tuile-content\"><h3>9410 | FER de FSA ULaval \u2013 Fonds Jacques-Angers en strat\u00e9gie innovation<\/h3><p>Encourager les \u00e9tudiantes et \u00e9tudiants du 2e cycle \u00e0 s\u2019int\u00e9resser aux technologies de l\u2019information comme levier strat\u00e9gique pour la transformation et l\u2019\u00e9volution des entreprises et \u00e0 d\u00e9velopper une vision innovatrice et globale dans la conduite des entreprises.<\/p><\/a><\/li>\n\n\n\n<li class=\"wp-block-baseul-block-tuile-txt\"><a href=\"https:\/\/www.dprd.ulaval.ca\/donner\/fonds\/9411\/\" class=\"baseul-tuile-content\"><h3>9411 | FER de FSA ULaval \u2013 Fonds de bourses en marketing Serge-Ferland<\/h3><p>Soutenir le d\u00e9veloppement de personnes \u00e9tudiantes de la concentration marketing de FSA ULaval en offrant des bourses d\u2019\u00e9tudes et de mobilit\u00e9, ainsi qu\u2019en soutenant financi\u00e8rement des projets \u00e9tudiants compatibles avec la mission universitaire.<\/p><\/a><\/li>\n\n\n\n<li class=\"wp-block-baseul-block-tuile-txt\"><a href=\"https:\/\/www.dprd.ulaval.ca\/donner\/fonds\/9412\/\" class=\"baseul-tuile-content\"><h3>9412 | FER de FSA ULaval \u2013 Fonds de bourses en comptabilit\u00e9 et en management Par\u00e9-les-deux-fr\u00e8res<\/h3><p>Soutenir le d\u00e9veloppement d\u2019\u00e9tudiantes et \u00e9tudiants des concentrations comptabilit\u00e9 et management \u00e0 FSA ULaval en offrant des bourses d\u2019\u00e9tudes, ainsi qu\u2019en soutenant financi\u00e8rement des projets \u00e9tudiants compatibles avec la mission universitaire.<\/p><\/a><\/li>\n\n\n\n<li class=\"wp-block-baseul-block-tuile-txt\"><a href=\"https:\/\/www.dprd.ulaval.ca\/donner\/fonds\/9413\/\" class=\"baseul-tuile-content\"><h3>9413 | FER de FSA ULaval \u2013 Fonds Famille Gilles-Bernier<\/h3><p>Soutenir financi\u00e8rement, au moyen de bourses, les \u00e9tudiantes et les \u00e9tudiants en sciences de l\u2019administration qui d\u00e9montrent un engagement dans leur communaut\u00e9.<\/p><\/a><\/li>\n\n\n\n<li class=\"wp-block-baseul-block-tuile-txt\"><a href=\"https:\/\/www.dprd.ulaval.ca\/donner\/fonds\/9419\/\" class=\"baseul-tuile-content\"><h3>9419 | FER de FSA ULaval \u2013 Fonds Maurice-Gosselin pour l\u2019excellence en comptabilit\u00e9<\/h3><p>Promouvoir l\u2019excellence en enseignement et en recherche en comptabilit\u00e9 \u00e0 l\u2019\u00c9cole de comptabilit\u00e9 de la Facult\u00e9 des sciences de l\u2019administration<\/p><\/a><\/li>\n\n\n\n<li class=\"wp-block-baseul-block-tuile-txt\"><a href=\"https:\/\/www.dprd.ulaval.ca\/donner\/fonds\/9427\/\" class=\"baseul-tuile-content\"><h3>9427 | FER de FSA ULaval \u2013 Fonds de bourses Jean-Jacques-Ruest en gestion de la cha\u00eene d\u2019approvisionnement<\/h3><p>Permettre \u00e0 une \u00e9tudiante ou un \u00e9tudiant en gestion de la cha\u00eene d\u2019approvisionnement d\u2019approfondir son cheminement universitaire et de faciliter son apprentissage et son int\u00e9gration dans le monde du travail.<\/p><\/a><\/li>\n<\/ul><\/div>\n<\/div><\/div>\n\n\n\n<div class=\"wp-block-baseul-block-accordeon baseul-accordeon-red\"><h2 class=\"toggler-title-wrap\"><button aria-expanded=\"false\" class=\"toggler-button\" aria-controls=\"graduate-studies\" id=\"graduate-studies_label\"><span class=\"toggler-title\">Encouraging students to <mark style=\"background-color:#E30519\" class=\"has-inline-color has-white-color\">pursue graduate studies<\/mark> in business administration<\/span><\/button><\/h2><div id=\"graduate-studies\" role=\"region\" aria-labelledby=\"graduate-studies_label\" class=\"toggler-panel\" hidden>\n<p>Graduate studies are an opportunity to develop new specific and complementary skills.<\/p>\n\n\n\n<p>Supporting individuals who want to pursue advanced studies in business administration means providing more people with an opportunity to make a real difference in the labour market and society, and to develop the management skills to make a positive impact in their environment.<\/p>\n\n\n\n<p>These funds provide scholarships to support individuals who want to undertake graduate studies in business administration, whether they come from the management world or elsewhere.<\/p>\n\n\n\n<h3 class=\"wp-block-heading\" id=\"h-funds-in-this-category-in-french-only-3\">Funds in this category (in French only)<\/h3>\n\n\n\n<div class=\"wp-block-baseul-block-tuiles-container baseul-tuilerie-red\"><ul class=\"baseul-tuilerie-content\">\n<li class=\"wp-block-baseul-block-tuile-txt\"><a href=\"https:\/\/www.dprd.ulaval.ca\/donner\/fonds\/0215\/\" class=\"baseul-tuile-content\"><h3>0215 | Fonds d\u2019assurance Conrad-Leblanc<\/h3><p>Promouvoir le professionnalisme dans le domaine des assurances par des encouragements \u00e0 la formation, \u00e0 la recherche et au perfectionnement.<\/p><\/a><\/li>\n\n\n\n<li class=\"wp-block-baseul-block-tuile-txt\"><a href=\"https:\/\/www.dprd.ulaval.ca\/donner\/fonds\/0221\/\" class=\"baseul-tuile-content\"><h3>0221 | Fonds T\u00e9l\u00e9globe<\/h3><p>Inciter les meilleurs \u00e9tudiants et les meilleures \u00e9tudiantes \u00e0 entreprendre des \u00e9tudes de 2e cycle en sciences de l\u2019administration dans le domaine de la finance<\/p><\/a><\/li>\n\n\n\n<li class=\"wp-block-baseul-block-tuile-txt\"><a href=\"https:\/\/www.dprd.ulaval.ca\/donner\/fonds\/0231\/\" class=\"baseul-tuile-content\"><h3>0231 | Fonds Jean-Paul-Tardif (bourses 2e cycle)<\/h3><p>Attribuer des bourses de 2e cycle en sciences de l\u2019administration dans le domaine de la finance et du placement.<\/p><\/a><\/li>\n\n\n\n<li class=\"wp-block-baseul-block-tuile-txt\"><a href=\"https:\/\/www.dprd.ulaval.ca\/donner\/fonds\/0268\/\" class=\"baseul-tuile-content\"><h3>0268 | Fonds Simone-et-Marcel-B\u00e9langer (bourses)<\/h3><p>Offrir des bourses \u00e0 des \u00e9tudiantes et \u00e9tudiants au 2e et au 3e cycles en comptabilit\u00e9 ou en finance \u00e0 FSA ULaval afin de les aider \u00e0 r\u00e9aliser leurs objectifs de carri\u00e8re.<\/p><\/a><\/li>\n\n\n\n<li class=\"wp-block-baseul-block-tuile-txt\"><a href=\"https:\/\/www.dprd.ulaval.ca\/donner\/fonds\/0284\/\" class=\"baseul-tuile-content\"><h3>0284 | Fonds Carmand-Normand (bourses)<\/h3><p>Encourager les \u00e9tudiantes et les \u00e9tudiants \u00e0 entreprendre des \u00e9tudes sup\u00e9rieures en finance \u00e0 FSA ULaval.<\/p><\/a><\/li>\n\n\n\n<li class=\"wp-block-baseul-block-tuile-txt\"><a href=\"https:\/\/www.dprd.ulaval.ca\/donner\/fonds\/0289\/\" class=\"baseul-tuile-content\"><h3>0289 | Fonds Jacques-de Billy (bourses)<\/h3><p>Attribuer des bourses \u00e0 des \u00e9tudiantes et \u00e0 des \u00e9tudiants d\u00e9tenant un baccalaur\u00e9at en droit et d\u00e9sireux de poursuivre leurs \u00e9tudes dans l\u2019un des programmes de deuxi\u00e8me cycle en administration des affaires de l\u2019Universit\u00e9 Laval.<\/p><\/a><\/li>\n\n\n\n<li class=\"wp-block-baseul-block-tuile-txt\"><a href=\"https:\/\/www.dprd.ulaval.ca\/donner\/fonds\/0298\/\" class=\"baseul-tuile-content\"><h3>0298 | Fonds de bourses de recrutement Banque Nationale<\/h3><p>Attribuer des bourses de 2e et 3e cycles destin\u00e9es \u00e0 des \u00e9tudiantes et des \u00e9tudiants canadiens pour soutenir les programmes d\u2019\u00e9conomie, d\u2019actuariat et d\u2019administration.<\/p><\/a><\/li>\n\n\n\n<li class=\"wp-block-baseul-block-tuile-txt\"><a href=\"https:\/\/www.dprd.ulaval.ca\/donner\/fonds\/0363\/\" class=\"baseul-tuile-content\"><h3>0363 | Fonds de bourses Lucien-Poitras<\/h3><p>Attribuer des bourses d\u2019admission \u00e0 des \u00e9tudiantes ou \u00e9tudiants faisant partie de l\u2019\u00e9lite dans un domaine donn\u00e9 (par exemple en sports, en arts, etc.) et d\u00e9sirant entreprendre des \u00e9tudes en sciences de l\u2019administration \u00e0 FSA ULaval.<\/p><\/a><\/li>\n\n\n\n<li class=\"wp-block-baseul-block-tuile-txt\"><a href=\"https:\/\/www.dprd.ulaval.ca\/donner\/fonds\/0458\/\" class=\"baseul-tuile-content\"><h3>0458 | Fonds Famille Jean-Marie-Poitras<\/h3><p>Encourager les \u00e9tudes et la recherche aux 2e et 3e cycles en gestion et d\u2019y favoriser le d\u00e9veloppement des connaissances sur les dimensions humaines du leadership et de la gestion des organisations.<\/p><\/a><\/li>\n\n\n\n<li class=\"wp-block-baseul-block-tuile-txt\"><a href=\"https:\/\/www.dprd.ulaval.ca\/donner\/fonds\/9404\/\" class=\"baseul-tuile-content\"><h3>9404 | FER de FSA ULaval \u2013 Fonds de bourses en comptabilit\u00e9 Roland-Truchon et Jacqueline-Simard-Truchon<\/h3><p>Soutenir les \u00e9tudiantes et \u00e9tudiants de l\u2019Universit\u00e9 Laval en comptabilit\u00e9 qui s\u2019inscrivent au programme de 2e cycle en comptabilit\u00e9.<\/p><\/a><\/li>\n\n\n\n<li class=\"wp-block-baseul-block-tuile-txt\"><a href=\"https:\/\/www.dprd.ulaval.ca\/donner\/fonds\/9416\/\" class=\"baseul-tuile-content\"><h3>9416 | FER de FSA ULaval \u2013 Fonds de l\u2019Association pour les participants \u00e0 la ma\u00eetrise en administration de l\u2019Universit\u00e9 Laval (APMAL)<\/h3><p>Verser des bourses aux \u00e9tudiantes et aux \u00e9tudiants \u00e0 la ma\u00eetrise en administration de l\u2019Universit\u00e9 Laval, ainsi que des subventions pour des activit\u00e9s r\u00e9pondant aux objectifs de l\u2019Association.<\/p><\/a><\/li>\n<\/ul><\/div>\n\n\n\n<div class=\"wp-block-baseul-block-tuiles-container baseul-tuilerie-red\"><ul class=\"baseul-tuilerie-content\"><\/ul><\/div>\n<\/div><\/div>\n\n\n\n<div class=\"wp-block-baseul-block-accordeon baseul-accordeon-red\"><h2 class=\"toggler-title-wrap\"><button aria-expanded=\"false\" class=\"toggler-button\" aria-controls=\"research-innovation\" id=\"research-innovation_label\"><span class=\"toggler-title\">Stimulating <mark style=\"background-color:#E30519\" class=\"has-inline-color has-white-color\">research and innovation<\/mark><\/span><\/button><\/h2><div id=\"research-innovation\" role=\"region\" aria-labelledby=\"research-innovation_label\" class=\"toggler-panel\" hidden>\n<p>Contributing new knowledge; that\u2019s one way to help enrich the community.<\/p>\n\n\n\n<p>The research chairs and private funds cover most of the management domains, and their mission is to stimulate research and support scientific production among both students and the teaching faculty.<\/p>\n\n\n\n<p>These funds support research and the development of creative and innovative tools to gain a better understanding of our evolving society.<\/p>\n\n\n\n<h3 class=\"wp-block-heading\" id=\"h-funds-in-this-category-in-french-only-4\">Funds in this category (in French only)<\/h3>\n\n\n\n<div class=\"wp-block-baseul-block-tuiles-container baseul-tuilerie-red\"><ul class=\"baseul-tuilerie-content\">\n<li class=\"wp-block-baseul-block-tuile-txt\"><a href=\"https:\/\/www.dprd.ulaval.ca\/donner\/fonds\/0004\/\" class=\"baseul-tuile-content\"><h3>0004 | Fonds du Laboratoire de recherche en sciences de l\u2019administration<\/h3><p>Soutenir financi\u00e8rement la r\u00e9alisation des activit\u00e9s du programme de la Direction de la recherche de la Facult\u00e9 des sciences de l\u2019administration.<\/p><\/a><\/li>\n\n\n\n<li class=\"wp-block-baseul-block-tuile-txt\"><a href=\"https:\/\/www.dprd.ulaval.ca\/donner\/fonds\/0009\/\" class=\"baseul-tuile-content\"><h3>0009 | Chaire iA Groupe Financier en assurance et services financiers<\/h3><p>Promouvoir et soutenir la recherche, la formation et le transfert dans les domaines \u00e9mergents reli\u00e9s \u00e0 l\u2019industrie de l\u2019assurance.<\/p><\/a><\/li>\n\n\n\n<li class=\"wp-block-baseul-block-tuile-txt\"><a href=\"https:\/\/www.dprd.ulaval.ca\/donner\/fonds\/0215\/\" class=\"baseul-tuile-content\"><h3>0215 | Fonds d\u2019assurance Conrad-Leblanc<\/h3><p>Promouvoir le professionnalisme dans le domaine des assurances par des encouragements \u00e0 la formation, \u00e0 la recherche et au perfectionnement.<\/p><\/a><\/li>\n\n\n\n<li class=\"wp-block-baseul-block-tuile-txt\"><a href=\"https:\/\/www.dprd.ulaval.ca\/donner\/fonds\/0234\/\" class=\"baseul-tuile-content\"><h3>0234 | Chaire IG Gestion de patrimoine en planification financi\u00e8re<\/h3><p>Promouvoir et soutenir financi\u00e8rement la recherche et l\u2019enseignement universitaires en planification financi\u00e8re, et le transfert des r\u00e9sultats vers les organisations.<\/p><\/a><\/li>\n\n\n\n<li class=\"wp-block-baseul-block-tuile-txt\"><a href=\"https:\/\/www.dprd.ulaval.ca\/donner\/fonds\/0261\/\" class=\"baseul-tuile-content\"><h3>0261 | Chaire Stephen A. Jarislowsky de gestion des affaires internationales<\/h3><p>Promouvoir et soutenir la recherche et la formation dans le domaine de la gestion internationale.<\/p><\/a><\/li>\n\n\n\n<li class=\"wp-block-baseul-block-tuile-txt\"><a href=\"https:\/\/www.dprd.ulaval.ca\/donner\/fonds\/0279\/\" class=\"baseul-tuile-content\"><h3>0279 | Fonds de d\u00e9veloppement en assurance et rentes collectives<\/h3><p>Soutenir financi\u00e8rement le d\u00e9veloppement, la promotion et la diffusion par l\u2019Universit\u00e9 Laval du certificat en assurance et rentes collectives.<\/p><\/a><\/li>\n\n\n\n<li class=\"wp-block-baseul-block-tuile-txt\"><a href=\"https:\/\/www.dprd.ulaval.ca\/donner\/fonds\/0322\/\" class=\"baseul-tuile-content\"><h3>0322 | Fonds d\u2019enseignement et de d\u00e9veloppement en gouvernance de soci\u00e9t\u00e9s \u00abColl\u00e8ge des administrateurs de soci\u00e9t\u00e9s md\u00bb<\/h3><p>Soutenir financi\u00e8rement le d\u00e9veloppement, la promotion et la diffusion, par l\u2019Universit\u00e9 Laval, d\u2019un programme de formation continue pour les administratrices et les administrateurs en gouvernance de soci\u00e9t\u00e9s<\/p><\/a><\/li>\n\n\n\n<li class=\"wp-block-baseul-block-tuile-txt\"><a href=\"https:\/\/www.dprd.ulaval.ca\/donner\/fonds\/0631\/\" class=\"baseul-tuile-content\"><h3>0631 | Fonds Paul-H.-Brochu en finance<\/h3><p>Soutenir la recherche en finance au sein du D\u00e9partement de FAI, en contribuant au d\u00e9veloppement de l\u2019expertise du corps professoral en finance, \u00e0 la publication d\u2019articles de recherche dans des revues de premier rang en finance et au transfert des savoirs aupr\u00e8s des organisations, en vue de l\u2019am\u00e9lioration continue et dynamique de la gestion financi\u00e8re dans les organisations.<\/p><\/a><\/li>\n\n\n\n<li class=\"wp-block-baseul-block-tuile-txt\"><a href=\"https:\/\/www.dprd.ulaval.ca\/donner\/fonds\/0365\/\" class=\"baseul-tuile-content\"><h3>0365 | Chaire RBC en innovations financi\u00e8res<\/h3><p>Promouvoir davantage la recherche, l\u2019enseignement, le transfert des connaissances, la formation sur le terrain ainsi que les relations avec le milieu des affaires dans le domaine de l\u2019innovation financi\u00e8re.<\/p><\/a><\/li>\n\n\n\n<li class=\"wp-block-baseul-block-tuile-txt\"><a href=\"https:\/\/www.dprd.ulaval.ca\/donner\/fonds\/0655\/\" class=\"baseul-tuile-content\"><h3>0655 | Fonds de soutien du Centre d\u2019expertise en gestion de la sant\u00e9 et de la s\u00e9curit\u00e9 du travail<\/h3><p>Analyser les dynamiques organisationnelles et sociales de la sant\u00e9 et de la s\u00e9curit\u00e9 du travail afin de g\u00e9n\u00e9rer des connaissances utiles et \u00e9clairantes visant la sant\u00e9 durable et la performance organisationnelle.<\/p><\/a><\/li>\n\n\n\n<li class=\"wp-block-baseul-block-tuile-txt\"><a href=\"https:\/\/www.dprd.ulaval.ca\/donner\/fonds\/0656\/\" class=\"baseul-tuile-content\"><h3>0656 | Fonds de soutien au Centre universitaire d\u2019expertise en gouvernance de soci\u00e9t\u00e9s<\/h3><p>Favoriser, par la recherche, la formation et le transfert des connaissances, un regard toujours contemporain et innovateur sur les enjeux de gouvernance afin de contribuer \u00e0 am\u00e9liorer les pratiques de gouvernance de soci\u00e9t\u00e9s.<\/p><\/a><\/li>\n\n\n\n<li class=\"wp-block-baseul-block-tuile-txt\"><a href=\"https:\/\/www.dprd.ulaval.ca\/donner\/fonds\/0678\/\" class=\"baseul-tuile-content\"><h3>0678 | Fonds de recherche en entrepreneuriat international \u2013 Fondation Ariane Riou et R\u00e9al Plourde<\/h3><p>Accro\u00eetre les connaissances rattach\u00e9es aux meilleures pratiques et \u00e0 d\u00e9velopper et diffuser des outils efficaces pour soutenir les entrepreneures et les entrepreneurs dans leur croissance internationale.<\/p><\/a><\/li>\n\n\n\n<li class=\"wp-block-baseul-block-tuile-txt\"><a href=\"https:\/\/www.dprd.ulaval.ca\/donner\/fonds\/0685\/\" class=\"baseul-tuile-content\"><h3>0685 | Fonds COTE 100<\/h3><p>D\u00e9montrer la valeur de l\u2019investissement \u00e0 long terme aux \u00e9tudiantes et aux \u00e9tudiants en finance et \u00e0 favoriser le d\u00e9veloppement de leurs comp\u00e9tences pour atteindre des objectifs de placements \u00e0 long terme.<\/p><\/a><\/li>\n\n\n\n<li class=\"wp-block-baseul-block-tuile-txt\"><a href=\"https:\/\/www.dprd.ulaval.ca\/donner\/fonds\/0926\/\" class=\"baseul-tuile-content\"><h3>0926 | FER de FSA ULaval<\/h3><p>Promouvoir le d\u00e9veloppement de l\u2019enseignement et de la recherche \u00e0 la Facult\u00e9 en appuyant financi\u00e8rement des activit\u00e9s et des projets compatibles avec la mission universitaire.<\/p><\/a><\/li>\n\n\n\n<li class=\"wp-block-baseul-block-tuile-txt\"><a href=\"https:\/\/www.dprd.ulaval.ca\/donner\/fonds\/8021\/\" class=\"baseul-tuile-content\"><h3>8021 | Fonds de soutien \u00e0 la Chaire de leadership en enseignement sur l\u2019engagement social<\/h3><p>Aider les membres de la communaut\u00e9 universitaire \u00e0 mieux comprendre et agir en mati\u00e8re d\u2019engagement social.<\/p><\/a><\/li>\n\n\n\n<li class=\"wp-block-baseul-block-tuile-txt\"><a href=\"https:\/\/www.dprd.ulaval.ca\/donner\/fonds\/8022\/\" class=\"baseul-tuile-content\"><h3>8022 | Fonds de soutien \u00e0 la Chaire de leadership en enseignement \u2013 Femmes et organisations<\/h3><p>Favoriser, par les recherches g\u00e9n\u00e9r\u00e9es, un regard toujours contemporain sur les enjeux des femmes au sein des organisations et \u00e0 rehausser la qualit\u00e9 de l\u2019enseignement \u00e0 ce sujet.<\/p><\/a><\/li>\n\n\n\n<li class=\"wp-block-baseul-block-tuile-txt\"><a href=\"https:\/\/www.dprd.ulaval.ca\/donner\/fonds\/9402\/\" class=\"baseul-tuile-content\"><h3>9402 | FER de FSA ULaval \u2013 Projets en commerce au d\u00e9tail<\/h3><p>Soutenir la recherche et l\u2019enseignement en commerce au d\u00e9tail \u00e0 la Facult\u00e9 des sciences de l\u2019administration.<\/p><\/a><\/li>\n\n\n\n<li class=\"wp-block-baseul-block-tuile-txt\"><a href=\"https:\/\/www.dprd.ulaval.ca\/donner\/fonds\/9409\/\" class=\"baseul-tuile-content\"><h3>9409 | FER de FSA ULaval \u2013 Fonds du D\u00e9partement d\u2019op\u00e9rations et de syst\u00e8mes de d\u00e9cision<\/h3><p>Promouvoir le d\u00e9veloppement de l\u2019enseignement et de la recherche au D\u00e9partement d\u2019op\u00e9rations et de syst\u00e8mes de d\u00e9cision.<\/p><\/a><\/li>\n\n\n\n<li class=\"wp-block-baseul-block-tuile-txt\"><a href=\"https:\/\/www.dprd.ulaval.ca\/donner\/fonds\/9414\/\" class=\"baseul-tuile-content\"><h3>9414 | FER de FSA ULaval \u2013 Fonds du D\u00e9partement de finance, assurance et immobilier<\/h3><p>Promouvoir le d\u00e9veloppement de l\u2019enseignement et de la recherche au D\u00e9partement de finance, assurance et immobilier.<\/p><\/a><\/li>\n\n\n\n<li class=\"wp-block-baseul-block-tuile-txt\"><a href=\"https:\/\/www.dprd.ulaval.ca\/donner\/fonds\/9418\/\" class=\"baseul-tuile-content\"><h3>9418 | FER de FSA ULaval \u2013 Fonds de soutien au Centre de recherche en commerce de d\u00e9tail et marketing num\u00e9rique<\/h3><p>Soutenir le Centre de recherche en commerce de d\u00e9tail et marketing num\u00e9rique de FSA ULaval.<\/p><\/a><\/li>\n\n\n\n<li class=\"wp-block-baseul-block-tuile-txt\"><a href=\"https:\/\/www.dprd.ulaval.ca\/donner\/fonds\/9420\/\" class=\"baseul-tuile-content\"><h3>9420 | FER de FSA ULaval \u2013 Fonds de l\u2019Observatoire international en management du sport (OIMS)<\/h3><p>Soutenir financi\u00e8rement l\u2019Observatoire international en management du sport dans ses activit\u00e9s d\u2019enseignement et de recherche, de formation et de transfert de connaissances<\/p><\/a><\/li>\n\n\n\n<li class=\"wp-block-baseul-block-tuile-txt\"><a href=\"https:\/\/www.dprd.ulaval.ca\/donner\/fonds\/9423\/\" class=\"baseul-tuile-content\"><h3>9423 | FER de FSA ULaval \u2013 Fonds de recherche en gouvernance de s\u00e9curit\u00e9 de l\u2019information GFT Technologies inc.<\/h3><p>Promouvoir l\u2019excellence de la recherche en s\u00e9curit\u00e9 de l\u2019information, ainsi que de contribuer au d\u00e9veloppement des activit\u00e9s d\u2019enseignement en s\u00e9curit\u00e9 de l\u2019information.<\/p><\/a><\/li>\n<\/ul><\/div>\n<\/div><\/div>\n\n\n\n<div class=\"wp-block-baseul-block-accordeon baseul-accordeon-red\"><h2 class=\"toggler-title-wrap\"><button aria-expanded=\"false\" class=\"toggler-button\" aria-controls=\"environment\" id=\"environment_label\"><span class=\"toggler-title\">Providing a <mark style=\"background-color:#E30519\" class=\"has-inline-color has-white-color\">modern environment<\/mark> in which to study and exchange ideas<\/span><\/button><\/h2><div id=\"environment\" role=\"region\" aria-labelledby=\"environment_label\" class=\"toggler-panel\" hidden>\n<p>The business world is evolving quickly. The infrastructures in which business is taught and developed should as well, whether to provide more adequate places in which to study, offer appropriate facilities to host major business events, or have modern equipment that reflects what is used in a real-world business environments.<\/p>\n\n\n\n<p>These funds therefore aim to support the construction or acquisition of equipment to improve teaching and the student experience.<\/p>\n\n\n\n<h3 class=\"wp-block-heading\" id=\"h-funds-in-this-category-in-french-only-5\">Funds in this category (in French only)<\/h3>\n\n\n\n<div class=\"wp-block-baseul-block-tuiles-container baseul-tuilerie-red\"><ul class=\"baseul-tuilerie-content\">\n<li class=\"wp-block-baseul-block-tuile-txt\"><a href=\"https:\/\/www.dprd.ulaval.ca\/donner\/fonds\/0061\/\" class=\"baseul-tuile-content\"><h3>0061 | Fonds d&#8217;investissement \u00e9tudiant de FSA ULaval<\/h3><p>Ce fonds est consacr\u00e9 au financement de tous les projets qui permettent d\u2019am\u00e9liorer les activit\u00e9s p\u00e9dagogiques, d\u2019acqu\u00e9rir des \u00e9quipements et de d\u00e9velopper les collections de la biblioth\u00e8que dans le domaine.<\/p><\/a><\/li>\n\n\n\n<li class=\"wp-block-baseul-block-tuile-txt\"><a href=\"https:\/\/www.dprd.ulaval.ca\/donner\/fonds\/0367\/\" class=\"baseul-tuile-content\"><h3>0367 | Fonds de d\u00e9veloppement des Salles de march\u00e9s FSA ULaval<\/h3><p>Soutenir le d\u00e9veloppement et l\u2019atteinte des objectifs des salles de march\u00e9s, des milieux-cl\u00e9s pour la familiarisation avec l&#8217;information financi\u00e8re et ses outils.<\/p><\/a><\/li>\n\n\n\n<li class=\"wp-block-baseul-block-tuile-txt\"><a href=\"https:\/\/www.dprd.ulaval.ca\/donner\/fonds\/0457\/\" class=\"baseul-tuile-content\"><h3>0457 | Fonds de construction du Centre FSA &#8211; Banque Nationale<\/h3><p>Recevoir les contributions \u00e0 la construction du Carr\u00e9 des affaires FSA ULaval \u2013 Banque Nationale.<\/p><\/a><\/li>\n\n\n\n<li class=\"wp-block-baseul-block-tuile-txt\"><a href=\"https:\/\/www.dprd.ulaval.ca\/donner\/fonds\/0926\/\" class=\"baseul-tuile-content\"><h3>0926 | FER de FSA ULaval<\/h3><p>Promouvoir le d\u00e9veloppement de l\u2019enseignement et de la recherche \u00e0 la Facult\u00e9 en appuyant financi\u00e8rement des activit\u00e9s et des projets compatibles avec la mission universitaire.<\/p><\/a><\/li>\n\n\n\n<li class=\"wp-block-baseul-block-tuile-txt\"><a href=\"https:\/\/www.dprd.ulaval.ca\/donner\/fonds\/9425\/\" class=\"baseul-tuile-content\"><h3>9425 | FER de FSA ULaval \u2013 Centre d\u2019apprentissage exp\u00e9rientiel Desjardins<\/h3><p>Financer les activit\u00e9s du Centre d\u2019apprentissage exp\u00e9rientiel, dont la mission est de cr\u00e9er une exp\u00e9rience d\u2019enseignement et de formation diff\u00e9rente, au moyen de stages, de conf\u00e9rences, de projets de recherche et d\u2019intervention, ainsi que de s\u00e9jours \u00e0 l\u2019international<\/p><\/a><\/li>\n<\/ul><\/div>\n<\/div><\/div>\n\n\n\n<div style=\"height:50px\" aria-hidden=\"true\" class=\"wp-block-spacer\"><\/div>\n\n\n\n<h2 class=\"wp-block-heading\" id=\"h-donating-an-inspiring-gesture-that-leaves-its-mark\">Donating: an inspiring gesture that leaves its mark<\/h2>\n\n\n\n<p>When you make a donation to FSA ULaval, you not only contribute to the next generation of management practitioners and researchers, but are also leaving your mark on the Faculty along with many inspiring individuals. Find out about the additional benefits your generosity can provide.<\/p>\n\n\n\n<div class=\"wp-block-columns is-layout-flex wp-container-core-columns-is-layout-9d6595d7 wp-block-columns-is-layout-flex\">\n<div class=\"wp-block-column is-style-column-frame-black is-layout-flow wp-block-column-is-layout-flow\" style=\"flex-basis:33.33%\">\n<h3 class=\"wp-block-heading\" id=\"h-acknowledgement-events\">Acknowledgement events<\/h3>\n\n\n\n<figure class=\"wp-block-image aligncenter size-medium\"><img loading=\"lazy\" decoding=\"async\" width=\"300\" height=\"300\" src=\"https:\/\/www.fsa.ulaval.ca\/wp-content\/uploads\/2025\/01\/reconnaissance-appui-300x300.png\" alt=\"\" class=\"wp-image-34150\" srcset=\"https:\/\/www.fsa.ulaval.ca\/wp-content\/uploads\/2025\/01\/reconnaissance-appui-300x300.png 300w, https:\/\/www.fsa.ulaval.ca\/wp-content\/uploads\/2025\/01\/reconnaissance-appui-150x150.png 150w, https:\/\/www.fsa.ulaval.ca\/wp-content\/uploads\/2025\/01\/reconnaissance-appui-768x768.png 768w, https:\/\/www.fsa.ulaval.ca\/wp-content\/uploads\/2025\/01\/reconnaissance-appui.png 800w\" sizes=\"auto, (max-width: 300px) 100vw, 300px\" \/><\/figure>\n\n\n\n<p>Acknowledgement events are an opportunity for donors to get together and witness the impact of their donations on the community.<\/p>\n\n\n\n<div class=\"wp-block-buttons is-layout-flex wp-block-buttons-is-layout-flex\">\n<div class=\"wp-block-button is-style-button-small-arrow\"><a class=\"wp-block-button__link has-white-background-color has-background wp-element-button\" href=\"https:\/\/www.dprd.ulaval.ca\/decouvrir\/reconnaissance\/\" target=\"_blank\" rel=\"noreferrer noopener\">To find out more (in French only)<\/a><\/div>\n<\/div>\n<\/div>\n\n\n\n<div class=\"wp-block-column is-style-column-frame-black is-layout-flow wp-block-column-is-layout-flow\" style=\"flex-basis:66.66%\">\n<div class=\"wp-block-columns is-layout-flex wp-container-core-columns-is-layout-9d6595d7 wp-block-columns-is-layout-flex\">\n<div class=\"wp-block-column is-layout-flow wp-block-column-is-layout-flow\" style=\"flex-basis:66.66%\">\n<h3 class=\"wp-block-heading\" id=\"h-les-cent-associes\">Les Cent-Associ\u00e9s<\/h3>\n\n\n\n<p>Inspired by the Compagnie des Cent-Associ\u00e9s dating back to 1627, the Les Cent-Associ\u00e9s philanthropic program aims to bring together 100 outstanding donors who commit to donating at least $1million to Universit\u00e9 Laval.<\/p>\n\n\n\n<p>Come join the group of FSA ULaval alumni who have made a major donation!<\/p>\n\n\n\n<div class=\"wp-block-columns is-layout-flex wp-container-core-columns-is-layout-9d6595d7 wp-block-columns-is-layout-flex\">\n<div class=\"wp-block-column is-layout-flow wp-block-column-is-layout-flow\">\n<ul class=\"wp-block-list\">\n<li><a href=\"https:\/\/www.dprd.ulaval.ca\/profils\/eric-dupont\/\" target=\"_blank\" rel=\"noreferrer noopener\">\u00c9ric Dupont<\/a><\/li>\n\n\n\n<li><a href=\"https:\/\/www.dprd.ulaval.ca\/profils\/yvon-charest\/\" target=\"_blank\" rel=\"noreferrer noopener\">Yvon Charest<\/a><\/li>\n\n\n\n<li><a href=\"https:\/\/www.dprd.ulaval.ca\/profils\/carmand-normand\/\" target=\"_blank\" rel=\"noreferrer noopener\">Carmand Normand<\/a><\/li>\n\n\n\n<li><a href=\"https:\/\/www.dprd.ulaval.ca\/profils\/louis-lavoie\/\" target=\"_blank\" rel=\"noreferrer noopener\">Louis Lavoie<\/a><\/li>\n\n\n\n<li><a href=\"https:\/\/www.dprd.ulaval.ca\/profils\/claude-bouchard\/\" target=\"_blank\" rel=\"noreferrer noopener\">Claude Bouchard et Monique J. Chagnon<\/a><\/li>\n\n\n\n<li><a href=\"https:\/\/www.dprd.ulaval.ca\/profils\/patrick-beaumont\/\" target=\"_blank\" rel=\"noreferrer noopener\">Patrick Beaumont<\/a><\/li>\n\n\n\n<li><a href=\"https:\/\/www.dprd.ulaval.ca\/profils\/jacques-t-lessard\/\" target=\"_blank\" rel=\"noreferrer noopener\">Jacques T. Lessard<\/a><\/li>\n<\/ul>\n<\/div>\n\n\n\n<div class=\"wp-block-column is-layout-flow wp-block-column-is-layout-flow\">\n<ul class=\"wp-block-list\">\n<li><a href=\"https:\/\/www.dprd.ulaval.ca\/profils\/jean-turmel\/\" target=\"_blank\" rel=\"noreferrer noopener\">Jean Turmel<\/a><\/li>\n\n\n\n<li><a href=\"https:\/\/www.dprd.ulaval.ca\/profils\/jacques-topping-fernande-plourde\/\" target=\"_blank\" rel=\"noreferrer noopener\">Jacques Topping et Fernande Plourde<\/a><\/li>\n\n\n\n<li><a href=\"https:\/\/www.dprd.ulaval.ca\/profils\/marie-pier-drolet-yannick-bernier\/\" target=\"_blank\" rel=\"noreferrer noopener\">Marie-Pier Drolet et Yannick Bernier<\/a><\/li>\n\n\n\n<li><a href=\"https:\/\/www.dprd.ulaval.ca\/profils\/francois-dion\/\" target=\"_blank\" rel=\"noreferrer noopener\">Fran\u00e7ois Dion<\/a><\/li>\n\n\n\n<li><a href=\"https:\/\/www.dprd.ulaval.ca\/profils\/bernard-labelle-et-veronique-martineau\/\" target=\"_blank\" rel=\"noreferrer noopener\">Bernard Labelle et V\u00e9ronique Martineau<\/a><\/li>\n<\/ul>\n<\/div>\n<\/div>\n\n\n\n<div class=\"wp-block-buttons is-content-justification-left is-layout-flex wp-container-core-buttons-is-layout-fdcfc74e wp-block-buttons-is-layout-flex\">\n<div class=\"wp-block-button is-style-button-small-arrow\"><a class=\"wp-block-button__link has-white-background-color has-background wp-element-button\" href=\"https:\/\/www.dprd.ulaval.ca\/les-cent-associes\/\" target=\"_blank\" rel=\"noreferrer noopener\">To find out more (in French only)<\/a><\/div>\n<\/div>\n<\/div>\n\n\n\n<div class=\"wp-block-column is-layout-flow wp-block-column-is-layout-flow\" style=\"flex-basis:33.33%\">\n<figure class=\"wp-block-image size-large\"><img loading=\"lazy\" decoding=\"async\" width=\"389\" height=\"364\" src=\"https:\/\/www.fsa.ulaval.ca\/wp-content\/uploads\/2025\/01\/sceau-cent-associes-01.svg\" alt=\"\" class=\"wp-image-34154\"\/><\/figure>\n<\/div>\n<\/div>\n<\/div>\n<\/div>\n\n\n\n<div style=\"height:20px\" aria-hidden=\"true\" class=\"wp-block-spacer\"><\/div>\n\n\n\n<div class=\"wp-block-group alignfull has-lightgrey-background-color has-background is-layout-constrained wp-block-group-is-layout-constrained\">\n<div class=\"wp-block-columns is-layout-flex wp-container-core-columns-is-layout-9d6595d7 wp-block-columns-is-layout-flex\">\n<div class=\"wp-block-column is-layout-flow wp-block-column-is-layout-flow\">\n<div class=\"wp-block-columns is-layout-flex wp-container-core-columns-is-layout-9d6595d7 wp-block-columns-is-layout-flex\">\n<div class=\"wp-block-column is-vertically-aligned-center is-layout-flow wp-block-column-is-layout-flow\" style=\"flex-basis:33.33%\">\n<figure class=\"wp-block-image size-full\"><img loading=\"lazy\" decoding=\"async\" width=\"800\" height=\"914\" src=\"https:\/\/www.fsa.ulaval.ca\/wp-content\/uploads\/2026\/03\/blob_orange_claudie_desrochers.png\" alt=\"\" class=\"wp-image-42452\" srcset=\"https:\/\/www.fsa.ulaval.ca\/wp-content\/uploads\/2026\/03\/blob_orange_claudie_desrochers.png 800w, https:\/\/www.fsa.ulaval.ca\/wp-content\/uploads\/2026\/03\/blob_orange_claudie_desrochers-263x300.png 263w, https:\/\/www.fsa.ulaval.ca\/wp-content\/uploads\/2026\/03\/blob_orange_claudie_desrochers-768x877.png 768w\" sizes=\"auto, (max-width: 800px) 100vw, 800px\" \/><figcaption class=\"wp-element-caption\"><strong><a href=\"mailto:claudie.desrochers@fsa.ulaval.ca\">Claudie Desrochers<\/a><br><\/strong>Director of Philanthropic Development<br>418-803-9953<\/figcaption><\/figure>\n<\/div>\n\n\n\n<div class=\"wp-block-column is-layout-flow wp-block-column-is-layout-flow\" style=\"flex-basis:66.66%\">\n<figure class=\"wp-block-pullquote\"><blockquote><p>\u201cBy donating to the Faculty, you contribute to the development of a new generation capable of meeting the needs of our society.\u201d<\/p><\/blockquote><\/figure>\n<\/div>\n<\/div>\n<\/div>\n\n\n\n<div class=\"wp-block-column is-layout-flow wp-block-column-is-layout-flow\">\n<div class=\"wp-block-columns is-layout-flex wp-container-core-columns-is-layout-9d6595d7 wp-block-columns-is-layout-flex\">\n<div class=\"wp-block-column is-vertically-aligned-center is-layout-flow wp-block-column-is-layout-flow\" style=\"flex-basis:33.33%\">\n<figure class=\"wp-block-image size-full\"><img loading=\"lazy\" decoding=\"async\" width=\"800\" height=\"914\" src=\"https:\/\/www.fsa.ulaval.ca\/wp-content\/uploads\/2023\/10\/pierre-langevin-blob-orange.png\" alt=\"\" class=\"wp-image-22799\" srcset=\"https:\/\/www.fsa.ulaval.ca\/wp-content\/uploads\/2023\/10\/pierre-langevin-blob-orange.png 800w, https:\/\/www.fsa.ulaval.ca\/wp-content\/uploads\/2023\/10\/pierre-langevin-blob-orange-263x300.png 263w, https:\/\/www.fsa.ulaval.ca\/wp-content\/uploads\/2023\/10\/pierre-langevin-blob-orange-768x877.png 768w\" sizes=\"auto, (max-width: 800px) 100vw, 800px\" \/><figcaption class=\"wp-element-caption\"><strong><a href=\"mailto:Pierre.langevin@dprd.ulaval.ca\">Pierre Langevin<\/a><br><\/strong>Director of Philanthropic Development<br>418-808-3500<\/figcaption><\/figure>\n<\/div>\n\n\n\n<div class=\"wp-block-column is-layout-flow wp-block-column-is-layout-flow\" style=\"flex-basis:66.66%\">\n<figure class=\"wp-block-pullquote\"><blockquote><p>\u201cFor me, philanthropy in a university setting is where \u2018Generosity\u2019 meets \u2018Excellence\u2019 to inspire beneficial and sustainable transformations for the benefit of society as a whole.\u201d<\/p><\/blockquote><\/figure>\n<\/div>\n<\/div>\n<\/div>\n<\/div>\n<\/div>\n\n\n\n<dialog class=\"wp-block-baseul-block-dialog\" id=\"amine-rami\" aria-labelledby=\"dialog_amine-rami_label\"><button type=\"button\" class=\"close-dialog-btn corner-close\"><span class=\"screen-reader-text\">Close Window<\/span><\/button><h2 class=\"is-style-fake-h3\" id=\"dialog_amine-rami_label\">T\u00e9moignage d&#8217;Amine Rami pour Monsieur Bolduc, bourse d&#8217;appui \u00e0 la r\u00e9ussite<\/h2>\n<figure class=\"wp-block-embed is-type-video is-provider-youtube wp-block-embed-youtube wp-embed-aspect-16-9 wp-has-aspect-ratio\"><div class=\"wp-block-embed__wrapper\">\n<div class=\"video-wrap\"><div class=\"video-container\"><iframe loading=\"lazy\" title=\"T\u00e9moignage de Amine Rami pour Monsieur Bolduc, Bourse d&#039;appui \u00e0 la r\u00e9ussite\" width=\"500\" height=\"281\" src=\"https:\/\/www.youtube.com\/embed\/SH5PlqcPAVo?feature=oembed\" frameborder=\"0\" allow=\"accelerometer; autoplay; clipboard-write; encrypted-media; gyroscope; picture-in-picture; web-share\" referrerpolicy=\"strict-origin-when-cross-origin\" allowfullscreen><\/iframe><\/div><\/div>\n<\/div><\/figure>\n<button type=\"button\" class=\"close-dialog-btn bottom-close\">Close Window<\/button><\/dialog>\n\n\n\n<dialog class=\"wp-block-baseul-block-dialog\" id=\"frederic-garnaud\" aria-labelledby=\"dialog_frederic-garnaud_label\"><button type=\"button\" class=\"close-dialog-btn corner-close\"><span class=\"screen-reader-text\">Close Window<\/span><\/button><h2 class=\"is-style-fake-h3\" id=\"dialog_frederic-garnaud_label\">T\u00e9moignage de Fr\u00e9d\u00e9ric Garnaud<\/h2>\n<div class=\"wp-block-columns is-layout-flex wp-container-core-columns-is-layout-9d6595d7 wp-block-columns-is-layout-flex\">\n<div class=\"wp-block-column is-layout-flow wp-block-column-is-layout-flow\" style=\"flex-basis:25%\">\n<figure class=\"wp-block-image size-full\"><img loading=\"lazy\" decoding=\"async\" width=\"288\" height=\"288\" src=\"https:\/\/www.fsa.ulaval.ca\/wp-content\/uploads\/2022\/11\/frederic-garnaud-carre.jpg\" alt=\"\" class=\"wp-image-2416\" srcset=\"https:\/\/www.fsa.ulaval.ca\/wp-content\/uploads\/2022\/11\/frederic-garnaud-carre.jpg 288w, https:\/\/www.fsa.ulaval.ca\/wp-content\/uploads\/2022\/11\/frederic-garnaud-carre-150x150.jpg 150w\" sizes=\"auto, (max-width: 288px) 100vw, 288px\" \/><\/figure>\n<\/div>\n\n\n\n<div class=\"wp-block-column is-layout-flow wp-block-column-is-layout-flow\" style=\"flex-basis:75%\">\n<p>\u00abDurant l\u2019ann\u00e9e scolaire 2018-2019, j\u2019ai b\u00e9n\u00e9fici\u00e9 de la bourse d\u2019aide \u00e0 la r\u00e9ussite Jean-Fran\u00e7ois Boulet. J\u2019avais comme objectif de r\u00e9aliser une mission commerciale \u00e0 l\u2019\u00e9tranger \u00e0 la derni\u00e8re session de mon parcours, et je devais donc maintenir un certain niveau de r\u00e9ussite scolaire.<\/p>\n\n\n\n<p>Cette bourse m\u2019a permis de mieux me concentrer sur mes \u00e9tudes en r\u00e9duisant le stress financier et ainsi, d\u2019am\u00e9liorer mes r\u00e9sultats scolaires. Gr\u00e2ce \u00e0 elle, j\u2019ai \u00e9galement pu consacrer plus de temps \u00e0 mon projet de lancement d\u2019entreprise, laquelle est aujourd\u2019hui inscrite au concours OSEntreprendre. Sans cette bourse, j\u2019aurai plut\u00f4t d\u00fb consacrer mon temps au travail, au d\u00e9triment de mes \u00e9tudes ou de mon projet d\u2019entreprise.<\/p>\n\n\n\n<p>Pour ces raisons, je remercie sinc\u00e8rement M. Boulet et l\u2019Universit\u00e9 Laval qui encouragent directement la pers\u00e9v\u00e9rance et la r\u00e9ussite scolaire des \u00e9tudiants \u00e9prouvant des difficult\u00e9s financi\u00e8res.\u00bb<\/p>\n<\/div>\n<\/div>\n<button type=\"button\" class=\"close-dialog-btn bottom-close\">Close Window<\/button><\/dialog>\n\n\n\n<dialog class=\"wp-block-baseul-block-dialog\" id=\"patricia-bernard\" aria-labelledby=\"dialog_patricia-bernard_label\"><button type=\"button\" class=\"close-dialog-btn corner-close\"><span class=\"screen-reader-text\">Close Window<\/span><\/button><h2 class=\"is-style-fake-h3\" id=\"dialog_patricia-bernard_label\">T\u00e9moignage de Patricia Bernard<\/h2>\n<div class=\"wp-block-columns is-layout-flex wp-container-core-columns-is-layout-9d6595d7 wp-block-columns-is-layout-flex\">\n<div class=\"wp-block-column is-layout-flow wp-block-column-is-layout-flow\" style=\"flex-basis:25%\">\n<figure class=\"wp-block-image size-full\"><img loading=\"lazy\" decoding=\"async\" width=\"288\" height=\"288\" src=\"https:\/\/www.fsa.ulaval.ca\/wp-content\/uploads\/2022\/11\/patricia-bernard-carre.jpg\" alt=\"\" class=\"wp-image-2414\" srcset=\"https:\/\/www.fsa.ulaval.ca\/wp-content\/uploads\/2022\/11\/patricia-bernard-carre.jpg 288w, https:\/\/www.fsa.ulaval.ca\/wp-content\/uploads\/2022\/11\/patricia-bernard-carre-150x150.jpg 150w\" sizes=\"auto, (max-width: 288px) 100vw, 288px\" \/><\/figure>\n<\/div>\n\n\n\n<div class=\"wp-block-column is-layout-flow wp-block-column-is-layout-flow\" style=\"flex-basis:75%\">\n<p>\u00ab\u00c0 l\u2019automne 2016, alors que j\u2019\u00e9prouvais des difficult\u00e9s financi\u00e8res, j\u2019ai obtenu la bourse de soutien financier Pierre-L\u00e9pine.<\/p>\n\n\n\n<p>Cette bourse m\u2019a permis de couvrir les frais de scolarit\u00e9 de la session. En all\u00e9geant ainsi mon fardeau financier, j\u2019ai pu continuer \u00e0 m\u2019impliquer dans divers projets parascolaires favorisant l\u2019engagement \u00e9tudiant.<\/p>\n\n\n\n<p>Nul doute que cet apport m\u2019a aid\u00e9e \u00e0 obtenir mon dipl\u00f4me de ma\u00eetrise.\u00bb<\/p>\n<\/div>\n<\/div>\n<button type=\"button\" class=\"close-dialog-btn bottom-close\">Close Window<\/button><\/dialog>\n\n\n\n<dialog class=\"wp-block-baseul-block-dialog\" id=\"saika-sarazin\" aria-labelledby=\"dialog_saika-sarazin_label\"><button type=\"button\" class=\"close-dialog-btn corner-close\"><span class=\"screen-reader-text\">Close Window<\/span><\/button><h2 class=\"is-style-fake-h3\" id=\"dialog_saika-sarazin_label\">T\u00e9moignage de Sa\u00efka Sarazin<\/h2>\n<div class=\"wp-block-columns is-layout-flex wp-container-core-columns-is-layout-9d6595d7 wp-block-columns-is-layout-flex\">\n<div class=\"wp-block-column is-layout-flow wp-block-column-is-layout-flow\" style=\"flex-basis:25%\">\n<figure class=\"wp-block-image size-full\"><img loading=\"lazy\" decoding=\"async\" width=\"288\" height=\"288\" src=\"https:\/\/www.fsa.ulaval.ca\/wp-content\/uploads\/2022\/11\/saika-sarazin-carre.jpg\" alt=\"\" class=\"wp-image-2412\" srcset=\"https:\/\/www.fsa.ulaval.ca\/wp-content\/uploads\/2022\/11\/saika-sarazin-carre.jpg 288w, https:\/\/www.fsa.ulaval.ca\/wp-content\/uploads\/2022\/11\/saika-sarazin-carre-150x150.jpg 150w\" sizes=\"auto, (max-width: 288px) 100vw, 288px\" \/><\/figure>\n<\/div>\n\n\n\n<div class=\"wp-block-column is-layout-flow wp-block-column-is-layout-flow\" style=\"flex-basis:75%\">\n<p>\u00abEn commen\u00e7ant mon MBA en gestion internationale, je me trouvais dans une situation financi\u00e8re pr\u00e9caire. Je n\u2019\u00e9tais pas en mesure de payer mes frais de scolarit\u00e9. La bourse Louis-Gagnon m\u2019a beaucoup aid\u00e9e puisqu\u2019elle m\u2019a permis de payer mes sessions d\u2019\u00e9t\u00e9 et d\u2019automne pour l\u2019ann\u00e9e 2017.<\/p>\n\n\n\n<p>Je suis vraiment reconnaissante envers M. Gagnon et d\u2019autres g\u00e9n\u00e9reux donateurs qui offrent diff\u00e9rentes bourses pour permettre aux \u00e9tudiants de poursuivre leurs \u00e9tudes. Les donateurs de l\u2019Universit\u00e9 Laval permettent aux \u00e9tudiants qui sont dans des situations financi\u00e8res similaires \u00e0 la mienne d\u2019accomplir leurs objectifs de carri\u00e8re.<\/p>\n\n\n\n<p>Pr\u00e9sentement, je travaille pour Investir au Canada, une agence f\u00e9d\u00e9rale avec l\u2019importante mission de rendre le Canada plus fort en augmentant les flux d\u2019investissements au pays, en stimulant la productivit\u00e9, en facilitant l\u2019acc\u00e8s aux nouvelles technologies et en cr\u00e9ant des emplois pour les Canadiens. Encore une fois, je tiens \u00e0 remercier mon donateur et FSA ULaval, car ils m\u2019ont offert le soutien dont j\u2019avais besoin pour mon d\u00e9veloppement professionnel.\u00bb<\/p>\n<\/div>\n<\/div>\n<button type=\"button\" class=\"close-dialog-btn bottom-close\">Close Window<\/button><\/dialog>\n\n\n\n<dialog class=\"wp-block-baseul-block-dialog\" id=\"olivier-godbout\" aria-labelledby=\"dialog_olivier-godbout_label\"><button type=\"button\" class=\"close-dialog-btn corner-close\"><span class=\"screen-reader-text\">Close Window<\/span><\/button><h2 class=\"is-style-fake-h3\" id=\"dialog_olivier-godbout_label\">T\u00e9moignage d&#8217;Olivier Godbout<\/h2>\n<div class=\"wp-block-columns is-layout-flex wp-container-core-columns-is-layout-9d6595d7 wp-block-columns-is-layout-flex\">\n<div class=\"wp-block-column is-layout-flow wp-block-column-is-layout-flow\" style=\"flex-basis:25%\">\n<figure class=\"wp-block-image size-full\"><img loading=\"lazy\" decoding=\"async\" width=\"288\" height=\"288\" src=\"https:\/\/www.fsa.ulaval.ca\/wp-content\/uploads\/2022\/11\/olivier-godbout-carre.jpg\" alt=\"\" class=\"wp-image-2410\" srcset=\"https:\/\/www.fsa.ulaval.ca\/wp-content\/uploads\/2022\/11\/olivier-godbout-carre.jpg 288w, https:\/\/www.fsa.ulaval.ca\/wp-content\/uploads\/2022\/11\/olivier-godbout-carre-150x150.jpg 150w\" sizes=\"auto, (max-width: 288px) 100vw, 288px\" \/><\/figure>\n<\/div>\n\n\n\n<div class=\"wp-block-column is-layout-flow wp-block-column-is-layout-flow\" style=\"flex-basis:75%\">\n<p>\u00abEn 2017, j\u2019ai d\u00e9cid\u00e9 de faire un retour aux \u00e9tudes apr\u00e8s plusieurs ann\u00e9es sur le march\u00e9 du travail, afin de poursuivre ma passion pour la finance.<\/p>\n\n\n\n<p>Avec une petite fille en bas \u00e2ge et toutes les obligations qui s\u2019y rattachent, les fins de mois \u00e9taient \u00e9videmment plus serr\u00e9es.<\/p>\n\n\n\n<p>La bourse d\u2019appui \u00e0 la r\u00e9ussite France Croteau m\u2019a grandement aid\u00e9 \u00e0 me concentrer sur les \u00e9tudes afin de retrouver rapidement un bon emploi. Je suis tr\u00e8s choy\u00e9 d\u2019avoir b\u00e9n\u00e9fici\u00e9 de cette aide financi\u00e8re malgr\u00e9 un parcours diff\u00e9rent de la norme.\u00bb<\/p>\n<\/div>\n<\/div>\n<button type=\"button\" class=\"close-dialog-btn bottom-close\">Close Window<\/button><\/dialog>\n\n\n\n<dialog class=\"wp-block-baseul-block-dialog\" id=\"akouvi-ange-koko\" aria-labelledby=\"dialog_akouvi-ange-koko_label\"><button type=\"button\" class=\"close-dialog-btn corner-close\"><span class=\"screen-reader-text\">Close Window<\/span><\/button><h2 class=\"is-style-fake-h3\" id=\"dialog_akouvi-ange-koko_label\">T\u00e9moignage d&#8217;Akouvi Ange Koko<\/h2>\n<div class=\"wp-block-columns is-layout-flex wp-container-core-columns-is-layout-9d6595d7 wp-block-columns-is-layout-flex\">\n<div class=\"wp-block-column is-layout-flow wp-block-column-is-layout-flow\" style=\"flex-basis:25%\">\n<figure class=\"wp-block-image size-full\"><img loading=\"lazy\" decoding=\"async\" width=\"288\" height=\"288\" src=\"https:\/\/www.fsa.ulaval.ca\/wp-content\/uploads\/2022\/11\/akouvi-ange-koko-carre.jpg\" alt=\"\" class=\"wp-image-2408\" srcset=\"https:\/\/www.fsa.ulaval.ca\/wp-content\/uploads\/2022\/11\/akouvi-ange-koko-carre.jpg 288w, https:\/\/www.fsa.ulaval.ca\/wp-content\/uploads\/2022\/11\/akouvi-ange-koko-carre-150x150.jpg 150w\" sizes=\"auto, (max-width: 288px) 100vw, 288px\" \/><\/figure>\n<\/div>\n\n\n\n<div class=\"wp-block-column is-layout-flow wp-block-column-is-layout-flow\" style=\"flex-basis:75%\">\n<p>\u00abDurant l\u2019ann\u00e9e scolaire 2016-2017, j\u2019ai b\u00e9n\u00e9fici\u00e9 d\u2019une bourse de soutien financier qui a grandement contribu\u00e9 \u00e0 all\u00e9ger mon fardeau financier tout au long de l\u2019ann\u00e9e.<\/p>\n\n\n\n<p>Le soutien que j\u2019ai re\u00e7u a constitu\u00e9 pour moi une aide suppl\u00e9mentaire alors que les revenus que je gagnais dans le cadre de mon emploi n\u2019\u00e9taient pas suffisants pour couvrir mes d\u00e9penses mensuelles.<\/p>\n\n\n\n<p>La bourse m\u2019a ainsi permis de poursuivre mes \u00e9tudes en \u00e9tant moins pr\u00e9occup\u00e9e financi\u00e8rement et en me concentrant davantage sur mon apprentissage et ma r\u00e9ussite.\u00bb<\/p>\n<\/div>\n<\/div>\n<button type=\"button\" class=\"close-dialog-btn bottom-close\">Close Window<\/button><\/dialog>\n\n\n\n<dialog class=\"wp-block-baseul-block-dialog\" id=\"moutaka-karamowa\" aria-labelledby=\"dialog_moutaka-karamowa_label\"><button type=\"button\" class=\"close-dialog-btn corner-close\"><span class=\"screen-reader-text\">Close Window<\/span><\/button><h2 class=\"is-style-fake-h3\" id=\"dialog_moutaka-karamowa_label\">T\u00e9moignage de Moutaka Karamowa<\/h2>\n<div class=\"wp-block-columns is-layout-flex wp-container-core-columns-is-layout-9d6595d7 wp-block-columns-is-layout-flex\">\n<div class=\"wp-block-column is-layout-flow wp-block-column-is-layout-flow\" style=\"flex-basis:25%\">\n<figure class=\"wp-block-image size-full\"><img loading=\"lazy\" decoding=\"async\" width=\"288\" height=\"288\" src=\"https:\/\/www.fsa.ulaval.ca\/wp-content\/uploads\/2022\/11\/moutaka-karamowa-carre.jpg\" alt=\"\" class=\"wp-image-2406\" srcset=\"https:\/\/www.fsa.ulaval.ca\/wp-content\/uploads\/2022\/11\/moutaka-karamowa-carre.jpg 288w, https:\/\/www.fsa.ulaval.ca\/wp-content\/uploads\/2022\/11\/moutaka-karamowa-carre-150x150.jpg 150w\" sizes=\"auto, (max-width: 288px) 100vw, 288px\" \/><\/figure>\n<\/div>\n\n\n\n<div class=\"wp-block-column is-layout-flow wp-block-column-is-layout-flow\" style=\"flex-basis:75%\">\n<p>\u00abEn plein milieu de mon MBA, je me suis heurt\u00e9 \u00e0 d\u2019importantes difficult\u00e9s financi\u00e8res. J\u2019\u00e9tais arriv\u00e9 \u00e0 un moment o\u00f9 je voyais mes r\u00eaves s\u2019envoler d\u2019autant plus que les frais d\u2019\u00e9tudes pour \u00e9tudiants \u00e9trangers sont tr\u00e8s \u00e9lev\u00e9s et que les bourses accessibles sont tr\u00e8s rares. Juste au moment o\u00f9 mon avenir devenait de plus en plus incertain, j\u2019ai obtenu la bourse Pierre Lapointe qui, au-del\u00e0 de l\u2019aide financi\u00e8re, m\u2019a redonn\u00e9 de l\u2019espoir, du courage et la force de continuer \u00e0 me battre pour mes r\u00eaves.<\/p>\n\n\n\n<p>M. Lapointe m\u2019a marqu\u00e9 par sa g\u00e9n\u00e9rosit\u00e9 et son altruisme. Son action a \u00e9t\u00e9 une v\u00e9ritable le\u00e7on de vie pour moi.<\/p>\n\n\n\n<p>Aujourd\u2019hui, j\u2019ai r\u00e9ussi brillamment mon MBA, j\u2019ai d\u00e9croch\u00e9 l\u2019emploi de mes r\u00eaves dans une compagnie de renom et je me suis install\u00e9 ici, \u00e0 Qu\u00e9bec.<\/p>\n\n\n\n<p>Redonner \u00e0 la communaut\u00e9 est devenu une priorit\u00e9 pour moi. Je me suis engag\u00e9 comme membre du conseil d\u2019administration d\u2019Au trait d\u2019union, un organisme qui oeuvre pour la pers\u00e9v\u00e9rance scolaire des jeunes. Chaque jour, j\u2019essaie \u00e9galement d\u2019apporter quelque chose de positif dans la vie des gens.<\/p>\n\n\n\n<p>Merci M. Lapointe!\u00bb<\/p>\n<\/div>\n<\/div>\n<button type=\"button\" class=\"close-dialog-btn bottom-close\">Close Window<\/button><\/dialog>\n\n\n\n<dialog class=\"wp-block-baseul-block-dialog\" id=\"andrea-gomez\" aria-labelledby=\"dialog_andrea-gomez_label\"><button type=\"button\" class=\"close-dialog-btn corner-close\"><span class=\"screen-reader-text\">Close Window<\/span><\/button><h2 class=\"is-style-fake-h3\" id=\"dialog_andrea-gomez_label\">T\u00e9moignage d&#8217;Andrea Gomez<\/h2>\n<div class=\"wp-block-columns is-layout-flex wp-container-core-columns-is-layout-9d6595d7 wp-block-columns-is-layout-flex\">\n<div class=\"wp-block-column is-layout-flow wp-block-column-is-layout-flow\" style=\"flex-basis:25%\">\n<figure class=\"wp-block-image size-medium\"><img loading=\"lazy\" decoding=\"async\" width=\"300\" height=\"300\" src=\"https:\/\/www.fsa.ulaval.ca\/wp-content\/uploads\/2023\/12\/Andrea-Gomez-300x300.jpg\" alt=\"\" class=\"wp-image-24136\" srcset=\"https:\/\/www.fsa.ulaval.ca\/wp-content\/uploads\/2023\/12\/Andrea-Gomez-300x300.jpg 300w, https:\/\/www.fsa.ulaval.ca\/wp-content\/uploads\/2023\/12\/Andrea-Gomez-1024x1024.jpg 1024w, https:\/\/www.fsa.ulaval.ca\/wp-content\/uploads\/2023\/12\/Andrea-Gomez-150x150.jpg 150w, https:\/\/www.fsa.ulaval.ca\/wp-content\/uploads\/2023\/12\/Andrea-Gomez-768x768.jpg 768w, https:\/\/www.fsa.ulaval.ca\/wp-content\/uploads\/2023\/12\/Andrea-Gomez.jpg 1200w\" sizes=\"auto, (max-width: 300px) 100vw, 300px\" \/><\/figure>\n<\/div>\n\n\n\n<div class=\"wp-block-column is-layout-flow wp-block-column-is-layout-flow\" style=\"flex-basis:75%\">\n<p>\u00abPierre Delagrave est un homme d\u2019affaires inspirant et aguerri qui aspire \u00e0 redonner aux entreprises d\u2019ici. Il a eu confiance en nous alors que nous nous relevions d\u2019une p\u00e9riode difficile et il nous a accord\u00e9 une bourse significative pour le projet d\u2019Omy Laboratoires. Il a su reconna\u00eetre en nous des entrepreneures passionn\u00e9es, totalement d\u00e9vou\u00e9es \u00e0 leur secteur d\u2019activit\u00e9 et pr\u00eates \u00e0 tout donner pour r\u00e9ussir. Comme dans de nombreuses autres entreprises, il a vu juste.\u00bb<\/p>\n<\/div>\n<\/div>\n<button type=\"button\" class=\"close-dialog-btn bottom-close\">Close Window<\/button><\/dialog>\n\n\n\n<dialog class=\"wp-block-baseul-block-dialog\" id=\"tessellate\" aria-labelledby=\"dialog_tessellate_label\"><button type=\"button\" class=\"close-dialog-btn corner-close\"><span class=\"screen-reader-text\">Close Window<\/span><\/button><h2 class=\"is-style-fake-h3\" id=\"dialog_tessellate_label\">T\u00e9moignage de Dominic Baril, Simon-Pierre Desch\u00eanes et Pierre-Hugo Vigneux, Tessellate Robotics<\/h2>\n<figure class=\"wp-block-embed is-type-video is-provider-youtube wp-block-embed-youtube wp-embed-aspect-16-9 wp-has-aspect-ratio\"><div class=\"wp-block-embed__wrapper\">\n<div class=\"video-wrap\"><div class=\"video-container\"><iframe loading=\"lazy\" title=\"Tessellate Robotics, r\u00e9cipiendaire de la bourse du Fonds Claude Lessard\" width=\"500\" height=\"281\" src=\"https:\/\/www.youtube.com\/embed\/VZX0NqHdrUQ?feature=oembed\" frameborder=\"0\" allow=\"accelerometer; autoplay; clipboard-write; encrypted-media; gyroscope; picture-in-picture; web-share\" referrerpolicy=\"strict-origin-when-cross-origin\" allowfullscreen><\/iframe><\/div><\/div>\n<\/div><\/figure>\n<button type=\"button\" class=\"close-dialog-btn bottom-close\">Close Window<\/button><\/dialog>\n\n\n\n<dialog class=\"wp-block-baseul-block-dialog\" id=\"ferreol\" aria-labelledby=\"dialog_ferreol_label\"><button type=\"button\" class=\"close-dialog-btn corner-close\"><span class=\"screen-reader-text\">Close Window<\/span><\/button><h2 class=\"is-style-fake-h3\" id=\"dialog_ferreol_label\">T\u00e9moignage de Jonathan Audet, F\u00e9lix Lapointe et \u00c9tienne Boucher, FERREOL<\/h2>\n<figure class=\"wp-block-embed is-type-video is-provider-youtube wp-block-embed-youtube wp-embed-aspect-16-9 wp-has-aspect-ratio\"><div class=\"wp-block-embed__wrapper\">\n<div class=\"video-wrap\"><div class=\"video-container\"><iframe loading=\"lazy\" title=\"FERREOL, r\u00e9cipiendaire du Fonds Claude Lessard\" width=\"500\" height=\"281\" src=\"https:\/\/www.youtube.com\/embed\/j8KcnGGclA4?feature=oembed\" frameborder=\"0\" allow=\"accelerometer; autoplay; clipboard-write; encrypted-media; gyroscope; picture-in-picture; web-share\" referrerpolicy=\"strict-origin-when-cross-origin\" allowfullscreen><\/iframe><\/div><\/div>\n<\/div><\/figure>\n<button type=\"button\" class=\"close-dialog-btn bottom-close\">Close Window<\/button><\/dialog>\n\n\n\n<dialog class=\"wp-block-baseul-block-dialog\" id=\"lexya\" aria-labelledby=\"dialog_lexya_label\"><button type=\"button\" class=\"close-dialog-btn corner-close\"><span class=\"screen-reader-text\">Close Window<\/span><\/button><h2 class=\"is-style-fake-h3\" id=\"dialog_lexya_label\">T\u00e9moignage de Jean-Michel Veillette et Marc-Antoine Paquet, LEXYA<\/h2>\n<p><a href=\"https:\/\/youtu.be\/2AltvgYW-KE\">https:\/\/youtu.be\/2AltvgYW-KE<\/a><\/p>\n<button type=\"button\" class=\"close-dialog-btn bottom-close\">Close Window<\/button><\/dialog>\n\n\n\n<dialog class=\"wp-block-baseul-block-dialog\" id=\"animora\" aria-labelledby=\"dialog_animora_label\"><button type=\"button\" class=\"close-dialog-btn corner-close\"><span class=\"screen-reader-text\">Close Window<\/span><\/button><h2 class=\"is-style-fake-h3\" id=\"dialog_animora_label\">T\u00e9moignage d&#8217;Andr\u00e9e-Anne Adam et Jean-Philippe C\u00f4t\u00e9, Animora<\/h2>\n<figure class=\"wp-block-embed is-type-video is-provider-youtube wp-block-embed-youtube wp-embed-aspect-16-9 wp-has-aspect-ratio\"><div class=\"wp-block-embed__wrapper\">\n<div class=\"video-wrap\"><div class=\"video-container\"><iframe loading=\"lazy\" title=\"ANIMORA Fonds Claude Lessard\" width=\"500\" height=\"281\" src=\"https:\/\/www.youtube.com\/embed\/VAL9kAd2I2U?feature=oembed\" frameborder=\"0\" allow=\"accelerometer; autoplay; clipboard-write; encrypted-media; gyroscope; picture-in-picture; web-share\" referrerpolicy=\"strict-origin-when-cross-origin\" allowfullscreen><\/iframe><\/div><\/div>\n<\/div><\/figure>\n<button type=\"button\" class=\"close-dialog-btn bottom-close\">Close Window<\/button><\/dialog>\n\n\n\n<dialog class=\"wp-block-baseul-block-dialog\" id=\"marie-philippe-benoit\" aria-labelledby=\"dialog_marie-philippe-benoit_label\"><button type=\"button\" class=\"close-dialog-btn corner-close\"><span class=\"screen-reader-text\">Close Window<\/span><\/button><h2 class=\"is-style-fake-h3\" id=\"dialog_marie-philippe-benoit_label\">T\u00e9moignage de Marie-Philippe Benoit<\/h2>\n<figure class=\"wp-block-embed is-type-video is-provider-youtube wp-block-embed-youtube wp-embed-aspect-16-9 wp-has-aspect-ratio\"><div class=\"wp-block-embed__wrapper\">\n<div class=\"video-wrap\"><div class=\"video-container\"><iframe loading=\"lazy\" title=\"Marie-Philippe Benoit, boursi\u00e8re FSA ULaval pour une session d\u2019\u00e9change au Portugal\" width=\"500\" height=\"281\" src=\"https:\/\/www.youtube.com\/embed\/-EUJRHp2Q34?feature=oembed\" frameborder=\"0\" allow=\"accelerometer; autoplay; clipboard-write; encrypted-media; gyroscope; picture-in-picture; web-share\" referrerpolicy=\"strict-origin-when-cross-origin\" allowfullscreen><\/iframe><\/div><\/div>\n<\/div><\/figure>\n<button type=\"button\" class=\"close-dialog-btn bottom-close\">Close Window<\/button><\/dialog>\n\n\n\n<dialog class=\"wp-block-baseul-block-dialog\" id=\"lea-roussy\" aria-labelledby=\"dialog_lea-roussy_label\"><button type=\"button\" class=\"close-dialog-btn corner-close\"><span class=\"screen-reader-text\">Close Window<\/span><\/button><h2 class=\"is-style-fake-h3\" id=\"dialog_lea-roussy_label\">T\u00e9moignage de L\u00e9a Roussy<\/h2>\n<figure class=\"wp-block-embed is-type-video is-provider-youtube wp-block-embed-youtube wp-embed-aspect-16-9 wp-has-aspect-ratio\"><div class=\"wp-block-embed__wrapper\">\n<div class=\"video-wrap\"><div class=\"video-container\"><iframe loading=\"lazy\" title=\"L\u2019exp\u00e9rience de L\u00e9a Roussy de FSA ULaval en session d\u2019\u00e9change en Espagne\" width=\"500\" height=\"281\" src=\"https:\/\/www.youtube.com\/embed\/Qkuu1OlJxhQ?feature=oembed\" frameborder=\"0\" allow=\"accelerometer; autoplay; clipboard-write; encrypted-media; gyroscope; picture-in-picture; web-share\" referrerpolicy=\"strict-origin-when-cross-origin\" allowfullscreen><\/iframe><\/div><\/div>\n<\/div><\/figure>\n<button type=\"button\" class=\"close-dialog-btn bottom-close\">Close Window<\/button><\/dialog>\n","protected":false},"excerpt":{"rendered":"<p>Donate for the Advancement of the Faculty Discover our 80 philanthropic funds Our philanthropic funds help support many transformative initiatives for our community. How you can donate Your donation may be tax deductible in accordance with your local regulations. What causes do you care deeply about? Donating: an inspiring gesture that leaves its mark When [&hellip;]<\/p>\n","protected":false},"author":5,"featured_media":33359,"parent":5606,"menu_order":0,"comment_status":"closed","ping_status":"closed","template":"page-notitle.php","meta":{"_acf_changed":false,"featured_image_focal_point":[],"footnotes":""},"class_list":["post-8103","page","type-page","status-publish","has-post-thumbnail","hentry"],"acf":[],"yoast_head":"<title>Donate for the Advancement of the Faculty - FSA - Universit\u00e9 Laval<\/title>\r\n<meta name=\"description\" content=\"Donate to the many funds for the ULaval FSA student community. Boost the research and innovation of the Faculty!\" \/>\r\n<meta name=\"robots\" content=\"index, follow, max-snippet:-1, max-image-preview:large, max-video-preview:-1\" \/>\r\n<link rel=\"canonical\" href=\"https:\/\/www.fsa.ulaval.ca\/en\/faculty\/donate\/\" \/>\r\n<meta property=\"og:locale\" content=\"en_US\" \/>\r\n<meta property=\"og:type\" content=\"article\" \/>\r\n<meta property=\"og:title\" content=\"Donate for the Advancement of the Faculty - FSA - Universit\u00e9 Laval\" \/>\r\n<meta property=\"og:description\" content=\"Donate to the many funds for the ULaval FSA student community. Boost the research and innovation of the Faculty!\" \/>\r\n<meta property=\"og:url\" content=\"https:\/\/www.fsa.ulaval.ca\/en\/faculty\/donate\/\" \/>\r\n<meta property=\"og:site_name\" content=\"FSA ULaval\" \/>\r\n<meta property=\"article:publisher\" content=\"https:\/\/www.facebook.com\/fsaulaval\" \/>\r\n<meta property=\"article:modified_time\" content=\"2026-03-20T13:43:16+00:00\" \/>\r\n<meta property=\"og:image\" content=\"https:\/\/www.fsa.ulaval.ca\/wp-content\/uploads\/2023\/03\/fsa-ulaval-3-rs.jpg\" \/>\r\n\t<meta property=\"og:image:width\" content=\"1200\" \/>\r\n\t<meta property=\"og:image:height\" content=\"630\" \/>\r\n\t<meta property=\"og:image:type\" content=\"image\/jpeg\" \/>\r\n<meta name=\"twitter:card\" content=\"summary_large_image\" \/>\r\n<meta name=\"twitter:title\" content=\"Donate for the Advancement of the Faculty - FSA - Universit\u00e9 Laval\" \/>\r\n<meta name=\"twitter:description\" content=\"Donate to the many funds for the ULaval FSA student community. Boost the research and innovation of the Faculty!\" \/>\r\n<meta name=\"twitter:site\" content=\"@fsaulaval\" \/>\r\n<meta name=\"twitter:label1\" content=\"Est. reading time\" \/>\n\t<meta name=\"twitter:data1\" content=\"28 minutes\" \/>\r\n<script type=\"application\/ld+json\" class=\"yoast-schema-graph\">{\"@context\":\"https:\/\/schema.org\",\"@graph\":[{\"@type\":\"WebPage\",\"@id\":\"https:\/\/www.fsa.ulaval.ca\/en\/faculty\/donate\/\",\"url\":\"https:\/\/www.fsa.ulaval.ca\/en\/faculty\/donate\/\",\"name\":\"Donate for the Advancement of the Faculty - FSA - Universit\u00e9 Laval\",\"isPartOf\":{\"@id\":\"https:\/\/www.fsa.ulaval.ca\/en\/#website\"},\"primaryImageOfPage\":{\"@id\":\"https:\/\/www.fsa.ulaval.ca\/en\/faculty\/donate\/#primaryimage\"},\"image\":{\"@id\":\"https:\/\/www.fsa.ulaval.ca\/en\/faculty\/donate\/#primaryimage\"},\"thumbnailUrl\":\"https:\/\/www.fsa.ulaval.ca\/wp-content\/uploads\/2025\/01\/donner-fsa-ulaval.jpg\",\"datePublished\":\"2022-11-01T19:46:54+00:00\",\"dateModified\":\"2026-03-20T13:43:16+00:00\",\"description\":\"Donate to the many funds for the ULaval FSA student community. Boost the research and innovation of the Faculty!\",\"breadcrumb\":{\"@id\":\"https:\/\/www.fsa.ulaval.ca\/en\/faculty\/donate\/#breadcrumb\"},\"inLanguage\":\"en-US\",\"potentialAction\":[{\"@type\":\"ReadAction\",\"target\":[\"https:\/\/www.fsa.ulaval.ca\/en\/faculty\/donate\/\"]}]},{\"@type\":\"ImageObject\",\"inLanguage\":\"en-US\",\"@id\":\"https:\/\/www.fsa.ulaval.ca\/en\/faculty\/donate\/#primaryimage\",\"url\":\"https:\/\/www.fsa.ulaval.ca\/wp-content\/uploads\/2025\/01\/donner-fsa-ulaval.jpg\",\"contentUrl\":\"https:\/\/www.fsa.ulaval.ca\/wp-content\/uploads\/2025\/01\/donner-fsa-ulaval.jpg\",\"width\":1200,\"height\":1200},{\"@type\":\"BreadcrumbList\",\"@id\":\"https:\/\/www.fsa.ulaval.ca\/en\/faculty\/donate\/#breadcrumb\",\"itemListElement\":[{\"@type\":\"ListItem\",\"position\":1,\"name\":\"Accueil\",\"item\":\"https:\/\/www.fsa.ulaval.ca\/en\/\"},{\"@type\":\"ListItem\",\"position\":2,\"name\":\"About Us\",\"item\":\"https:\/\/www.fsa.ulaval.ca\/en\/faculty\/\"},{\"@type\":\"ListItem\",\"position\":3,\"name\":\"Donate for the Advancement of the Faculty\"}]},{\"@type\":\"WebSite\",\"@id\":\"https:\/\/www.fsa.ulaval.ca\/en\/#website\",\"url\":\"https:\/\/www.fsa.ulaval.ca\/en\/\",\"name\":\"FSA ULaval\",\"description\":\"FSA ULaval\",\"publisher\":{\"@id\":\"https:\/\/www.fsa.ulaval.ca\/en\/#organization\"},\"potentialAction\":[{\"@type\":\"SearchAction\",\"target\":{\"@type\":\"EntryPoint\",\"urlTemplate\":\"https:\/\/www.fsa.ulaval.ca\/en\/?s={search_term_string}\"},\"query-input\":{\"@type\":\"PropertyValueSpecification\",\"valueRequired\":true,\"valueName\":\"search_term_string\"}}],\"inLanguage\":\"en-US\"},{\"@type\":\"Organization\",\"@id\":\"https:\/\/www.fsa.ulaval.ca\/en\/#organization\",\"name\":\"FSA ULaval\",\"alternateName\":\"FSA ULaval\",\"url\":\"https:\/\/www.fsa.ulaval.ca\/en\/\",\"logo\":{\"@type\":\"ImageObject\",\"inLanguage\":\"en-US\",\"@id\":\"https:\/\/www.fsa.ulaval.ca\/en\/#\/schema\/logo\/image\/\",\"url\":\"https:\/\/www.fsa.ulaval.ca\/wp-content\/uploads\/2023\/03\/logo_facultaire.jpg\",\"contentUrl\":\"https:\/\/www.fsa.ulaval.ca\/wp-content\/uploads\/2023\/03\/logo_facultaire.jpg\",\"width\":200,\"height\":200,\"caption\":\"FSA ULaval\"},\"image\":{\"@id\":\"https:\/\/www.fsa.ulaval.ca\/en\/#\/schema\/logo\/image\/\"},\"sameAs\":[\"https:\/\/www.facebook.com\/fsaulaval\",\"https:\/\/x.com\/fsaulaval\",\"https:\/\/ca.linkedin.com\/company\/fsaulaval\",\"https:\/\/www.instagram.com\/fsaulaval\/\"]}]}<\/script>","yoast_head_json":{"title":"Donate for the Advancement of the Faculty - FSA - Universit\u00e9 Laval","description":"Donate to the many funds for the ULaval FSA student community. Boost the research and innovation of the Faculty!","robots":{"index":"index","follow":"follow","max-snippet":"max-snippet:-1","max-image-preview":"max-image-preview:large","max-video-preview":"max-video-preview:-1"},"canonical":"https:\/\/www.fsa.ulaval.ca\/en\/faculty\/donate\/","og_locale":"en_US","og_type":"article","og_title":"Donate for the Advancement of the Faculty - FSA - Universit\u00e9 Laval","og_description":"Donate to the many funds for the ULaval FSA student community. Boost the research and innovation of the Faculty!","og_url":"https:\/\/www.fsa.ulaval.ca\/en\/faculty\/donate\/","og_site_name":"FSA ULaval","article_publisher":"https:\/\/www.facebook.com\/fsaulaval","article_modified_time":"2026-03-20T13:43:16+00:00","og_image":[{"width":1200,"height":630,"url":"https:\/\/www.fsa.ulaval.ca\/wp-content\/uploads\/2023\/03\/fsa-ulaval-3-rs.jpg","type":"image\/jpeg"}],"twitter_card":"summary_large_image","twitter_title":"Donate for the Advancement of the Faculty - FSA - Universit\u00e9 Laval","twitter_description":"Donate to the many funds for the ULaval FSA student community. Boost the research and innovation of the Faculty!","twitter_site":"@fsaulaval","twitter_misc":{"Est. reading time":"28 minutes"},"schema":{"@context":"https:\/\/schema.org","@graph":[{"@type":"WebPage","@id":"https:\/\/www.fsa.ulaval.ca\/en\/faculty\/donate\/","url":"https:\/\/www.fsa.ulaval.ca\/en\/faculty\/donate\/","name":"Donate for the Advancement of the Faculty - FSA - Universit\u00e9 Laval","isPartOf":{"@id":"https:\/\/www.fsa.ulaval.ca\/en\/#website"},"primaryImageOfPage":{"@id":"https:\/\/www.fsa.ulaval.ca\/en\/faculty\/donate\/#primaryimage"},"image":{"@id":"https:\/\/www.fsa.ulaval.ca\/en\/faculty\/donate\/#primaryimage"},"thumbnailUrl":"https:\/\/www.fsa.ulaval.ca\/wp-content\/uploads\/2025\/01\/donner-fsa-ulaval.jpg","datePublished":"2022-11-01T19:46:54+00:00","dateModified":"2026-03-20T13:43:16+00:00","description":"Donate to the many funds for the ULaval FSA student community. Boost the research and innovation of the Faculty!","breadcrumb":{"@id":"https:\/\/www.fsa.ulaval.ca\/en\/faculty\/donate\/#breadcrumb"},"inLanguage":"en-US","potentialAction":[{"@type":"ReadAction","target":["https:\/\/www.fsa.ulaval.ca\/en\/faculty\/donate\/"]}]},{"@type":"ImageObject","inLanguage":"en-US","@id":"https:\/\/www.fsa.ulaval.ca\/en\/faculty\/donate\/#primaryimage","url":"https:\/\/www.fsa.ulaval.ca\/wp-content\/uploads\/2025\/01\/donner-fsa-ulaval.jpg","contentUrl":"https:\/\/www.fsa.ulaval.ca\/wp-content\/uploads\/2025\/01\/donner-fsa-ulaval.jpg","width":1200,"height":1200},{"@type":"BreadcrumbList","@id":"https:\/\/www.fsa.ulaval.ca\/en\/faculty\/donate\/#breadcrumb","itemListElement":[{"@type":"ListItem","position":1,"name":"Accueil","item":"https:\/\/www.fsa.ulaval.ca\/en\/"},{"@type":"ListItem","position":2,"name":"About Us","item":"https:\/\/www.fsa.ulaval.ca\/en\/faculty\/"},{"@type":"ListItem","position":3,"name":"Donate for the Advancement of the Faculty"}]},{"@type":"WebSite","@id":"https:\/\/www.fsa.ulaval.ca\/en\/#website","url":"https:\/\/www.fsa.ulaval.ca\/en\/","name":"FSA ULaval","description":"FSA ULaval","publisher":{"@id":"https:\/\/www.fsa.ulaval.ca\/en\/#organization"},"potentialAction":[{"@type":"SearchAction","target":{"@type":"EntryPoint","urlTemplate":"https:\/\/www.fsa.ulaval.ca\/en\/?s={search_term_string}"},"query-input":{"@type":"PropertyValueSpecification","valueRequired":true,"valueName":"search_term_string"}}],"inLanguage":"en-US"},{"@type":"Organization","@id":"https:\/\/www.fsa.ulaval.ca\/en\/#organization","name":"FSA ULaval","alternateName":"FSA ULaval","url":"https:\/\/www.fsa.ulaval.ca\/en\/","logo":{"@type":"ImageObject","inLanguage":"en-US","@id":"https:\/\/www.fsa.ulaval.ca\/en\/#\/schema\/logo\/image\/","url":"https:\/\/www.fsa.ulaval.ca\/wp-content\/uploads\/2023\/03\/logo_facultaire.jpg","contentUrl":"https:\/\/www.fsa.ulaval.ca\/wp-content\/uploads\/2023\/03\/logo_facultaire.jpg","width":200,"height":200,"caption":"FSA ULaval"},"image":{"@id":"https:\/\/www.fsa.ulaval.ca\/en\/#\/schema\/logo\/image\/"},"sameAs":["https:\/\/www.facebook.com\/fsaulaval","https:\/\/x.com\/fsaulaval","https:\/\/ca.linkedin.com\/company\/fsaulaval","https:\/\/www.instagram.com\/fsaulaval\/"]}]}},"_links":{"self":[{"href":"https:\/\/www.fsa.ulaval.ca\/en\/wp-json\/wp\/v2\/pages\/8103","targetHints":{"allow":["GET"]}}],"collection":[{"href":"https:\/\/www.fsa.ulaval.ca\/en\/wp-json\/wp\/v2\/pages"}],"about":[{"href":"https:\/\/www.fsa.ulaval.ca\/en\/wp-json\/wp\/v2\/types\/page"}],"author":[{"embeddable":true,"href":"https:\/\/www.fsa.ulaval.ca\/en\/wp-json\/wp\/v2\/users\/5"}],"replies":[{"embeddable":true,"href":"https:\/\/www.fsa.ulaval.ca\/en\/wp-json\/wp\/v2\/comments?post=8103"}],"version-history":[{"count":9,"href":"https:\/\/www.fsa.ulaval.ca\/en\/wp-json\/wp\/v2\/pages\/8103\/revisions"}],"predecessor-version":[{"id":42456,"href":"https:\/\/www.fsa.ulaval.ca\/en\/wp-json\/wp\/v2\/pages\/8103\/revisions\/42456"}],"up":[{"embeddable":true,"href":"https:\/\/www.fsa.ulaval.ca\/en\/wp-json\/wp\/v2\/pages\/5606"}],"wp:featuredmedia":[{"embeddable":true,"href":"https:\/\/www.fsa.ulaval.ca\/en\/wp-json\/wp\/v2\/media\/33359"}],"wp:attachment":[{"href":"https:\/\/www.fsa.ulaval.ca\/en\/wp-json\/wp\/v2\/media?parent=8103"}],"curies":[{"name":"wp","href":"https:\/\/api.w.org\/{rel}","templated":true}]}}